{"id":47047,"guid":{"rendered":"https:\/\/graf.cat\/?post_type=event&#038;p=47047"},"modified":"2025-04-11T13:10:04","modified_gmt":"2025-04-11T11:10:04","slug":"portes-obertes-ruta-da-cobert-a-cal-gras","status":"publish","type":"event","link":"https:\/\/graf.cat\/es\/events\/event\/portes-obertes-ruta-da-cobert-a-cal-gras\/","title":{"rendered":"Portes obertes: Ruta d&#8217;a cobert a Cal Gras"},"content":{"rendered":"","protected":false},"excerpt":{"rendered":"","protected":false},"author":153,"featured_media":47048,"template":"","meta":{"_acf_changed":false,"_monsterinsights_skip_tracking":false,"_monsterinsights_sitenote_active":false,"_monsterinsights_sitenote_note":"","_monsterinsights_sitenote_category":0},"event-venues":[811],"event-tags":[],"class_list":["post-47047","event","type-event","status-publish","has-post-thumbnail","hentry","event-venue-sala-dexposicions-el-casal","event-category-altres"],"acf":{"title_ca":"Portes obertes: Ruta d'a cobert a Cal Gras","title_es":"Portes obertes: Ruta de a cobert a Cal Gras","title_en":"Portes obertes: Ruta d'a cobert a Cal Gras","desc_ca":"Enguany, proposem una ruta per con\u00e8ixer dos espais dedicats a la creaci\u00f3 i la investigaci\u00f3 art\u00edstica al territori: a cobert i Cal Gras.\r\n\r\n<b>a cobert | Espai de pensament cr\u00edtic i creaci\u00f3 art\u00edstica<\/b> (Moi\u00e0) \u00e9s un espai d'introspecci\u00f3, debat, creaci\u00f3 i acolliment situat al poble de Moi\u00e0. Disposa de dues sales, una dedicada a formacions, xerrades i com a taller per a artistes residents i l'altra per a exposicions de petit format.\r\n\r\nEn aquesta ocasi\u00f3, la jornada coincideix amb la inauguraci\u00f3 de l'exposici\u00f3\u00a0<em>Un paisatge ja ple<\/em>. Comissariada per Iris Verge Ferrer, aquesta exposici\u00f3 s'emmarca dins la resid\u00e8ncia art\u00edstica Curadories de la Terra d'a cobert. Durant la inauguraci\u00f3, que tindr\u00e0 lloc d'<b>11 a 12 h<\/b>, es presentar\u00e0 el resultat d'aquesta recerca curatorial en format expositiu i s'obrir\u00e0 un espai de trobada i reflexi\u00f3 sobre les relacions entre art, territori i comissariat.\r\n\r\n<b>Cal Gras Resid\u00e8ncia d'Artistes\u00a0<\/b>(Aviny\u00f3) \u00e9s una resid\u00e8ncia de producci\u00f3 art\u00edstica que tamb\u00e9 funciona com a alberg obert a totes les persones que vulguin gaudir de tranquil\u00b7litat i conviv\u00e8ncia en un entorn de creaci\u00f3. De <b>16 a 18 h<\/b> hi haur\u00e0 una presentaci\u00f3 de l'espai i visita guiada per con\u00e8ixer el projecte de Cal Gras i, en acabar, es podr\u00e0 gaudir d'una mostra d'un dels projectes en resid\u00e8ncia.\r\n\r\n___\r\nEls membres de <b>Xarxaprod<\/b> s\u00f3n espais que donen suport a la creaci\u00f3 i producci\u00f3 art\u00edstica, a trav\u00e9s de programes de resid\u00e8ncies i altres iniciatives per a millorar la professionalitzaci\u00f3 del sector. Aquesta tasca sovint no \u00e9s visible al p\u00fablic general, per aquest motiu, Xarxaprod impulsa el projecte de <b>Portes Obertes<\/b>. Una programaci\u00f3 anual d\u2019activitats de difusi\u00f3, dinamitzades per les persones responsables de cada equipament, amb l\u2019objectiu \u00e9s donar a con\u00e8ixer la feina, la hist\u00f2ria i el funcionament dels espais de creaci\u00f3 i producci\u00f3 de Catalunya.","desc_es":"<p class=\"\" data-start=\"0\" data-end=\"147\">Este a\u00f1o, proponemos una ruta para conocer dos espacios dedicados a la creaci\u00f3n y la investigaci\u00f3n art\u00edstica en el territorio: a cobert y Cal Gras.<\/p>\r\n<p class=\"\" data-start=\"149\" data-end=\"455\"><b>a cobert | Espacio de pensamiento cr\u00edtico y creaci\u00f3n art\u00edstica <\/b>(Moi\u00e0) es un lugar de introspecci\u00f3n, debate, creaci\u00f3n y acogida situado en el pueblo de Moi\u00e0. Dispone de dos salas: una dedicada a formaciones, charlas y como taller para artistas residentes, y la otra para exposiciones de peque\u00f1o formato.<\/p>\r\n<p class=\"\" data-start=\"457\" data-end=\"933\">En esta ocasi\u00f3n, la jornada coincide con la inauguraci\u00f3n de la exposici\u00f3n <em data-start=\"531\" data-end=\"552\">Un paisaje ya lleno<\/em>. Comisariada por Iris Verge Ferrer, esta exposici\u00f3n se enmarca dentro de la residencia art\u00edstica <em data-start=\"650\" data-end=\"675\">Curadur\u00edas de la Tierra<\/em> de a cobert. Durante la inauguraci\u00f3n, que tendr\u00e1 lugar <b>de 11 a 12h<\/b>, se presentar\u00e1 el resultado de esta investigaci\u00f3n curatorial en formato expositivo y se abrir\u00e1 un espacio de encuentro y reflexi\u00f3n sobre las relaciones entre arte, territorio y comisariado.<\/p>\r\n<p class=\"\" data-start=\"935\" data-end=\"1359\"><b>Cal Gras Residencia de Artistas<\/b> (Aviny\u00f3) es una residencia de producci\u00f3n art\u00edstica que tambi\u00e9n funciona como albergue, abierto a todas las personas que deseen disfrutar de tranquilidad y convivencia en un entorno de creaci\u00f3n. De <b>16 a 18h<\/b> habr\u00e1 una presentaci\u00f3n del espacio y una visita guiada para conocer el proyecto de Cal Gras y, al finalizar, se podr\u00e1 disfrutar de una muestra de uno de los proyectos en residencia.<\/p>\r\n<p data-start=\"935\" data-end=\"1359\">___\r\nLos miembros de <b>Xarxaprod<\/b> son espacios que dan soporte a la creaci\u00f3n y producci\u00f3n art\u00edstica, a trav\u00e9s de programas de residencia y otras iniciativas para mejorar la profesionalizaci\u00f3n del sector. Esta tarea a menudo no es visible al p\u00fablico general, por este motivo, Xarxaprod impulsa el proyecto <b>Puertas Abiertas<\/b>. Una programaci\u00f3n anual de actividades de difusi\u00f3n, dinamizadas por las personas responsables de cada equipamiento, con el objetivo de dar a conocer el trabajo, la historia y el funcionamiento de los espacios de creaci\u00f3n y producci\u00f3n de Catalu\u00f1a.<\/p>","desc_en":"This content is not available in English.\r\nYou can consult it in Catalan or Spanish.","event_category":191,"event_show_only_own_date":true,"_event_confirmed":true,"_event_public":true,"_event_free":true,"_event_price-min":"","_event_price-max":"","_event_web_ca":"https:\/\/xarxaprod.cat\/general\/portes-obertes-ruta-da-cobert-a-cal-gras-residencia-dartistes\/","_event_web_es":"","_event_web_en":"","event_contact_email":"","event_apply_email":"","is_online_event":false,"is_art_nou_event":false,"is_bgw_event":false,"date_text":"","register_deadline":null,"altres_organitzadors":""},"abe_event_venue":"Sala d'Exposicions El Casal","abe_event_category":"Altres","start":"2025-05-03 11:00:00","end":"2025-05-03 18:00:00","schedule":"once","schedule_meta":"","frequency":1,"all_day":0,"until":"2025-05-03 11:00:00","include":[],"exclude":[],"_links":{"self":[{"href":"https:\/\/graf.cat\/es\/wp-json\/wp\/v2\/events\/47047","targetHints":{"allow":["GET"]}}],"collection":[{"href":"https:\/\/graf.cat\/es\/wp-json\/wp\/v2\/events"}],"about":[{"href":"https:\/\/graf.cat\/es\/wp-json\/wp\/v2\/types\/event"}],"author":[{"embeddable":true,"href":"https:\/\/graf.cat\/es\/wp-json\/wp\/v2\/users\/153"}],"occurrences":[{"embeddable":true,"href":"https:\/\/graf.cat\/es\/wp-json\/wp\/v2\/events\/47047\/occurrences"}],"acf:term":[{"embeddable":true,"taxonomy":"event-category","href":"https:\/\/graf.cat\/es\/wp-json\/wp\/v2\/event-category\/191"}],"wp:featuredmedia":[{"embeddable":true,"href":"https:\/\/graf.cat\/es\/wp-json\/wp\/v2\/media\/47048"}],"wp:attachment":[{"href":"https:\/\/graf.cat\/es\/wp-json\/wp\/v2\/media?parent=47047"}],"wp:term":[{"taxonomy":"event-venue","embeddable":true,"href":"https:\/\/graf.cat\/es\/wp-json\/wp\/v2\/event-venues?post=47047"},{"taxonomy":"event-tag","embeddable":true,"href":"https:\/\/graf.cat\/es\/wp-json\/wp\/v2\/event-tags?post=47047"}],"curies":[{"name":"wp","href":"https:\/\/api.w.org\/{rel}","templated":true}]}}