{"id":47354,"guid":{"rendered":"https:\/\/graf.cat\/?post_type=event&#038;p=47354"},"modified":"2025-04-22T10:53:52","modified_gmt":"2025-04-22T08:53:52","slug":"zona-intrusa-18_el-problema-es-la-pintura-2","status":"publish","type":"event","link":"https:\/\/graf.cat\/es\/events\/event\/zona-intrusa-18_el-problema-es-la-pintura-2\/","title":{"rendered":"Zona intrusa 18_El problema \u00e9s la pintura #2"},"content":{"rendered":"","protected":false},"excerpt":{"rendered":"","protected":false},"author":159,"featured_media":47355,"template":"","meta":{"_acf_changed":false,"_monsterinsights_skip_tracking":false,"_monsterinsights_sitenote_active":false,"_monsterinsights_sitenote_note":"","_monsterinsights_sitenote_category":0},"event-venues":[635],"event-tags":[],"class_list":["post-47354","event","type-event","status-publish","has-post-thumbnail","hentry","event-venue-mac-preso","event-category-exposicio"],"acf":{"title_ca":"Zona intrusa 18_El problema \u00e9s la pintura #2","title_es":"Zona intrusa 18_El problema es la pintura #2","title_en":"Zona intrusa 18_The problem is the paint #2","desc_ca":"<strong>Zona intrusa<\/strong> \u00e9s un projecte art\u00edstic i educatiu, iniciativa i producci\u00f3 del M|A|C (Matar\u00f3 Art Contemporani), adre\u00e7at als centres d\u2019educaci\u00f3 secund\u00e0ria i batxillerat de Matar\u00f3, que cerca apropar-hi l\u2019art contemporani amb l\u2019objectiu de produir un espai cr\u00edtic de coneixement i experimentaci\u00f3.\r\n\r\n<strong>El projecte Zona intrusa 18\r\n<\/strong>L\u2019artista i comissari Mart\u00ed Anson reprendr\u00e0 en aquesta divuitena edici\u00f3 de Zona Intrusa l\u2019argument de l\u2019edici\u00f3 anterior \u201cEl problema \u00e9s la pintura\u201d. Aix\u00ed, donar\u00e0 continu\u00eftat, a trav\u00e9s de les propostes dels cinc artistes convidats, a la idea de joc com a exercici primordial de la itiner\u00e0ncia. En els tallers s\u2019abordar\u00e0 la pr\u00e0ctica art\u00edstica des de la premissa que la creaci\u00f3 ha de ser, sobretot, un espai alliberador enfocat en el proc\u00e9s creatiu, l\u2019experimentaci\u00f3 i l\u2019acci\u00f3 improvisada, i no una eina d\u2019instrucci\u00f3 \u00fanicament orientada a la formalitzaci\u00f3 d\u2019una obra d\u2019art.\r\nPodeu veure el contingut del projecte educatiu <a href=\"https:\/\/www.mataroartcontemporani.cat\/seccio\/el-projecte-4\/\">aqu\u00ed<\/a>\r\n\r\n<strong>Artistes i instituts<\/strong>\r\nEls artistes col\u00b7laboradors i els instituts participants en aquesta edici\u00f3 han estat:\r\n<strong>Estel Boada<\/strong>\r\n<strong>Jaume Clotet<\/strong>\r\n<strong>Neus Masdeu<\/strong>\r\n<strong>Tere Recarens<\/strong>\r\n<strong>Xavier Aball\u00ed<\/strong>\r\n\r\nEscola Freta | Gemma Sanz\r\nEscola Pia Santa Anna | Cristina Ib\u00e1\u00f1ez-Tarter\r\nEscola Salesians |\u00a0 Montse Mora\r\nInstitut Alexandre Satorras | Merc\u00e8 Espiell\r\nInstitut Escola \u00c0ngela Bransuela | N\u00faria Hurtado\r\nInstitut Josep Puig i Cadafalch | Rosabel Aldabo\r\nInstitut Laia l\u2019Arquera | Judit Gar\u00ed\r\nInstitut Miquel Biada | Isaura Fit\u00e9\r\nInstitut Thos i Codina | Marina Pineda\r\n\r\nTota aquesta experi\u00e8ncia ha estat traslladada en una exposici\u00f3 a la sala 4 del M|A|C Pres\u00f3, en una proposta conjunta en el disseny de l\u2019espai ideada per <strong>Mart\u00ed Anson<\/strong> i l\u2019alumnat, i el resultat de tot el proc\u00e9s, enregistrat pel cineasta <strong>Carlos Essmann<\/strong>.","desc_es":"<pre class=\"western\"><span style=\"font-family: Arial, sans-serif\"><span style=\"font-size: small\"><strong>Zona intrusa<\/strong> es un proyecto art\u00edstico y educativo, <\/span><\/span>\r\niniciativa y producci\u00f3n del M|A|C (Matar\u00f3 Art Contemporani), \r\ndirigido a los centros de educaci\u00f3n secundaria y bachillerato \r\nde Matar\u00f3, que busca acercar el arte contempor\u00e1neo con el \r\nobjetivo de producir un espacio cr\u00edtico de conocimiento y \r\nexperimentaci\u00f3n.\r\n<strong>El proyecto: Zona intrusa 18<\/strong>\r\nEl artista y comisario Mart\u00ed Anson reanudar\u00e1 en esta decimoctava \r\nedici\u00f3n de Zona Intrusa el argumento de la edici\u00f3n anterior \r\n\u201cEl problema es la pintura\u201d. As\u00ed, dar\u00e1 continuidad a trav\u00e9s de las \r\npropuestas de los cinco artistas invitados a la idea de juego como \r\nejercicio primordial de la itinerancia. En los talleres se abordar\u00e1 la \r\npr\u00e1ctica art\u00edstica desde la premisa de que la creaci\u00f3n debe ser, \r\nsobre todo, un espacio liberador enfocado en el proceso creativo, \r\nla experimentaci\u00f3n y la acci\u00f3n improvisada, y no una herramienta \r\nde instrucci\u00f3n \u00fanicamente orientada a la formalizaci\u00f3n de una obra de arte.<\/pre>\r\n<a name=\"tw-target-text Copia 2\"><\/a> <strong>\u00a0Artistas e institutos<\/strong>\r\nLos artistas colaboradores y los institutos participantes en esta edici\u00f3n han sido:\r\n<strong>Estrella Boada <\/strong>\r\n<strong>Jaume Clotet <\/strong>\r\n<strong>Nieves Masdeu <\/strong>\r\n<strong>Tere Recarens <\/strong>\r\n<strong>Xavier Aball\u00ed<\/strong>\r\n\r\nEscuela Freta | Gemma Sanz Escuela P\u00eda Santa Anna | Cristina Ib\u00e1\u00f1ez-Tarter\r\nEscuela Salesianos | Montse Mora Instituto Alexandre Satorras | Merc\u00e8 Espiell\r\nInstituto Escuela \u00c1ngela Bransuela | N\u00faria Hurtado\r\nInstituto Josep Puig i Cadafalch | Rosabel Aldabo\r\nInstituto Laia l'Arquera | Judit Gar\u00ed Instituto Miquel Biada | Isaura Fit\u00e9 Instituto Thos y Codina | Marina Pineda\r\n\r\nToda esta experiencia ha sido trasladada en una exposici\u00f3n en la sala 4 del M|A|C Pris\u00f3n, en una propuesta conjunta en el dise\u00f1o del espacio ideada por <strong>Mart\u00ed Anson<\/strong> y el alumnado, y el resultado de todo el proceso, grabado por el cineasta <strong>Carlos Essmann<\/strong>.\r\n<pre class=\"western\"><\/pre>","desc_en":"<span class=\"Y2IQFc\" lang=\"en\"><strong>Zona intrusa<\/strong> is an artistic and\r\neducational project, an initiative\r\nand production of M|A|C (Matar\u00f3\r\nArt Contemporani), aimed at\r\nsecondary and high school\r\neducation centers in Matar\u00f3,\r\nwhich seeks to bring contemporary\r\nart closer to them with the aim\r\nof producing a critical space of\r\nknowledge and experimentation.<\/span>\r\n\r\n<strong>The Zona intrusa 18 project<\/strong>\r\nIn this eighteenth edition of Zona Intrusa, the artist and curator Mart\u00ed Anson will take up the argument of the previous edition \u201cThe problem is painting\u201d. Thus, through the proposals of the five invited artists, he will give continuity to the idea of \u200b\u200bplay as a primary exercise of itinerancy. The workshops will address artistic practice from the premise that creation must be, above all, a liberating space focused on the creative process, experimentation and improvised action, and not an instructional tool solely oriented towards the formalization of a work of art.\r\n\r\n<strong>Artists and institutes<\/strong>\r\nThe collaborating artists and institutes participating in this edition have been:\r\n<strong>Estel Boada<\/strong>\r\n<strong>Jaume Clotet<\/strong>\r\n<strong>Neus Masdeu<\/strong>\r\n<strong>Tere Recarens<\/strong>\r\n<strong>Xavier Aball\u00ed<\/strong>\r\n\r\nEscola Freta | Gemma Sanz\r\nEscola Pia Santa Anna | Cristina Ib\u00e1\u00f1ez-Tarter\r\nEscola Salesians | Montse Mora\r\nInstitut Alexandre Satorras | Merc\u00e8 Espiell\r\nInstitut Escola \u00c0ngela Bransuela | N\u00faria Hurtado\r\nInstitut Josep Puig i Cadafalch | Rosabel Aldabo\r\nInstitut Laia l\u2019Arquera | Judit Gar\u00ed\r\nInstitut Miquel Biada | Isaura Fit\u00e9\r\nInstitut Thos i Codina | Marina Pineda\r\n\r\nAll this experience has been transferred to an exhibition in room 4 of the M|A|C Pres\u00f3, in a joint proposal in the design of the space devised by <strong>Mart\u00ed Anson<\/strong> and the students, and the result of the entire process, recorded by filmmaker <strong>Carlos Essmann<\/strong>.","event_category":103,"event_show_only_own_date":false,"_event_confirmed":true,"_event_public":true,"_event_free":true,"_event_price-min":"","_event_price-max":"","_event_web_ca":"https:\/\/www.mataroartcontemporani.cat\/posts_exposicions\/zona-intrusa-18_-el-problema-es-la-pintura-2\/","_event_web_es":"","_event_web_en":"","event_contact_email":"","event_apply_email":"","is_online_event":false,"is_art_nou_event":false,"is_bgw_event":false,"date_text":"","register_deadline":null,"altres_organitzadors":""},"abe_event_venue":"M|A|C Pres\u00f3","abe_event_category":"Exposici\u00f3","start":"2025-05-23 00:00:00","end":"2025-09-07 23:59:00","schedule":"once","schedule_meta":"","frequency":1,"all_day":1,"until":"2025-05-23 00:00:00","include":[],"exclude":[],"_links":{"self":[{"href":"https:\/\/graf.cat\/es\/wp-json\/wp\/v2\/events\/47354","targetHints":{"allow":["GET"]}}],"collection":[{"href":"https:\/\/graf.cat\/es\/wp-json\/wp\/v2\/events"}],"about":[{"href":"https:\/\/graf.cat\/es\/wp-json\/wp\/v2\/types\/event"}],"author":[{"embeddable":true,"href":"https:\/\/graf.cat\/es\/wp-json\/wp\/v2\/users\/159"}],"occurrences":[{"embeddable":true,"href":"https:\/\/graf.cat\/es\/wp-json\/wp\/v2\/events\/47354\/occurrences"}],"acf:term":[{"embeddable":true,"taxonomy":"event-category","href":"https:\/\/graf.cat\/es\/wp-json\/wp\/v2\/event-category\/103"}],"wp:featuredmedia":[{"embeddable":true,"href":"https:\/\/graf.cat\/es\/wp-json\/wp\/v2\/media\/47355"}],"wp:attachment":[{"href":"https:\/\/graf.cat\/es\/wp-json\/wp\/v2\/media?parent=47354"}],"wp:term":[{"taxonomy":"event-venue","embeddable":true,"href":"https:\/\/graf.cat\/es\/wp-json\/wp\/v2\/event-venues?post=47354"},{"taxonomy":"event-tag","embeddable":true,"href":"https:\/\/graf.cat\/es\/wp-json\/wp\/v2\/event-tags?post=47354"}],"curies":[{"name":"wp","href":"https:\/\/api.w.org\/{rel}","templated":true}]}}