{"id":47820,"guid":{"rendered":"https:\/\/graf.cat\/?post_type=event&#038;p=47820"},"modified":"2025-04-30T10:45:56","modified_gmt":"2025-04-30T08:45:56","slug":"estrena-del-tribut-dalbert-serra-a-antoni-tapies","status":"publish","type":"event","link":"https:\/\/graf.cat\/es\/events\/event\/estrena-del-tribut-dalbert-serra-a-antoni-tapies\/","title":{"rendered":"Estrena del tribut d\u2019Albert Serra a Antoni T\u00e0pies"},"content":{"rendered":"","protected":false},"excerpt":{"rendered":"","protected":false},"author":8,"featured_media":47821,"template":"","meta":{"_acf_changed":false,"_monsterinsights_skip_tracking":false,"_monsterinsights_sitenote_active":false,"_monsterinsights_sitenote_note":"","_monsterinsights_sitenote_category":0},"event-venues":[437],"event-tags":[],"class_list":["post-47820","event","type-event","status-publish","has-post-thumbnail","hentry","event-venue-filmoteca-de-catalunya","event-category-altres"],"acf":{"title_ca":"Estrena del tribut d\u2019Albert Serra a Antoni T\u00e0pies","title_es":"Estreno del tributo de Albert Serra a Antoni T\u00e0pies","title_en":"Premiere of Albert Serra\u2019s tribute to Antoni T\u00e0pies","desc_ca":"El Museu T\u00e0pies presenta el tribut que el director de cinema, productor i guionista Albert Serra (Banyoles, 1975) ha dedicat a l\u2019artista Antoni T\u00e0pies.\r\n\r\nLa proposta s\u2019endinsa en un dels aspectes m\u00e9s emotius i sorprenents de l\u2019univers de l\u2019artista, explorant-lo des de la mirada singular i provocadora de Serra. La pel\u00b7l\u00edcula \u00e9s el resultat de la invitaci\u00f3 que el museu va fer al director per fer una aproximaci\u00f3 lliure, contempor\u00e0nia i profundament personal a l\u2019obra i al pensament tapians. El film no pret\u00e9n il\u00b7lustrar, sin\u00f3 evocar; generar una experi\u00e8ncia sensorial que dialogui amb la for\u00e7a po\u00e8tica i mat\u00e8rica que en defineix la traject\u00f2ria art\u00edstica.\r\n\r\nEl 8 de maig a les 20 h es projectar\u00e0 p\u00fablicament a la Filmoteca de Catalunya, en una sessi\u00f3 que comptar\u00e0 amb la participaci\u00f3 d\u2019Albert Serra i d\u2019Imma Prieto, directora del Museu T\u00e0pies.","desc_es":"<p dir=\"ltr\">El Museu T\u00e0pies presenta el tributo que el director de cine, productor y guionista Albert Serra (Banyoles, 1975) ha dedicado al artista Antoni T\u00e0pies.<\/p>\r\n<p dir=\"ltr\">La propuesta se adentra en uno de los aspectos m\u00e1s emotivos y sorprendentes del universo del artista, explor\u00e1ndolo desde la mirada singular y provocadora de Serra. La pel\u00edcula es el resultado de la invitaci\u00f3n que el museo hizo al director para realizar una aproximaci\u00f3n libre, contempor\u00e1nea y profundamente personal a la obra y al pensamiento tapianos. El filme no pretende ilustrar, sino evocar; generar una experiencia sensorial que dialogue con la fuerza po\u00e9tica y mat\u00e9rica que define su trayectoria art\u00edstica.<\/p>\r\n<p dir=\"ltr\">El 8 de mayo a las 20 h se proyectar\u00e1 p\u00fablicamente en la Filmoteca de Catalu\u00f1a, en una sesi\u00f3n que contar\u00e1 con la participaci\u00f3n de Albert Serra y de Imma Prieto, directora del Museu T\u00e0pies.<\/p>","desc_en":"<p dir=\"ltr\">The Museu T\u00e0pies presents the tribute that the film director, producer and screenwriter Albert Serra (Banyoles, 1975) has dedicated to the artist Antoni T\u00e0pies.<\/p>\r\n<p dir=\"ltr\">The proposal delves into one of the most emotional and surprising aspects of the artist\u2019s universe, exploring it from Serra\u2019s singular and provocative perspective. The film is the result of the museum\u2019s invitation to the director to make a free, contemporary and deeply personal approach to T\u00e0pies\u2019 work and thought. The film does not aim to illustrate, but to evoke; generate a sensory experience that dialogues with the poetic and material force that defines his artistic career.<\/p>\r\n<p dir=\"ltr\">On May 8, at 8 p.m., the film will be publicly screened at the Filmoteca de Catalunya, in a session that will feature the participation of Albert Serra and Imma Prieto, director of the Museu T\u00e0pies.<\/p>","event_category":191,"event_show_only_own_date":true,"_event_confirmed":true,"_event_public":true,"_event_free":true,"_event_price-min":"","_event_price-max":"","_event_web_ca":"https:\/\/museutapies.org\/event\/tribut-albert-serra-a-antoni-tapies\/","_event_web_es":"https:\/\/museutapies.org\/es\/event\/estreno-del-tributo-de-albert-serra-a-antoni-tapies\/","_event_web_en":"https:\/\/museutapies.org\/en\/event\/premiere-of-albert-serras-tribute-to-antoni-tapies\/","event_contact_email":"","event_apply_email":"","is_online_event":false,"is_art_nou_event":false,"is_bgw_event":false,"date_text":"","register_deadline":null,"altres_organitzadors":""},"abe_event_venue":"Filmoteca de Catalunya","abe_event_category":"Altres","start":"2025-05-08 20:00:00","end":"2025-05-08 22:00:00","schedule":"once","schedule_meta":"","frequency":1,"all_day":0,"until":"2025-05-08 20:00:00","include":[],"exclude":[],"_links":{"self":[{"href":"https:\/\/graf.cat\/es\/wp-json\/wp\/v2\/events\/47820","targetHints":{"allow":["GET"]}}],"collection":[{"href":"https:\/\/graf.cat\/es\/wp-json\/wp\/v2\/events"}],"about":[{"href":"https:\/\/graf.cat\/es\/wp-json\/wp\/v2\/types\/event"}],"author":[{"embeddable":true,"href":"https:\/\/graf.cat\/es\/wp-json\/wp\/v2\/users\/8"}],"occurrences":[{"embeddable":true,"href":"https:\/\/graf.cat\/es\/wp-json\/wp\/v2\/events\/47820\/occurrences"}],"acf:term":[{"embeddable":true,"taxonomy":"event-category","href":"https:\/\/graf.cat\/es\/wp-json\/wp\/v2\/event-category\/191"}],"wp:featuredmedia":[{"embeddable":true,"href":"https:\/\/graf.cat\/es\/wp-json\/wp\/v2\/media\/47821"}],"wp:attachment":[{"href":"https:\/\/graf.cat\/es\/wp-json\/wp\/v2\/media?parent=47820"}],"wp:term":[{"taxonomy":"event-venue","embeddable":true,"href":"https:\/\/graf.cat\/es\/wp-json\/wp\/v2\/event-venues?post=47820"},{"taxonomy":"event-tag","embeddable":true,"href":"https:\/\/graf.cat\/es\/wp-json\/wp\/v2\/event-tags?post=47820"}],"curies":[{"name":"wp","href":"https:\/\/api.w.org\/{rel}","templated":true}]}}