{"id":48382,"guid":{"rendered":"https:\/\/graf.cat\/?post_type=event&#038;p=48382"},"modified":"2025-05-12T19:42:01","modified_gmt":"2025-05-12T17:42:01","slug":"una-nova-humanitat-2","status":"publish","type":"event","link":"https:\/\/graf.cat\/es\/events\/event\/una-nova-humanitat-2\/","title":{"rendered":"Una nova humanitat"},"content":{"rendered":"","protected":false},"excerpt":{"rendered":"","protected":false},"author":8,"featured_media":48383,"template":"","meta":{"_acf_changed":false,"_monsterinsights_skip_tracking":false,"_monsterinsights_sitenote_active":false,"_monsterinsights_sitenote_note":"","_monsterinsights_sitenote_category":0},"event-venues":[734],"event-tags":[],"class_list":["post-48382","event","type-event","status-publish","has-post-thumbnail","hentry","event-venue-museu-tapies","event-category-screening"],"acf":{"title_ca":"Una nova humanitat","title_es":"Una nueva humanidad","title_en":"Una nueva humanidad","desc_ca":"Rosina Prado \u00e9s la protagonista de la darrera sessi\u00f3 del\u00a0<a href=\"https:\/\/museutapies.org\/event\/els-exilis-invisibles\/\">cicle de cinema \u201cEls exilis (in)visibles<\/a>\u201d. Nascuda a Cartagena l\u2019any 1935, Rosina Prado es va veure obligada, juntament amb la seva fam\u00edlia, a sortir d\u2019Espanya al final de la Guerra Civil, establint-se a Moscou, on va viure gran part de la seva inf\u00e0ncia i joventut. All\u00e0 va ingressar a l\u2019escola de cinema, per\u00f2 abans d\u2019acabar els seus estudis, l\u2019any 1961, va ser enviada a l\u2019Havana. All\u00e0, i no sense dificultats, va arribar a rodar fins a cinc documentals. A Cuba va quedar fascinada per les imatges de la revoluci\u00f3 i per \u201cl\u2019home nou\u201d que aquesta projectava.\r\n\r\nEl cinema de Rosina Prado \u00e9s, tal com ens explica Mar\u00eda Cam\u00ed-Vela, \u00abun cinema en el qual la \u201crevolucion\u00e0ria\u201d c\u00e0mera documenta la realitat de la vida quotidiana del poble cub\u00e0, per\u00f2 amb una mirada que, conscient o inconscientment, es posiciona com a dona i com a estrangera\u00bb. Les seves pel\u00b7l\u00edcules mostren com poques, l\u2019arrelament de l\u2019exili en les noves cultures i com alguns exiliats van continuar perseguint els seus ideals pol\u00edtics en aquestes noves p\u00e0tries.\u00a0\u00a0Rosina Prado, que actualment t\u00e9 noranta anys, viu a Madrid des de la d\u00e8cada de 1970, per\u00f2, tot i aix\u00ed, la seva figura no ha estat prou reivindicada.\r\n\r\nEn aquesta sessi\u00f3, amb un format de conversa a tres, recuperarem la traject\u00f2ria d\u2019aquesta excepcional cineasta a mode d\u2019homenatge. Comptar\u00e0 amb projecci\u00f3 de tres peces breus\u00a0<i>Ismaelillo<\/i>\u00a0(Rosina Prado, 1962, 19\u2019);\u00a0<i>Palmas cubanas<\/i>\u00a0(Rosina Prado, 1963, 26\u2019); i\u00a0<i>\u00bfQu\u00e9 es lo bello?<\/i>\u00a0(Rosina Prado, 1965, 10\u2019). En acabar les projeccions tindr\u00e0 lloc un col\u00b7loqui entre T\u00e0nia Ball\u00f3, Lu\u00eds E. Par\u00e9s i Maria Cam\u00ed-Vela.","desc_es":"Rosina Prado es la protagonista de la \u00faltima sesi\u00f3n del\u00a0<a href=\"https:\/\/museutapies.org\/es\/event\/los-exilios-invisibles\/\">ciclo de cine \u201cLos exilios (in)visibles\u201d<\/a>. Nacida en Cartagena en 1935, Rosina Prado se vio obligada, junto a su familia, a salir de Espa\u00f1a al final de la Guerra Civil, estableci\u00e9ndose en Mosc\u00fa, donde vivi\u00f3 gran parte de su infancia y juventud. All\u00ed ingres\u00f3 en la escuela de cine, pero antes de terminar sus estudios, en 1961, fue enviada a La Habana. All\u00ed, y no sin dificultades, lleg\u00f3 a rodar hasta cinco documentales. En Cuba qued\u00f3 fascinada por las im\u00e1genes de la revoluci\u00f3n y por el \u201chombre nuevo\u201d que \u00e9sta proyectaba.\r\n\r\nEl cine de Rosina Prado es, tal y como nos explica Mar\u00eda Cam\u00ed-Vela, \u201cun cine en el que la \u201crevolucionaria\u201d c\u00e1mara documenta la realidad de la vida cotidiana del pueblo cubano, pero con una mirada que, consciente o inconscientemente, se posiciona como mujer y como extranjera\u201d. Sus pel\u00edculas muestran como pocas, el arraigo del exilio en las nuevas culturas y c\u00f3mo algunos exiliados siguieron persiguiendo sus ideales pol\u00edticos en estas nuevas patrias.\u00a0Rosina Prado, que actualmente tiene noventa a\u00f1os, vive en Madrid desde la d\u00e9cada de 1970 pero, sin embargo, su figura no ha sido suficientemente reivindicada.\r\n\r\nEn esta sesi\u00f3n, con un formato de conversaci\u00f3n a tres, recuperaremos la trayectoria de esta excepcional cineasta a modo de homenaje.\u00a0Esta sesi\u00f3n contar\u00e1 con proyecci\u00f3n de tres piezas breves\u00a0<i>ismaelillo<\/i>\u00a0(Rosina Prado, 1962, 19\u2019);\u00a0<i>Palmas cubanas<\/i>\u00a0(Rosina Prado, 1963, 26\u2019); i\u00a0<i>\u00bfQu\u00e9 es lo bello?<\/i>\u00a0(Rosina Prado, 1965, 10\u2032). Al finalizar las proyecciones tendr\u00e1 lugar un coloquio entre Tania Ball\u00f3, Lu\u00eds E. Par\u00e9s y Maria Cam\u00ed-Vela.","desc_en":"","event_category":219,"event_show_only_own_date":true,"_event_confirmed":true,"_event_public":true,"_event_free":false,"_event_price-min":3,"_event_price-max":"","_event_web_ca":"https:\/\/museutapies.org\/event\/una-nova-humanitat\/","_event_web_es":"https:\/\/museutapies.org\/es\/event\/una-nueva-humanidad\/","_event_web_en":"","event_contact_email":"","event_apply_email":"https:\/\/museutapies.palisis.com\/?book-direct=r-7505&locale=ca","is_online_event":false,"is_art_nou_event":false,"is_bgw_event":false,"date_text":"","register_deadline":null,"altres_organitzadors":""},"abe_event_venue":"Museu T\u00e0pies","abe_event_category":"Screening","start":"2025-05-20 18:00:00","end":"2025-05-20 20:00:00","schedule":"once","schedule_meta":"","frequency":1,"all_day":0,"until":"2025-05-20 18:00:00","include":[],"exclude":[],"_links":{"self":[{"href":"https:\/\/graf.cat\/es\/wp-json\/wp\/v2\/events\/48382","targetHints":{"allow":["GET"]}}],"collection":[{"href":"https:\/\/graf.cat\/es\/wp-json\/wp\/v2\/events"}],"about":[{"href":"https:\/\/graf.cat\/es\/wp-json\/wp\/v2\/types\/event"}],"author":[{"embeddable":true,"href":"https:\/\/graf.cat\/es\/wp-json\/wp\/v2\/users\/8"}],"occurrences":[{"embeddable":true,"href":"https:\/\/graf.cat\/es\/wp-json\/wp\/v2\/events\/48382\/occurrences"}],"acf:term":[{"embeddable":true,"taxonomy":"event-category","href":"https:\/\/graf.cat\/es\/wp-json\/wp\/v2\/event-category\/219"}],"wp:featuredmedia":[{"embeddable":true,"href":"https:\/\/graf.cat\/es\/wp-json\/wp\/v2\/media\/48383"}],"wp:attachment":[{"href":"https:\/\/graf.cat\/es\/wp-json\/wp\/v2\/media?parent=48382"}],"wp:term":[{"taxonomy":"event-venue","embeddable":true,"href":"https:\/\/graf.cat\/es\/wp-json\/wp\/v2\/event-venues?post=48382"},{"taxonomy":"event-tag","embeddable":true,"href":"https:\/\/graf.cat\/es\/wp-json\/wp\/v2\/event-tags?post=48382"}],"curies":[{"name":"wp","href":"https:\/\/api.w.org\/{rel}","templated":true}]}}