{"id":48638,"guid":{"rendered":"https:\/\/graf.cat\/?post_type=event&#038;p=48638"},"modified":"2025-05-20T12:22:10","modified_gmt":"2025-05-20T10:22:10","slug":"hi-ha-una-llum-al-jardi","status":"publish","type":"event","link":"https:\/\/graf.cat\/es\/events\/event\/hi-ha-una-llum-al-jardi\/","title":{"rendered":"HI HA UNA LLUM AL JARD\u00cd"},"content":{"rendered":"","protected":false},"excerpt":{"rendered":"","protected":false},"author":172,"featured_media":48639,"template":"","meta":{"_acf_changed":false,"_monsterinsights_skip_tracking":false,"_monsterinsights_sitenote_active":false,"_monsterinsights_sitenote_note":"","_monsterinsights_sitenote_category":0},"event-venues":[750],"event-tags":[],"class_list":["post-48638","event","type-event","status-publish","has-post-thumbnail","hentry","event-venue-acvic","event-category-familiar"],"acf":{"title_ca":"HI HA UNA LLUM AL JARD\u00cd","title_es":"HAY UNA LUZ EN EL JARD\u00cdN","title_en":"THERE IS A LIGHT IN THE GARDEN","desc_ca":"<strong>Visita juganera a l\u2019exposici\u00f3<\/strong>\r\n\r\nDissabte 24 de maig de 2025\r\nD\u201911.00 a 13.00 h\r\nA ACVIC Centre d\u2019Arts Contempor\u00e0nies\r\n\r\nActivitat gratu\u00efta\r\nCal inscripci\u00f3 pr\u00e8via\r\n<em><strong>ACTIVITAT COMPLETA: LES NOVES INSCRIPCIONS ENTRARAN EN LLISTA D'ESPERA<\/strong><\/em>\r\n\r\nVisita juganera a l\u2019exposici\u00f3 ART+ESCOLA+M\u00c0GIA\r\nAmb la col\u00b7laboraci\u00f3 de la Biblioteca Pilar\u00edn Bay\u00e9s\r\n\r\nUn jard\u00ed sol ser un espai amb plantes ordenades amb una intenci\u00f3. Si posem la mirada en un rac\u00f3 petit, petit, diminut, de cop ens adonem que est\u00e0 ple de mons de vida m\u00e0gics i infinits. A Hi ha una llum al jard\u00ed ens endinsarem amb delicadesa en aquests racons a trav\u00e9s de llibres d\u2019Herv\u00e9 Tullet. Racons de llum i color.\r\n\r\nLes <em><strong>visites juganeres a l\u2019exposici\u00f3<\/strong><\/em> proposen canviar radicalment la forma d\u2019entrar en l\u2019espai expositiu.\r\n\r\n<strong>A QUI VA ADRE\u00c7AT?<\/strong>\r\nPer a fam\u00edlies amb infants de 2 a 4 anys\r\n\r\n<strong>PREU<\/strong>\r\nActivitat gratu\u00efta.\r\nCal inscripci\u00f3 pr\u00e8via\r\n\r\n<em><strong>ACTIVITAT COMPLETA: LES NOVES INSCRIPCIONS ENTRARAN EN LLISTA D'ESPERA:<\/strong><\/em>\r\n<strong><a href=\"https:\/\/www.acvic.org\/ca\/?option=com_rsform&amp;view=rsform&amp;formId=115\">&gt; Acc\u00e9s al formulari d'inscripci\u00f3<\/a><\/strong>\r\n\r\nImatge:\r\nQUINS SECRETS AMAGA LA NATURA? Escola Monjoia. AE14\r\nA l'exposici\u00f3 ART+ESCOLA+M\u00c0GIA","desc_es":"<strong>Visita juguetona a la exposici\u00f3n<\/strong>\r\n\r\nS\u00e1bado 24 de mayo de 2025\r\nDe 11.00 a 13.00 h En\r\nACVIC Centre d\u2019Arts Contempor\u00e0nies\r\n\r\nActividad gratuita.\r\nEs necesaria inscripci\u00f3n previa\r\n<em><strong>ACTIVIDAD COMPLETA: LAS NUEVAS INSCRIPCIONES ENTRARAN EN LISTA DE ESPERA<\/strong><\/em>\r\n\r\nVisita juguetona a la exposici\u00f3n ART+ESCOLA+MAGIA\r\nCon la colaboraci\u00f3n de la Biblioteca Pilar\u00edn Bay\u00e9s\r\n\r\nUn jard\u00edn suele ser un espacio con plantas ordenadas con una intenci\u00f3n. Si ponemos la mirada en un peque\u00f1o rinc\u00f3n, diminuto, de golpe nos damos cuenta de que est\u00e1 lleno de mundos de vida m\u00e1gicos e infinitos. En Hay una luz en el jard\u00edn nos adentraremos con delicadeza en esos rincones a trav\u00e9s de libros de Herv\u00e9 Tullet. Rincones de luz y color.\r\n\r\nLas <strong><em>visitas juguetonas a la exposici\u00f3n<\/em><\/strong> proponen cambiar radicalmente la forma de entrar en el espacio expositivo.\r\n\r\n<strong>\u00bfA QUI\u00c9N VA DIRIGIDO?<\/strong>\r\nPara familias con ni\u00f1os de 2 a 4 a\u00f1os\r\n\r\n<strong>PRECIO<\/strong>\r\nActividad gratuita\r\nEs necesaria inscripci\u00f3n previa\r\n\r\n<strong>ACTIVIDAD COMPLETA: LAS NUEVAS INSCRIPCIONES ENTRARAN EN LISTA DE ESPERA\r\n<\/strong><a href=\"https:\/\/www.acvic.org\/ca\/?option=com_rsform&amp;view=rsform&amp;formId=115\">&gt;<strong> acceso al formulario de inscripci\u00f3n<\/strong><\/a>\r\n\r\n*Imagen:\r\nQUINS SECRETS AMAGA LA NATURA? Escola Monjoia. AE14\r\nEn la exposici\u00f3n ART+ESCOLA+M\u00c0GIA","desc_en":"<strong>Ludic guided visit to the exhibition<\/strong>\r\n\r\nSaturday 24\/5\r\nFrom 11 a.m. to 1 p.m.\r\nACVIC Centre d\u2019Arts Contempor\u00e0nies\r\n\r\nFree activity\r\nPrior registration is required\r\n\r\nLUDIC GUIDED VISIT TO THE EXHIBITION ART+ESCOLA+M\u00c0GIA\r\nIn collaboration with the Biblioteca Pilar\u00edn Bay\u00e9s\r\n\r\nUsually, a garden is a space where plants are intentionally arranged. If we look into the tiniest corner, we suddenly realise that it is full of magical, infinite, living worlds. In There is a Light in the Garden we will delicately immerse ourselves in these corners of light and colour with books by Herv\u00e9 Tullet.\r\n\r\nThese visits suggest news ways of entering the exhibition space.\r\n\r\n<strong>WHO IS IT AIMED AT?<\/strong>\r\nFamilies with children aged 2 to 4\r\n\r\n<strong>PRICE<\/strong>\r\nFree activity.\r\nPrior registration is required.\r\n\r\n<strong><a href=\"https:\/\/www.acvic.org\/ca\/?option=com_rsform&amp;view=rsform&amp;formId=115\">&gt; acces to the registration form<\/a><\/strong>","event_category":687,"event_show_only_own_date":false,"_event_confirmed":true,"_event_public":true,"_event_free":true,"_event_price-min":"","_event_price-max":"","_event_web_ca":"","_event_web_es":"","_event_web_en":"","event_contact_email":"info@acvic.org","event_apply_email":"","is_online_event":false,"is_art_nou_event":false,"is_bgw_event":false,"date_text":"","register_deadline":null,"altres_organitzadors":""},"abe_event_venue":"ACVIC","abe_event_category":"Familiar","start":"2025-05-24 11:00:00","end":"2025-05-24 13:00:00","schedule":"daily","schedule_meta":"","frequency":1,"all_day":0,"until":"2025-05-24 11:00:00","include":[],"exclude":[],"_links":{"self":[{"href":"https:\/\/graf.cat\/es\/wp-json\/wp\/v2\/events\/48638","targetHints":{"allow":["GET"]}}],"collection":[{"href":"https:\/\/graf.cat\/es\/wp-json\/wp\/v2\/events"}],"about":[{"href":"https:\/\/graf.cat\/es\/wp-json\/wp\/v2\/types\/event"}],"author":[{"embeddable":true,"href":"https:\/\/graf.cat\/es\/wp-json\/wp\/v2\/users\/172"}],"occurrences":[{"embeddable":true,"href":"https:\/\/graf.cat\/es\/wp-json\/wp\/v2\/events\/48638\/occurrences"}],"acf:term":[{"embeddable":true,"taxonomy":"event-category","href":"https:\/\/graf.cat\/es\/wp-json\/wp\/v2\/event-category\/687"}],"wp:featuredmedia":[{"embeddable":true,"href":"https:\/\/graf.cat\/es\/wp-json\/wp\/v2\/media\/48639"}],"wp:attachment":[{"href":"https:\/\/graf.cat\/es\/wp-json\/wp\/v2\/media?parent=48638"}],"wp:term":[{"taxonomy":"event-venue","embeddable":true,"href":"https:\/\/graf.cat\/es\/wp-json\/wp\/v2\/event-venues?post=48638"},{"taxonomy":"event-tag","embeddable":true,"href":"https:\/\/graf.cat\/es\/wp-json\/wp\/v2\/event-tags?post=48638"}],"curies":[{"name":"wp","href":"https:\/\/api.w.org\/{rel}","templated":true}]}}