{"id":49263,"guid":{"rendered":"https:\/\/graf.cat\/?post_type=event&#038;p=49263"},"modified":"2025-06-17T13:06:55","modified_gmt":"2025-06-17T11:06:55","slug":"vuelta-adelante-con-piernas-recogidas-idoia-leache-helena-ripoll-2","status":"publish","type":"event","link":"https:\/\/graf.cat\/es\/events\/event\/vuelta-adelante-con-piernas-recogidas-idoia-leache-helena-ripoll-2\/","title":{"rendered":"Vuelta adelante con piernas recogidas.  Idoia Leache, Helena Ripoll"},"content":{"rendered":"","protected":false},"excerpt":{"rendered":"","protected":false},"author":21,"featured_media":49260,"template":"","meta":{"_acf_changed":false,"_monsterinsights_skip_tracking":false,"_monsterinsights_sitenote_active":false,"_monsterinsights_sitenote_note":"","_monsterinsights_sitenote_category":0},"event-venues":[102],"event-tags":[],"class_list":["post-49263","event","type-event","status-publish","has-post-thumbnail","hentry","event-venue-ethall-2","event-category-inauguracio"],"acf":{"title_ca":"Vuelta adelante con piernas recogidas. Idoia Leache, Helena Ripoll","title_es":"Vuelta adelante con piernas recogidas. Idoia Leache, Helena Ripoll","title_en":"Vuelta adelante con piernas recogidas  Idoia Leache, Helena Ripoll","desc_ca":"<span data-sheets-root=\"1\">L\u2019exposici\u00f3 que presenta ethall per a ART NOU 2025 part de la invitaci\u00f3 a les artistes Idoia Leache i Helena Ripoll a explorar i intervenir conjuntament l\u2019espai de la galeria.\r\nSe proposa aix\u00ed un di\u00e0leg entre les seves pr\u00e0ctiques escult\u00f2riques, explorant punts de contacte i difer\u00e8ncia a trav\u00e9s dels seus acostaments personals a l\u2019arquitectura, la materialitat i els objectes.<\/span>\r\n\r\nProjecte a cura d\u2019\u00d3scar Morales Navarro.","desc_es":"<span data-sheets-root=\"1\">La exposici\u00f3n que presenta ethall para ART NOU 2025 parte de la invitaci\u00f3n a las artistas Idoia Leache y Helena Ripoll a explorar e intervenir conjuntamente el espacio de la galer\u00eda.\r\nSe propone as\u00ed un di\u00e1logo entre sus pr\u00e1cticas escult\u00f3ricas, explorando puntos de contacto y diferencia a trav\u00e9s de sus acercamientos personales a la arquitectura, la materialidad y los objetos.<\/span>\r\n\r\nProyecto comisariado por \u00d3scar Morales Navarro.","desc_en":"<span data-sheets-root=\"1\">The exhibition presented by ethall for ART NOU 2025 is based on the invitation to artists Idoia Leache and Helena Ripoll to explore and intervene together in the gallery space.\r\nA dialogue is proposed between their sculptural practices, exploring points of contact and difference through their personal approaches to architecture, materiality and objects.<\/span>\r\n\r\nThe project is curated by \u00d3scar Morales Navarro.","event_category":189,"event_show_only_own_date":true,"_event_confirmed":true,"_event_public":true,"_event_free":true,"_event_price-min":"","_event_price-max":"","_event_web_ca":"https:\/\/artnou.net\/exhibition\/vuelta-adelante-con-piernas-recogidas\/","_event_web_es":"https:\/\/artnou.net\/es\/exhibition\/vuelta-adelante-con-piernas-recogidas-2\/","_event_web_en":"https:\/\/artnou.net\/en\/exhibition\/vuelta-adelante-con-piernas-recogidas-3\/","event_contact_email":"","event_apply_email":"","is_online_event":false,"is_art_nou_event":true,"is_bgw_event":false,"date_text":"","register_deadline":null,"altres_organitzadors":""},"abe_event_venue":"ethall","abe_event_category":"Inauguraci\u00f3","start":"2025-06-26 17:00:00","end":"2025-06-26 21:00:00","schedule":"once","schedule_meta":"","frequency":1,"all_day":0,"until":"2025-06-26 17:00:00","include":[],"exclude":[],"_links":{"self":[{"href":"https:\/\/graf.cat\/es\/wp-json\/wp\/v2\/events\/49263","targetHints":{"allow":["GET"]}}],"collection":[{"href":"https:\/\/graf.cat\/es\/wp-json\/wp\/v2\/events"}],"about":[{"href":"https:\/\/graf.cat\/es\/wp-json\/wp\/v2\/types\/event"}],"author":[{"embeddable":true,"href":"https:\/\/graf.cat\/es\/wp-json\/wp\/v2\/users\/21"}],"occurrences":[{"embeddable":true,"href":"https:\/\/graf.cat\/es\/wp-json\/wp\/v2\/events\/49263\/occurrences"}],"acf:term":[{"embeddable":true,"taxonomy":"event-category","href":"https:\/\/graf.cat\/es\/wp-json\/wp\/v2\/event-category\/189"}],"wp:featuredmedia":[{"embeddable":true,"href":"https:\/\/graf.cat\/es\/wp-json\/wp\/v2\/media\/49260"}],"wp:attachment":[{"href":"https:\/\/graf.cat\/es\/wp-json\/wp\/v2\/media?parent=49263"}],"wp:term":[{"taxonomy":"event-venue","embeddable":true,"href":"https:\/\/graf.cat\/es\/wp-json\/wp\/v2\/event-venues?post=49263"},{"taxonomy":"event-tag","embeddable":true,"href":"https:\/\/graf.cat\/es\/wp-json\/wp\/v2\/event-tags?post=49263"}],"curies":[{"name":"wp","href":"https:\/\/api.w.org\/{rel}","templated":true}]}}