{"id":49645,"guid":{"rendered":"https:\/\/graf.cat\/?post_type=event&#038;p=49645"},"modified":"2025-07-01T10:28:59","modified_gmt":"2025-07-01T08:28:59","slug":"lhora-del-pati-3","status":"publish","type":"event","link":"https:\/\/graf.cat\/es\/events\/event\/lhora-del-pati-3\/","title":{"rendered":"L&#8217;hora del pati"},"content":{"rendered":"","protected":false},"excerpt":{"rendered":"","protected":false},"author":159,"featured_media":49646,"template":"","meta":{"_acf_changed":false,"_monsterinsights_skip_tracking":false,"_monsterinsights_sitenote_active":false,"_monsterinsights_sitenote_note":"","_monsterinsights_sitenote_category":0},"event-venues":[635],"event-tags":[],"class_list":["post-49645","event","type-event","status-publish","has-post-thumbnail","hentry","event-venue-mac-preso","event-category-festival"],"acf":{"title_ca":"L'hora del pati","title_es":"L'hora del pati","title_en":"L'hora del pati","desc_ca":"<span style=\"text-decoration: underline\"><strong>L\u2019hora del pati<\/strong><\/span>\r\n<span style=\"text-decoration: underline\"><strong>Videoart, gandules solid\u00e0ries i m\u00fasica<\/strong><\/span>\r\n\r\n11.07.25 | 29.07.25 | <strong>M|A|C Pres\u00f3\u00a0<\/strong>\r\n\r\nUn pati \u00e9s un espai molt determinat que t\u00e9 una funci\u00f3 d\u2019esbarjo, on hi succeeixen converses o pensaments mirant enlaire\u2026\r\n\r\nL\u2019hora del pati \u00e9s el moment del dia en qu\u00e8 fas el que vols, parles del que vols i amb qui vols, sense que ning\u00fa et controli.\r\n\r\nA l\u2019hora del pati passen moltes coses. No solament \u00e9s un moment dedicat al descans o a l\u2019esmorzar: \u00e9s un espai en qu\u00e8 desvetllem les nostres habilitats socials (la comunicaci\u00f3, la cooperaci\u00f3, la resoluci\u00f3 de conflictes, l\u2019intercanvi i la negociaci\u00f3) i tamb\u00e9 un espai assequible a tothom, perqu\u00e8 no sempre s\u2019imposin els mateixos, els qui tenen m\u00e9s espai o tenen m\u00e9s poder.\r\n\r\nHem volgut que el pati del M|A|C sigui un lloc amable, c\u00f2mode i c\u00e0lid, per a p\u00fablics diversos (tamb\u00e9 el p\u00fablic familiar), per passar els vespres de juliol en companyia, en un pati convertit en la sala de cinema del centre d\u2019art i un espai estiuenc de trobada, amb bar i m\u00fasica en directe.\r\n<p lang=\"ca-ES\"><strong>PROGRAMACI\u00d3<\/strong><\/p>\r\n<p lang=\"ca-ES\"><strong>Divendres 11 de juliol\u00a0<\/strong>|<strong>\u00a0<\/strong>21.30 h\r\n<span lang=\"EN-US\" data-contrast=\"auto\"><strong>Festival Flic<\/strong><\/span>\u00a0|\u00a0<em>Familiar<\/em>\r\n+ gandula solid\u00e0ria\r\n<span lang=\"EN-US\" data-contrast=\"none\">+ Caustic Roll Dave\u00a0<\/span><\/p>\r\n<p lang=\"ca-ES\"><strong>Dissabte 12 de juliol<\/strong>\u00a0|<strong>\u00a0<\/strong>21.45 h\r\n<span lang=\"EN-US\" data-contrast=\"auto\"><strong>Max de Esteban<\/strong><\/span><strong>\r\n<span lang=\"EN-US\" data-contrast=\"auto\">Alicia\u00a0Framis<\/span>\r\n<span lang=\"EN-US\" data-contrast=\"auto\">Raquel Friera<\/span>\u00a0<\/strong>\r\n+ gandula solid\u00e0ria\r\n<span lang=\"EN-US\" data-contrast=\"none\">+ Slow Connection\u00a0<\/span><\/p>\r\n<p lang=\"ca-ES\"><strong>Divendres 18 de juliol\u00a0<\/strong>| 21.30 h\r\n<strong>Anima\u2019t<\/strong>\u00a0|\u00a0<strong>Escola Montserrat Sol\u00e0\u00a0<\/strong>|\u00a0<em>Familiar<\/em>\r\n+ gandula solid\u00e0ria\r\n<span lang=\"EN-US\" data-contrast=\"none\">+ \u00a0The New Raemon and Leia Destruye<\/span>\u00a0\u00a0<span lang=\"ca-ES\">\u00a0\u00a0<\/span><\/p>\r\n<p lang=\"ca-ES\"><strong>Dijous 24 de juliol<\/strong>\u00a0| 21.45 h\r\n<span lang=\"CA-ES\" data-contrast=\"auto\"><strong>Carlos Essmann \/ Mart\u00ed Anson<\/strong><\/span>\r\n+ gandula solid\u00e0ria\r\n<span lang=\"CA-ES\" data-contrast=\"none\">+ MIL987<\/span><\/p>\r\n<p lang=\"ca-ES\"><strong>Divendres 25 de juliol\u00a0<\/strong>| 21.30 h\r\n<span lang=\"EN-US\" data-contrast=\"auto\"><strong>Festival Flic<\/strong><\/span>\u00a0|\u00a0<em>Familiar<\/em>\r\n+ gandula solid\u00e0ria<\/p>\r\n<p lang=\"ca-ES\"><strong>Dissabte 26 de juliol<\/strong>\u00a0|<strong>\u00a0<\/strong>24 h\r\n<span lang=\"CA-ES\" data-contrast=\"auto\"><strong>Neil Harbisson \/ Pol Lombarte<\/strong><\/span>\r\n+ gandula solid\u00e0ria<\/p>\r\n<p lang=\"ca-ES\"><strong>Diumenge 27 de juliol<\/strong>\u00a0| 24 h\r\n<span lang=\"CA-ES\" data-contrast=\"auto\"><strong>Marc Salicr\u00fa<\/strong><\/span>\r\n+ gandula solid\u00e0ria\r\n<span lang=\"CA-ES\" data-contrast=\"none\">+ \u00a0Lolo &amp; Sosaku<\/span><\/p>\r\n<p lang=\"ca-ES\"><strong>Dilluns 28 de juliol<\/strong>\u00a0|<strong>\u00a0<\/strong>24 h\r\n<span lang=\"CA-ES\" data-contrast=\"auto\"><strong>Neus Masdeu<\/strong><\/span>\r\n+ gandula solid\u00e0ria<\/p>\r\n<p lang=\"ca-ES\"><strong>Dimarts 29 de juliol<\/strong>\u00a0| 24 h\r\n<span lang=\"CA-ES\" data-contrast=\"auto\"><strong>N\u00faria G\u00fcell<\/strong><\/span><strong>\u00a0<\/strong>\r\n+ gandula solid\u00e0ria<\/p>\r\n<p lang=\"ca-ES\"><u>Gandules solid\u00e0ries<\/u>\r\nLes gandules, que serviran de seients per al p\u00fablic assistent a les sessions, formen part del projecte\u00a0<a href=\"https:\/\/www.mataroartcontemporani.cat\/seccio\/gandules-solidaries\/\" target=\"_blank\" rel=\"noopener noreferrer\"><em>Gandules solid\u00e0ries<\/em><\/a>, impulsat pel M|A|C i el projecte Petites Grans Obres. Cada dia sortejarem una de les gandules entre els assistents que hagin adquirit els n\u00fameros pel sorteig. Tots els diners recaptats seran destinats a la planta d\u2019oncologia infantil de l\u2019Hospital de Sant Joan de D\u00e9u.<\/p>\r\n\r\n<div data-olk-copy-source=\"MailCompose\"><strong>Les 9 gandules solid\u00e0ries<\/strong>\r\nSorteig entre tot el p\u00fablic que hagi comprat n\u00fameros aquest dia d\u2019una de les 9 gandules solid\u00e0ries que han intervingut 9 artistes de manera altruista. Si us toca, us l\u2019endueu a casa!\r\nEls artistes participants han estat:\u00a0<span lang=\"ES-ES\" data-contrast=\"none\"><strong>Josep M. Codina<\/strong><\/span>,\u00a0<span lang=\"ES-ES\" data-contrast=\"auto\"><strong>Laia Arnau<\/strong><\/span>,\u00a0<span lang=\"ES-ES\" data-contrast=\"none\"><strong>Lola Solanilla<\/strong><\/span>,\u00a0<span lang=\"ES-ES\" data-contrast=\"none\"><strong>Magda Codina<\/strong><\/span>,\u00a0<span lang=\"ES-ES\" data-contrast=\"none\"><strong>Marc Salicr\u00fa<\/strong><\/span>,\u00a0<span lang=\"ES-ES\" data-contrast=\"none\"><strong>Neus Masdeu<\/strong><\/span>,\u00a0<span lang=\"ES-ES\" data-contrast=\"none\"><strong>Neil Harbisson<\/strong><\/span>,\u00a0<span lang=\"ES-ES\" data-contrast=\"none\"><strong>Pol U\u00f1\u00f3 G.<\/strong><\/span>\u00a0i\u00a0<span lang=\"ES-ES\" data-contrast=\"none\"><strong>Regina Gim\u00e9nez<\/strong><\/span>.<\/div>\r\n<strong>Informaci\u00f3 addicional<\/strong>\r\nEntrada lliure (aforament limitat)\r\nObertura de portes: 30 minuts abans de l'inici\r\nServei de bar (30 minuts abans de l'inici)\r\nLa gandula solid\u00e0ria: adquireix la teva participaci\u00f3 a l'entrada (10 \u20ac)\r\n\r\nPer a m\u00e9s informaci\u00f3:\u00a0<a class=\"button secondary\" href=\"https:\/\/www.mataroartcontemporani.cat\/\" target=\"_blank\" rel=\"noopener noreferrer\"><strong>Web Matar\u00f3|Art|Contemporani<\/strong><\/a>\r\n\r\n<hr \/>\r\n\r\nA\u00a0<strong>l\u2019hora del pati<\/strong>\u00a0passen moltes coses. No solament \u00e9s un moment dedicat al descans o a l\u2019esmorzar: \u00e9s un espai en qu\u00e8 desvetllem les nostres habilitats socials (la comunicaci\u00f3, la cooperaci\u00f3, la resoluci\u00f3 de conflictes, l\u2019intercanvi i la negociaci\u00f3) i tamb\u00e9 un espai assequible a tothom, perqu\u00e8 no sempre s\u2019imposin els mateixos, els qui tenen m\u00e9s espai o tenen m\u00e9s poder.\r\n\r\nEl pati del M|A|C \u00e9s un lloc amable, c\u00f2mode i c\u00e0lid, per a p\u00fablics diversos (tamb\u00e9 el p\u00fablic familiar), per passar els vespres de juliol en companyia, en un pati convertit en la sala de cinema del centre d\u2019art i un espai estiuenc de trobada, amb bar i m\u00fasica en directe.\r\n\r\n&nbsp;","desc_es":"La hora del patio\r\nVideoarte, tumbonas solidarias y m\u00fasica\r\n\r\n11.07.25 | 29.07.25 | M|A|C Pres\u00f3\r\n\r\nUn patio es un espacio muy determinado que tiene una funci\u00f3n de recreo, donde suceden conversaciones o pensamientos mirando hacia arriba\u2026\r\n\r\nLa hora del patio es el momento del d\u00eda en el que haces lo que quieres, hablas de lo que quieres y con qui\u00e9n quieres, sin que nadie te controle.\r\n\r\nA la hora del patio ocurren muchas cosas. No s\u00f3lo es un momento dedicado al descanso o al desayuno: es un espacio en el que desvelamos nuestras habilidades sociales (la comunicaci\u00f3n, la cooperaci\u00f3n, la resoluci\u00f3n de conflictos, el intercambio y la negociaci\u00f3n) y tambi\u00e9n un espacio asequible a todo el mundo, para que no siempre se impongan los mismos, quienes tienen m\u00e1s espacio o tienen m\u00e1s poder.\r\n\r\nHemos querido que el patio del M|A|C sea un lugar amable, c\u00f3modo y c\u00e1lido, para p\u00fablicos diversos (tambi\u00e9n p\u00fablico familiar), para pasar las noches de julio en compa\u00f1\u00eda, en un patio convertido en la sala de cine del centro de arte y un espacio veraniego de encuentro, con bar y m\u00fasica en directo.\r\n\r\n&nbsp;\r\n\r\nPROGRAMACI\u00d3N\r\n\r\nViernes 11 de julio|21.30 h\r\nFestival Flic|Familiar\r\n+ tumbona solidaria\r\n+ Caustic Roll Dave\r\n\r\nS\u00e1bado 12 de julio|21.45 h\r\nMax de Esteban\r\nAlicia\u00a0Framis\r\nRaquel Friera\r\n+ tumbona solidaria\r\n+ Slow Connection\r\n\r\nViernes 18 de julio| 21.30 h\r\nAn\u00edmate|Escuela Montserrat Sol\u00e0\u00a0|Familiar\r\n+ tumbona solidaria\r\n+ \u00a0The New Raemon and Leia Destruye\r\n\r\nJueves 24 de julio| 21.45 h\r\nCarlos Essmann \/ Mart\u00ed Anson\r\n+ tumbona solidaria\r\n+ MIL987\r\n\r\nViernes 25 de julio| 21.30 h\r\nFestival Flic|Familiar\r\n+ tumbona solidaria\r\n\r\nS\u00e1bado 26 de julio|24 h\r\nNeil Harbisson \/ Polo Lombarte\r\n+ tumbona solidaria\r\n\r\nDomingo 27 de julio| 24 h\r\nMarco Salicr\u00fa\r\n+ tumbona solidaria\r\n+ \u00a0Lolo &amp; Sosaku\r\n\r\nLunes 28 de julio|24 h\r\nNieves Masdeu\r\n+ tumbona solidaria\r\n\r\nMartes 29 de julio\u00a0| 24 h\r\nN\u00faria G\u00fcell\r\n+ tumbona solidaria\r\n\r\nTumbonas solidarias\r\nLas hamacas, que servir\u00e1n de asientos para el p\u00fablico asistente a las sesiones, forman parte del proyecto\u00a0Tandillas solidarias, impulsado por el M|A|C y el proyecto Peque\u00f1as Grandes Obras. Cada d\u00eda sortearemos una de las hamacas entre los asistentes que hayan adquirido los n\u00fameros por el sorteo. Todo el dinero recaudado ser\u00e1 destinado a la planta de oncolog\u00eda infantil del Hospital de Sant Joan de D\u00e9u.\r\n\r\nLas 9 hamacas solidarias\r\nSorteo entre todo el p\u00fablico que haya comprado n\u00fameros ese d\u00eda de una de las 9 hamacas solidarias que han intervenido 9 artistas de forma altruista. Si le toca, se lo lleva a casa!\r\nLos artistas participantes han sido: Josep M. Codina, Laia Arnau, Lola Solanilla, Magda Codina, Marco Salicr\u00fa, Nieves Masdeu, Neil Harbisson, Pol U\u00f1\u00f3 G. y Regina Gim\u00e9nez.\r\n\r\nInformaci\u00f3n adicional\r\nEntrada libre (aforo limitado)\r\nApertura de puertas: 30 minutos antes del inicio\r\nServicio de bar (30 minutos antes del inicio)\r\nLa tumbona solidaria: adquiere tu participaci\u00f3n en la entrada (10 \u20ac)\r\n\r\nPara m\u00e1s informaci\u00f3n:\u00a0Web Matar\u00f3|Art|Contempor\u00e1neo\r\n\r\nA la hora del patio pasan muchas cosas. No s\u00f3lo es un momento dedicado al descanso o al desayuno: es un espacio en el que desvelamos nuestras habilidades sociales (la comunicaci\u00f3n, la cooperaci\u00f3n, la resoluci\u00f3n de conflictos, el intercambio y la negociaci\u00f3n) y tambi\u00e9n un espacio asequible a todo el mundo, para que no siempre se impongan los mismos, quienes tienen m\u00e1s espacio o tienen m\u00e1s poder.\r\n\r\nEl patio del M|A|C es un lugar amable, c\u00f3modo y c\u00e1lido, para p\u00fablicos diversos (tambi\u00e9n p\u00fablico familiar), para pasar las noches de julio en compa\u00f1\u00eda, en un patio convertido en la sala de cine del centro de arte y un espacio veraniego de encuentro, con bar y m\u00fasica en directo.","desc_en":"Playground time\r\nVideo art, solidarity loungers and music\r\n\r\n11.07.25 | 29.07.25 | M|A|C Pres\u00f3\r\n\r\nA playground is a very specific space that has a recreational function, where conversations or thoughts take place while looking up\u2026\r\n\r\nPlayground time is the time of day when you do what you want, talk about what you want and with whom you want, without anyone controlling you.\r\n\r\nA lot happens during playground time. It is not only a time dedicated to rest or breakfast: it is a space in which we reveal our social skills (communication, cooperation, conflict resolution, exchange and negotiation) and also a space accessible to everyone, so that the same ones, those who have more space or have more power, do not always impose themselves.\r\n\r\nWe wanted the M|A|C patio to be a friendly, comfortable and warm place, for diverse audiences (including family audiences), to spend July evenings in company, in a patio converted into the art center's cinema and a summer meeting space, with a bar and live music.\r\n\r\nPROGRAM\r\n\r\nFriday 11 July | 9.30pm\r\nFestival Flic | Family\r\n+ solidarity lounger\r\n+ Caustic Roll Dave\r\n\r\nSaturday 12 July | 9.45pm\r\nMax de Esteban\r\nAlicia Framis\r\nRaquel Friera\r\n+ solidarity lounger\r\n+ Slow Connection\r\n\r\nFriday 18 July | 9.30pm\r\nAnima't | Escola Montserrat Sol\u00e0 | Family\r\n+ solidarity lounger\r\n+ The New Raemon and Leia Destruye\r\n\r\nThursday 24 July | 9:45 p.m\r\nCarlos Essmann \/ Mart\u00ed Anson\r\n+ solidarity lounger\r\n+ MIL987\r\n\r\nFriday July 25 | 9:30 p.m\r\nFlic Festival |Familiar\r\n+ solidarity lounger\r\n\r\nSaturday July 26 |24 hours\r\nNeil Harbisson \/ Pol Lombarte\r\n+ solidarity lounger\r\n\r\nSunday July 27 | 24 hours\r\nMarc Salicr\u00fa\r\n+ solidarity lounger\r\n+ Lolo &amp; Sosaku\r\n\r\nMonday July 28 |24 hours\r\nNeus Masdeu\r\n+ solidarity lounger\r\n\r\nTuesday July 29 | 24 h\r\nN\u00faria G\u00fcell\r\n+ charity lounger\r\n\r\nCharity loungers\r\nThe loungers, which will serve as seats for the audience attending the sessions, are part of the Charity Loungers project, promoted by M|A|C and the Petites Grans Obres project. Every day we will raff off one of the loungers among the attendees who have purchased the numbers for the raffle. All the money raised will go to the children's oncology ward of the Hospital de Sant Joan de D\u00e9u.\r\n\r\nThe 9 charity loungers\r\nRaffle among all the audience who have purchased numbers that day for one of the 9 charity loungers that 9 artists have altruistically contributed. If it's your turn, take it home!\r\nThe participating artists have been: Josep M. Codina, Laia Arnau, Lola Solanilla, Magda Codina, Marc Salicr\u00fa, Neus Masdeu, Neil Harbisson, Pol U\u00f1\u00f3 G. and Regina Gim\u00e9nez.\r\n\r\nAdditional information\r\nFree admission (limited capacity)\r\nDoors open: 30 minutes before the start\r\nBar service (30 minutes before the start)\r\nThe solidarity lounger: purchase your participation at the entrance (10 \u20ac)\r\n\r\nFor more information: <a href=\"https:\/\/www.mataroartcontemporani.cat\/\">Matar\u00f3 Web|Art|Contemporary<\/a>","event_category":481,"event_show_only_own_date":false,"_event_confirmed":true,"_event_public":true,"_event_free":true,"_event_price-min":"","_event_price-max":"","_event_web_ca":"https:\/\/www.mataroartcontemporani.cat\/","_event_web_es":"","_event_web_en":"","event_contact_email":"","event_apply_email":"","is_online_event":false,"is_art_nou_event":false,"is_bgw_event":false,"date_text":"","register_deadline":null,"altres_organitzadors":""},"abe_event_venue":"M|A|C Pres\u00f3","abe_event_category":"Festival","start":"2025-07-11 21:30:00","end":"2025-07-30 02:00:00","schedule":"once","schedule_meta":"","frequency":1,"all_day":0,"until":"2025-07-11 21:30:00","include":[],"exclude":[],"_links":{"self":[{"href":"https:\/\/graf.cat\/es\/wp-json\/wp\/v2\/events\/49645","targetHints":{"allow":["GET"]}}],"collection":[{"href":"https:\/\/graf.cat\/es\/wp-json\/wp\/v2\/events"}],"about":[{"href":"https:\/\/graf.cat\/es\/wp-json\/wp\/v2\/types\/event"}],"author":[{"embeddable":true,"href":"https:\/\/graf.cat\/es\/wp-json\/wp\/v2\/users\/159"}],"occurrences":[{"embeddable":true,"href":"https:\/\/graf.cat\/es\/wp-json\/wp\/v2\/events\/49645\/occurrences"}],"acf:term":[{"embeddable":true,"taxonomy":"event-category","href":"https:\/\/graf.cat\/es\/wp-json\/wp\/v2\/event-category\/481"}],"wp:featuredmedia":[{"embeddable":true,"href":"https:\/\/graf.cat\/es\/wp-json\/wp\/v2\/media\/49646"}],"wp:attachment":[{"href":"https:\/\/graf.cat\/es\/wp-json\/wp\/v2\/media?parent=49645"}],"wp:term":[{"taxonomy":"event-venue","embeddable":true,"href":"https:\/\/graf.cat\/es\/wp-json\/wp\/v2\/event-venues?post=49645"},{"taxonomy":"event-tag","embeddable":true,"href":"https:\/\/graf.cat\/es\/wp-json\/wp\/v2\/event-tags?post=49645"}],"curies":[{"name":"wp","href":"https:\/\/api.w.org\/{rel}","templated":true}]}}