{"id":49669,"guid":{"rendered":"https:\/\/graf.cat\/?post_type=event&#038;p=49669"},"modified":"2025-07-01T18:04:04","modified_gmt":"2025-07-01T16:04:04","slug":"seguint-el-sol-guillem-jimenez-lasadcum","status":"publish","type":"event","link":"https:\/\/graf.cat\/es\/events\/event\/seguint-el-sol-guillem-jimenez-lasadcum\/","title":{"rendered":"Seguint el sol. Guillem Jim\u00e9nez \/ laSADCUM"},"content":{"rendered":"","protected":false},"excerpt":{"rendered":"","protected":false},"author":8,"featured_media":49670,"template":"","meta":{"_acf_changed":false,"_monsterinsights_skip_tracking":false,"_monsterinsights_sitenote_active":false,"_monsterinsights_sitenote_note":"","_monsterinsights_sitenote_category":0},"event-venues":[734],"event-tags":[],"class_list":["post-49669","event","type-event","status-publish","has-post-thumbnail","hentry","event-venue-museu-tapies","event-category-arts-in-viu"],"acf":{"title_ca":"Seguint el sol. Guillem Jim\u00e9nez \/ laSADCUM","title_es":"Seguint el sol. Guillem Jim\u00e9nez \/ laSADCUM","title_en":"Seguint el sol. Guillem Jim\u00e9nez \/ laSADCUM","desc_ca":"<strong>Oliver 04<\/strong>\r\n\r\nAquest assaig corporal \u00e9s una posada en escena d\u2019una indagaci\u00f3 entorn de les po\u00e8tiques digimodernistes. Serveix de recopilaci\u00f3 de diverses investigacions gestuals que provenen del m\u00f3n que el core\u00f2graf i ballar\u00ed barcelon\u00ed cerca construir a trav\u00e9s de la seva companyia, laSADCUM. Un portal a un m\u00f3n de fantasia que porta a un extrem certs comportaments corporals conreats pel capitalisme i el ciberespai. Mitjan\u00e7ant la s\u00e0tira, Jim\u00e9nez proposa un personatge regit per les l\u00f2giques de la m\u00e0gia pop, els becaris, el tecnofeudalisme i un seguit de convencions cultural online i offline. Oliver \u00e9s una mena d\u2019alter ego, no nom\u00e9s de Jim\u00e9nez sin\u00f3 de tot un r\u00e8gim de cossos subjectes a les autoritats que operen als intersticis de l\u2019algoritme digital.\r\n\r\n&nbsp;\r\n\r\n<strong>Guillem Jim\u00e9nez \/ laSADCUM<\/strong>\r\n\r\nLa SADCUM \u00e9s una companyia barcelonina de dansa del core\u00f2graf Guillem Jim\u00e9nez, que aborda, a partir de la dansa i la coreografia, certes po\u00e8tiques de l\u2019era post-internet.\r\n\r\nlaSADCUM ha dut a terme quatre peces esc\u00e8niques, dues de petit format (THE UNCANNY VALLEY, 2019 i THE LESSON, 2020), dues de gran format (ACLUCALLS, 2022 i NAVAJA, 2024). Tamb\u00e9 han fet dues exposicions (Classmates, 2020; Twink Twink Twink, 2022), tallers i programes de comissariat, aix\u00ed com diverses col\u00b7laboracions amb artistes i institucions. Han rebut els premis: ActAward 2021 a Millor Pe\u00e7a (THE LESSON), 10 Sentits 2021 a Millor Pe\u00e7a (THE LESSON), DansaCat 2024 a Millor Musica (ACLUCALLS), DansaCat 2024 a Millor Coroegrafia (ACLUCALLS), DansaCat Visca 2024 (NAVALLA).\r\n\r\nLes seves obres s\u2019han pogut veure en espais com el CCCB, Teatres del Canal, Festival Dansa Val\u00e8ncia, La\u00a0Casa\u00a0Encesa, el Museu Guggenheim Bilbao, Dansa Metropolitana, Tane\u010dno Festival, Teatre R\u00e8plika, Sala Apol\u00b7lo, Pluto, La Mutant, entre d\u2019altres.\r\n\r\nGuillem Jim\u00e9nez, d\u2019altra banda, treballa com a int\u00e8rpret (Pedro Torres, Amaranta Velarde, Mar Aguil\u00f3, Benjamin Abel, entre altres), aix\u00ed com assistent de coreografia\/director de moviment (Meritxell de Soto, Marina Fueyo, Gabriela Richardosn, entre d\u2019altres). Aquest 2025 estrena a Antic Teatre, dins del Festival Grec, DUPLEX STUDIO (2025), una pe\u00e7a co-creada amb el core\u00f2graf Luqui Lagomarsino.\r\n\r\n&nbsp;\r\n\r\nUna sessi\u00f3 en el marc de la\u00a0<a href=\"https:\/\/museutapies.org\/event\/seguint-el-sol-segona-edicio\/\">segona edici\u00f3 del cicle \u201cSeguint el sol\u201d ,\u00a0<\/a>a cura de Gabriel Virgilio Luciani.","desc_es":"<strong>Oliver 04<\/strong>\r\n\r\nAquest assaig corporal \u00e9s una posada en escena d\u2019una indagaci\u00f3 entorn de les po\u00e8tiques digimodernistes. Serveix de recopilaci\u00f3 de diverses investigacions gestuals que provenen del m\u00f3n que el core\u00f2graf i ballar\u00ed barcelon\u00ed cerca construir a trav\u00e9s de la seva companyia, laSADCUM. Un portal a un m\u00f3n de fantasia que porta a un extrem certs comportaments corporals conreats pel capitalisme i el ciberespai. Mitjan\u00e7ant la s\u00e0tira, Jim\u00e9nez proposa un personatge regit per les l\u00f2giques de la m\u00e0gia pop, els becaris, el tecnofeudalisme i un seguit de convencions cultural online i offline. Oliver \u00e9s una mena d\u2019alter ego, no nom\u00e9s de Jim\u00e9nez sin\u00f3 de tot un r\u00e8gim de cossos subjectes a les autoritats que operen als intersticis de l\u2019algoritme digital.\r\n\r\n&nbsp;\r\n\r\n<strong>Guillem Jim\u00e9nez \/ laSADCUM<\/strong>\r\n\r\nLa SADCUM \u00e9s una companyia barcelonina de dansa del core\u00f2graf Guillem Jim\u00e9nez, que aborda, a partir de la dansa i la coreografia, certes po\u00e8tiques de l\u2019era post-internet.\r\n\r\nlaSADCUM ha dut a terme quatre peces esc\u00e8niques, dues de petit format (THE UNCANNY VALLEY, 2019 i THE LESSON, 2020), dues de gran format (ACLUCALLS, 2022 i NAVAJA, 2024). Tamb\u00e9 han fet dues exposicions (Classmates, 2020; Twink Twink Twink, 2022), tallers i programes de comissariat, aix\u00ed com diverses col\u00b7laboracions amb artistes i institucions. Han rebut els premis: ActAward 2021 a Millor Pe\u00e7a (THE LESSON), 10 Sentits 2021 a Millor Pe\u00e7a (THE LESSON), DansaCat 2024 a Millor Musica (ACLUCALLS), DansaCat 2024 a Millor Coroegrafia (ACLUCALLS), DansaCat Visca 2024 (NAVALLA).\r\n\r\nLes seves obres s\u2019han pogut veure en espais com el CCCB, Teatres del Canal, Festival Dansa Val\u00e8ncia, La\u00a0Casa\u00a0Encesa, el Museu Guggenheim Bilbao, Dansa Metropolitana, Tane\u010dno Festival, Teatre R\u00e8plika, Sala Apol\u00b7lo, Pluto, La Mutant, entre d\u2019altres.\r\n\r\nGuillem Jim\u00e9nez, d\u2019altra banda, treballa com a int\u00e8rpret (Pedro Torres, Amaranta Velarde, Mar Aguil\u00f3, Benjamin Abel, entre altres), aix\u00ed com assistent de coreografia\/director de moviment (Meritxell de Soto, Marina Fueyo, Gabriela Richardosn, entre d\u2019altres). Aquest 2025 estrena a Antic Teatre, dins del Festival Grec, DUPLEX STUDIO (2025), una pe\u00e7a co-creada amb el core\u00f2graf Luqui Lagomarsino.\r\n\r\n&nbsp;\r\n\r\nUna sessi\u00f3 en el marc de la\u00a0<a href=\"https:\/\/museutapies.org\/event\/seguint-el-sol-segona-edicio\/\">segona edici\u00f3 del cicle \u201cSeguint el sol\u201d ,\u00a0<\/a>a cura de Gabriel Virgilio Luciani.","desc_en":"<strong>Oliver 04<\/strong>\r\n\r\nAquest assaig corporal \u00e9s una posada en escena d\u2019una indagaci\u00f3 entorn de les po\u00e8tiques digimodernistes. Serveix de recopilaci\u00f3 de diverses investigacions gestuals que provenen del m\u00f3n que el core\u00f2graf i ballar\u00ed barcelon\u00ed cerca construir a trav\u00e9s de la seva companyia, laSADCUM. Un portal a un m\u00f3n de fantasia que porta a un extrem certs comportaments corporals conreats pel capitalisme i el ciberespai. Mitjan\u00e7ant la s\u00e0tira, Jim\u00e9nez proposa un personatge regit per les l\u00f2giques de la m\u00e0gia pop, els becaris, el tecnofeudalisme i un seguit de convencions cultural online i offline. Oliver \u00e9s una mena d\u2019alter ego, no nom\u00e9s de Jim\u00e9nez sin\u00f3 de tot un r\u00e8gim de cossos subjectes a les autoritats que operen als intersticis de l\u2019algoritme digital.\r\n\r\n&nbsp;\r\n\r\n<strong>Guillem Jim\u00e9nez \/ laSADCUM<\/strong>\r\n\r\nLa SADCUM \u00e9s una companyia barcelonina de dansa del core\u00f2graf Guillem Jim\u00e9nez, que aborda, a partir de la dansa i la coreografia, certes po\u00e8tiques de l\u2019era post-internet.\r\n\r\nlaSADCUM ha dut a terme quatre peces esc\u00e8niques, dues de petit format (THE UNCANNY VALLEY, 2019 i THE LESSON, 2020), dues de gran format (ACLUCALLS, 2022 i NAVAJA, 2024). Tamb\u00e9 han fet dues exposicions (Classmates, 2020; Twink Twink Twink, 2022), tallers i programes de comissariat, aix\u00ed com diverses col\u00b7laboracions amb artistes i institucions. Han rebut els premis: ActAward 2021 a Millor Pe\u00e7a (THE LESSON), 10 Sentits 2021 a Millor Pe\u00e7a (THE LESSON), DansaCat 2024 a Millor Musica (ACLUCALLS), DansaCat 2024 a Millor Coroegrafia (ACLUCALLS), DansaCat Visca 2024 (NAVALLA).\r\n\r\nLes seves obres s\u2019han pogut veure en espais com el CCCB, Teatres del Canal, Festival Dansa Val\u00e8ncia, La\u00a0Casa\u00a0Encesa, el Museu Guggenheim Bilbao, Dansa Metropolitana, Tane\u010dno Festival, Teatre R\u00e8plika, Sala Apol\u00b7lo, Pluto, La Mutant, entre d\u2019altres.\r\n\r\nGuillem Jim\u00e9nez, d\u2019altra banda, treballa com a int\u00e8rpret (Pedro Torres, Amaranta Velarde, Mar Aguil\u00f3, Benjamin Abel, entre altres), aix\u00ed com assistent de coreografia\/director de moviment (Meritxell de Soto, Marina Fueyo, Gabriela Richardosn, entre d\u2019altres). Aquest 2025 estrena a Antic Teatre, dins del Festival Grec, DUPLEX STUDIO (2025), una pe\u00e7a co-creada amb el core\u00f2graf Luqui Lagomarsino.\r\n\r\n&nbsp;\r\n\r\nUna sessi\u00f3 en el marc de la\u00a0<a href=\"https:\/\/museutapies.org\/event\/seguint-el-sol-segona-edicio\/\">segona edici\u00f3 del cicle \u201cSeguint el sol\u201d ,\u00a0<\/a>a cura de Gabriel Virgilio Luciani.","event_category":440,"event_show_only_own_date":true,"_event_confirmed":true,"_event_public":true,"_event_free":false,"_event_price-min":5,"_event_price-max":"","_event_web_ca":"https:\/\/museutapies.org\/event\/seguint-el-sol-guillem-jimenez\/","_event_web_es":"https:\/\/museutapies.org\/event\/seguint-el-sol-guillem-jimenez\/","_event_web_en":"https:\/\/museutapies.org\/event\/seguint-el-sol-guillem-jimenez\/","event_contact_email":"","event_apply_email":"","is_online_event":false,"is_art_nou_event":false,"is_bgw_event":false,"date_text":"","register_deadline":null,"altres_organitzadors":""},"abe_event_venue":"Museu T\u00e0pies","abe_event_category":"Arts en Viu","start":"2025-07-12 19:00:00","end":"2025-07-12 21:00:00","schedule":"once","schedule_meta":"","frequency":1,"all_day":0,"until":"2025-07-12 19:00:00","include":[],"exclude":[],"_links":{"self":[{"href":"https:\/\/graf.cat\/es\/wp-json\/wp\/v2\/events\/49669","targetHints":{"allow":["GET"]}}],"collection":[{"href":"https:\/\/graf.cat\/es\/wp-json\/wp\/v2\/events"}],"about":[{"href":"https:\/\/graf.cat\/es\/wp-json\/wp\/v2\/types\/event"}],"author":[{"embeddable":true,"href":"https:\/\/graf.cat\/es\/wp-json\/wp\/v2\/users\/8"}],"occurrences":[{"embeddable":true,"href":"https:\/\/graf.cat\/es\/wp-json\/wp\/v2\/events\/49669\/occurrences"}],"acf:term":[{"embeddable":true,"taxonomy":"event-category","href":"https:\/\/graf.cat\/es\/wp-json\/wp\/v2\/event-category\/440"}],"wp:featuredmedia":[{"embeddable":true,"href":"https:\/\/graf.cat\/es\/wp-json\/wp\/v2\/media\/49670"}],"wp:attachment":[{"href":"https:\/\/graf.cat\/es\/wp-json\/wp\/v2\/media?parent=49669"}],"wp:term":[{"taxonomy":"event-venue","embeddable":true,"href":"https:\/\/graf.cat\/es\/wp-json\/wp\/v2\/event-venues?post=49669"},{"taxonomy":"event-tag","embeddable":true,"href":"https:\/\/graf.cat\/es\/wp-json\/wp\/v2\/event-tags?post=49669"}],"curies":[{"name":"wp","href":"https:\/\/api.w.org\/{rel}","templated":true}]}}