{"id":49711,"guid":{"rendered":"https:\/\/graf.cat\/?post_type=event&#038;p=49711"},"modified":"2025-07-03T11:44:07","modified_gmt":"2025-07-03T09:44:07","slug":"he-vist-un-color-que-es-mou","status":"publish","type":"event","link":"https:\/\/graf.cat\/es\/events\/event\/he-vist-un-color-que-es-mou\/","title":{"rendered":"HE VIST UN COLOR QUE ES MOU"},"content":{"rendered":"","protected":false},"excerpt":{"rendered":"","protected":false},"author":172,"featured_media":49712,"template":"","meta":{"_acf_changed":false,"_monsterinsights_skip_tracking":false,"_monsterinsights_sitenote_active":false,"_monsterinsights_sitenote_note":"","_monsterinsights_sitenote_category":0},"event-venues":[750],"event-tags":[],"class_list":["post-49711","event","type-event","status-publish","has-post-thumbnail","hentry","event-venue-acvic","event-category-familiar"],"acf":{"title_ca":"HE VIST UN COLOR QUE ES MOU","title_es":"HE VISTO UN COLOR QUE SE MUEVE","title_en":"I SAW A COLOUR MOVING","desc_ca":"<strong>Cer\u00e0mica vora el riu<\/strong>\r\n\r\nDimecres 09\/07\/25\r\nDe 17.30 a 20.00 h\r\n\r\nA c\u00e0rrec d\u2019<strong>Al\u00edcia Casades\u00fas<\/strong>\r\n\r\nActivitat familiar per a totes les edats\r\n\r\nEmmarcada en les <em>Tardes d\u2019estiu al carrer<\/em>\r\n\r\nEn un moment en qu\u00e8 ens empaita la pressa i el soroll d'una societat que es devora a si mateixa, proposem recuperar, per una estoneta, el nostre temps; el de la natura, a la natura.\r\nObservar, conversar, estar, i fer sense cap pressa. Vora el riu.\r\nDe l'observaci\u00f3 del que ens envolta cercarem les formes del que tenim al voltant, les eines; i de les mans movent-se entre l'aire, la terra i el temps, la creaci\u00f3.\r\n\r\nLa cer\u00e0mica \u00e9s la terra barrejada amb l'aigua, deixada assecar per l'aire, i convertida en pedra pel foc. Vet aqu\u00ed la m\u00e0gia!\r\n\r\n<strong>INSCRIPCIONS<\/strong>\r\nActivitat gratu\u00efta. Cal inscripci\u00f3 pr\u00e8via.\r\n\r\n<strong><a href=\"https:\/\/www.acvic.org\/ca\/?option=com_rsform&amp;view=rsform&amp;formId=119\">&gt; Acc\u00e9s al formulari d\u2019inscripci\u00f3<\/a><\/strong>","desc_es":"<strong>Cer\u00e1mica al lado del r\u00edo<\/strong>\r\n\r\nMi\u00e9rcoles 09\/07\/25\r\nDe 17.30 a 20.00 h\r\n\r\nA cargo de <strong>Al\u00edcia Casades\u00fas<\/strong>\r\n\r\nActividad familiar para todas las edades\r\n\r\nEnmarcada en las <em>Tardes d\u2019estiu al carrer<\/em>\r\n\r\nEn un momento en el que nos persigue la prisa y el ruido de una sociedad que se devora a s\u00ed misma, proponemos recuperar, por un ratito, nuestro tiempo; el de la naturaleza, en la naturaleza.\r\nObservar, conversar, estar y hacer sin ninguna prisa. Al lado del r\u00edo.\r\nDe la observaci\u00f3n que nos rodea buscaremos las formas de los que tenemos alrededor, las herramientas; y de las manos movi\u00e9ndose entre el aire, la tierra y el tiempo, la creaci\u00f3n.\r\n\r\nLa cer\u00e1mica es la tierra mezclada con el agua, dejada secar por el aire, y convertida en piedra por el fuego. \u00a1He aqu\u00ed la magia!\r\n\r\n<strong>INSCRIPCIONES<\/strong>\r\nActividad gratuita. Es necesaria inscripci\u00f3n previa.\r\n\r\n<strong><a href=\"https:\/\/www.acvic.org\/ca\/?option=com_rsform&amp;view=rsform&amp;formId=119\">&gt; Acceso al formulario de inscripci\u00f3n<\/a><\/strong>","desc_en":"<strong>Pottery by the River with Al\u00edcia Casades\u00fas<\/strong>\r\n\r\nWednesday 09\/07\/25\r\nFrom 5:30 p.m. to 8 p.m.\r\n\r\nFamily activity for all ages\r\n\r\nPart of <em>Tardes d\u2019estiu al carrer (Summer afternoons in the street) <\/em>\r\n\r\nIn this time when we find ourselves being caught up in the hustle and bustle of a society which is devouring itself, we will reclaim, for a little while, our time; the timeof nature, in nature itself.\r\nUnhurriedly observing, conversing, being, by the river.\r\nObserving our surroundings, finding tools and forms; creating, digging our hands into the earth, and the air, and time.\r\n\r\nPottery is earth mixed with water, left to dry in the air, and petrified by fire. This is the magic!\r\n\r\n<strong>REGISTRATION<\/strong>\r\nFree activity. Prior registration required.\r\n\r\n<strong><a href=\"https:\/\/www.acvic.org\/ca\/?option=com_rsform&amp;view=rsform&amp;formId=119\">&gt; access to the registration form<\/a><\/strong>","event_category":687,"event_show_only_own_date":true,"_event_confirmed":true,"_event_public":true,"_event_free":true,"_event_price-min":"","_event_price-max":"","_event_web_ca":"","_event_web_es":"","_event_web_en":"","event_contact_email":"info@acvic.org","event_apply_email":"","is_online_event":false,"is_art_nou_event":false,"is_bgw_event":false,"date_text":"","register_deadline":null,"altres_organitzadors":""},"abe_event_venue":"ACVIC","abe_event_category":"Familiar","start":"2025-07-09 17:30:00","end":"2025-07-09 20:00:00","schedule":"daily","schedule_meta":"","frequency":1,"all_day":0,"until":"2025-07-09 17:30:00","include":[],"exclude":[],"_links":{"self":[{"href":"https:\/\/graf.cat\/es\/wp-json\/wp\/v2\/events\/49711","targetHints":{"allow":["GET"]}}],"collection":[{"href":"https:\/\/graf.cat\/es\/wp-json\/wp\/v2\/events"}],"about":[{"href":"https:\/\/graf.cat\/es\/wp-json\/wp\/v2\/types\/event"}],"author":[{"embeddable":true,"href":"https:\/\/graf.cat\/es\/wp-json\/wp\/v2\/users\/172"}],"occurrences":[{"embeddable":true,"href":"https:\/\/graf.cat\/es\/wp-json\/wp\/v2\/events\/49711\/occurrences"}],"acf:term":[{"embeddable":true,"taxonomy":"event-category","href":"https:\/\/graf.cat\/es\/wp-json\/wp\/v2\/event-category\/687"}],"wp:featuredmedia":[{"embeddable":true,"href":"https:\/\/graf.cat\/es\/wp-json\/wp\/v2\/media\/49712"}],"wp:attachment":[{"href":"https:\/\/graf.cat\/es\/wp-json\/wp\/v2\/media?parent=49711"}],"wp:term":[{"taxonomy":"event-venue","embeddable":true,"href":"https:\/\/graf.cat\/es\/wp-json\/wp\/v2\/event-venues?post=49711"},{"taxonomy":"event-tag","embeddable":true,"href":"https:\/\/graf.cat\/es\/wp-json\/wp\/v2\/event-tags?post=49711"}],"curies":[{"name":"wp","href":"https:\/\/api.w.org\/{rel}","templated":true}]}}