{"id":49721,"guid":{"rendered":"https:\/\/graf.cat\/?post_type=event&#038;p=49721"},"modified":"2025-07-04T15:34:07","modified_gmt":"2025-07-04T13:34:07","slug":"lhora-del-pati-2-2-2-3-2-2-2-3-2","status":"publish","type":"event","link":"https:\/\/graf.cat\/es\/events\/event\/lhora-del-pati-2-2-2-3-2-2-2-3-2\/","title":{"rendered":"L&#8217;hora del pati | Videoart i m\u00fasica"},"content":{"rendered":"","protected":false},"excerpt":{"rendered":"","protected":false},"author":159,"featured_media":49646,"template":"","meta":{"_acf_changed":false,"_monsterinsights_skip_tracking":false,"_monsterinsights_sitenote_active":false,"_monsterinsights_sitenote_note":"","_monsterinsights_sitenote_category":0},"event-venues":[635],"event-tags":[],"class_list":["post-49721","event","type-event","status-publish","has-post-thumbnail","hentry","event-venue-mac-preso","event-category-festival"],"acf":{"title_ca":"L'hora del pati | Videoart i m\u00fasica","title_es":"La hora del patio | Videoarte y m\u00fasica","title_en":"Patio time | Videoart and music","desc_ca":"<strong>Dilluns 28 de juliol <\/strong><strong>\r\n<\/strong>(obertura de portes: 23.30 h)\r\n<strong><span class=\"TextRun MacChromeBold SCXW205495417 BCX0\" lang=\"EN-US\" xml:lang=\"EN-US\" data-contrast=\"auto\"><span class=\"NormalTextRun SCXW205495417 BCX0\">24 h |\u00a0<\/span><\/span><\/strong><b data-olk-copy-source=\"MailCompose\"><strong>Neus Masdeu<\/strong>\u00a0<\/b><strong> <span class=\"LineBreakBlob BlobObject DragDrop SCXW205495417 BCX0\"><span class=\"SCXW205495417 BCX0\">(espectacle perform\u00e0tic)<\/span><br class=\"SCXW205495417 BCX0\" \/><\/span><span class=\"TextRun MacChromeBold SCXW205495417 BCX0\" lang=\"EN-US\" xml:lang=\"EN-US\" data-contrast=\"none\"><span class=\"NormalTextRun SCXW205495417 BCX0\">+ <\/span><span class=\"NormalTextRun SpellingErrorV2Themed SCXW205495417 BCX0\">gandula<\/span><span class=\"NormalTextRun SCXW205495417 BCX0\"> solid\u00e0ria<\/span><\/span><span class=\"LineBreakBlob BlobObject DragDrop SCXW205495417 BCX0\"><span class=\"SCXW205495417 BCX0\"> (sorteig)<\/span><br class=\"SCXW205495417 BCX0\" \/><\/span>\r\n<\/strong>\r\n\r\n<strong>PESPECTACLE PERFORM\u00c0TIC | 24 h<\/strong>\r\n\r\n<b data-olk-copy-source=\"MailCompose\"><strong>Neus Masdeu<\/strong><\/b> | <em>La Festa de la Juliana (Comparsa gastron\u00f2mica ultralocal)<\/em><em>.<\/em>\r\n<div data-olk-copy-source=\"MailCompose\">Espectacle perform\u00e0tic creat per Neus Masdeu <em>site-specific<\/em> per a la Pres\u00f3.\r\nSi alguna cosa li agrada a la Neus Masdeu \u00e9s la gastronomia, la festa, la cultura popular i els misteris. L\u2019artista aterra al M|A|C al bell mig de Les Santes, i en concret el dia 28 de juliol, l\u2019\u00fanic dia de tot l\u2019any que es pren el secret m\u00e9s preuat: la Juliana.<\/div>\r\nAix\u00ed doncs, amb aquest meravell\u00f3s context, Neus Masdeu amb una confer\u00e8ncia performativa i una petita cercavila ens desvetllar\u00e0 els intr\u00edngulis i an\u00e8cdotes d\u2019aquesta recepta i la seva democratitzaci\u00f3. Farem un brindis!\r\n\r\n<span lang=\"CA-ES\" data-contrast=\"auto\"><strong>Neus Masdeu\u00a0<\/strong><\/span><strong>\u00a0<\/strong>\r\n<span lang=\"CA-ES\" data-contrast=\"none\">Arenys de Mar, Barcelona, 1995<\/span><span data-ccp-props=\"{&quot;134233117&quot;:false,&quot;134233118&quot;:false,&quot;134245417&quot;:false,&quot;201341983&quot;:0,&quot;335551550&quot;:1,&quot;335551620&quot;:1,&quot;335559738&quot;:0,&quot;335559739&quot;:0,&quot;335559740&quot;:240}\">\u00a0<\/span>\r\n<a href=\"https:\/\/www.neusmasdeu.info\" target=\"_blank\" rel=\"noreferrer noopener\"><span lang=\"CA-ES\" data-contrast=\"none\"><span data-ccp-charstyle=\"Hyperlink\">www.neusmasdeu.info<\/span><\/span><\/a>\r\n\r\n&nbsp;\r\n\r\n<strong>SORTEIG GANDULA SOLID\u00c0RIA\r\n<\/strong>Sorteig entre tot el p\u00fablic que hagi comprat n\u00fameros aquest dia d\u2019una de les 9 gandules solid\u00e0ries que han intervingut 9 artistes de manera altruista. Si us toca, us l\u2019endueu a casa!\r\nEls artistes participants han estat:\u00a0<span lang=\"ES-ES\" data-contrast=\"none\"><strong>Josep M. Codina<\/strong><\/span>,\u00a0<span lang=\"ES-ES\" data-contrast=\"auto\"><strong>Laia Arnau<\/strong><\/span>,\u00a0<span lang=\"ES-ES\" data-contrast=\"none\"><strong>Lola Solanilla<\/strong><\/span>,\u00a0<span lang=\"ES-ES\" data-contrast=\"none\"><strong>Magda Codina<\/strong><\/span>,\u00a0<span lang=\"ES-ES\" data-contrast=\"none\"><strong>Marc Salicr\u00fa<\/strong><\/span>,\u00a0<span lang=\"ES-ES\" data-contrast=\"none\"><strong>Neus Masdeu<\/strong><\/span>,\u00a0<span lang=\"ES-ES\" data-contrast=\"none\"><strong>Neil Harbisson<\/strong><\/span>,\u00a0<span lang=\"ES-ES\" data-contrast=\"none\"><strong>Pol U\u00f1\u00f3 G.<\/strong><\/span>\u00a0i\u00a0<span lang=\"ES-ES\" data-contrast=\"none\"><strong>Regina Gim\u00e9nez<\/strong><\/span>.\r\n\r\n&nbsp;\r\n\r\n&nbsp;\r\n\r\n<hr \/>\r\n\r\n<strong>Informaci\u00f3 addicional<\/strong>\r\nEntrada lliure (aforament limitat)\r\nObertura de portes: 30 minuts abans de l\u2019inici\r\nServei de bar (30 minuts abans de l\u2019inici)\r\nLa gandula solid\u00e0ria: adquireix la teva participaci\u00f3 a l\u2019entrada (10 \u20ac)\r\n\r\nPer a m\u00e9s informaci\u00f3:\u00a0<a href=\"https:\/\/www.mataroartcontemporani.cat\/\" target=\"_blank\" rel=\"noopener noreferrer\"><strong>Web Matar\u00f3|Art|Contemporani<\/strong><\/a>\r\n\r\n<hr \/>\r\n\r\nA\u00a0<strong>l\u2019hora del pati<\/strong>\u00a0passen moltes coses. No solament \u00e9s un moment dedicat al descans o a l\u2019esmorzar: \u00e9s un espai en qu\u00e8 desvetllem les nostres habilitats socials (la comunicaci\u00f3, la cooperaci\u00f3, la resoluci\u00f3 de conflictes, l\u2019intercanvi i la negociaci\u00f3) i tamb\u00e9 un espai assequible a tothom, perqu\u00e8 no sempre s\u2019imposin els mateixos, els qui tenen m\u00e9s espai o tenen m\u00e9s poder.\r\n\r\nEl pati del M|A|C \u00e9s un lloc amable, c\u00f2mode i c\u00e0lid, per a p\u00fablics diversos (tamb\u00e9 el p\u00fablic familiar), per passar els vespres de juliol en companyia, en un pati convertit en la sala de cinema del centre d\u2019art i un espai estiuenc de trobada, amb bar i m\u00fasica en directe.\r\n\r\n&nbsp;\r\n\r\n&nbsp;\r\n\r\n&nbsp;","desc_es":"<strong>Lunes 28 de julio <\/strong>\r\n(Apertura de puertas: 23:30 h)\r\n<strong><span class=\"TextRun MacChromeBold SCXW205495417 BCX0\" lang=\"EN-US\" xml:lang=\"EN-US\" data-contrast=\"auto\"><span class=\"NormalTextRun SCXW205495417 BCX0\">24 h <span class=\"TextRun SCXW72852867 BCX0\" lang=\"CA-ES\" xml:lang=\"CA-ES\" data-contrast=\"auto\"><span class=\"NormalTextRun SCXW72852867 BCX0\">|\u00a0<b data-olk-copy-source=\"MailCompose\">Neus Masdeu\u00a0<\/b> (espect\u00e1culo perform\u00e1tico)<\/span><\/span><\/span><\/span><\/strong>\r\n<strong>+ Tumbonas Solidaria (sorteo)<\/strong>\r\n\r\n&nbsp;\r\n\r\n<strong>ESPECT\u00c1CULO PERFORM\u00c1TICO | 24 h<\/strong>\r\n\r\n<b data-olk-copy-source=\"MailCompose\"><strong>Neus Masdeu<\/strong>\u00a0<\/b>| <em>La Fiesta de la Juliana (Comparsa gastron\u00f3mica)<\/em>.\r\n\r\nEspect\u00e1culo perform\u00e1tico creado por Neus Masdeu site-specific para la C\u00e1rcel.\r\nSi algo le gusta a Neus Masdeu es la gastronom\u00eda, la fiesta, la cultura popular y los misterios. El artista aterriza en el M|A|C en medio de Les Santes, y en concreto el d\u00eda 28 de julio, el \u00fanico d\u00eda de todo el a\u00f1o que se toma el secreto m\u00e1s preciado: Juliana.\r\n\r\nAs\u00ed pues, con este maravilloso contexto, Neus Masdeu con una conferencia performativa y un peque\u00f1o pasacalle nos desvelar\u00e1 los intr\u00edngulis y an\u00e9cdotas de esta receta y su democratizaci\u00f3n. \u00a1Haremos un brindis!\r\n\r\n<strong>Nieves Masdeu<\/strong>\r\nArenys de Mar, Barcelona, \u200b\u200b1995\r\n<a href=\"https:\/\/www.neusmasdeu.info\" target=\"_blank\" rel=\"noreferrer noopener\"><span lang=\"CA-ES\" data-contrast=\"none\"><span data-ccp-charstyle=\"Hyperlink\">www.neusmasdeu.info<\/span><\/span><\/a>\r\n\r\n&nbsp;\r\n\r\n<strong>SORTEO TUMBONAS BEN\u00c9FICAS<\/strong>\r\nSorteo entre todo el p\u00fablico que haya comprado dorsales ese d\u00eda en una de las 9 tumbonas ben\u00e9ficas en las que han participado altruistamente 9 artistas. \u00a1Si te toca, te lo llevas a casa!\r\nLos artistas participantes han sido: <strong>Josep M. Codina<\/strong>, <strong>Laia Arnau<\/strong>, <strong>Lola Solanilla<\/strong>, <strong>Magda Codina<\/strong>, <strong>Marc Salicr\u00fa<\/strong>, <strong>Neus Masdeu<\/strong>, <strong>Neil Harbisson<\/strong>, <strong>Pol U\u00f1\u00f3 G.<\/strong> y <strong>Regina Gim\u00e9nez<\/strong>.\r\n\r\n&nbsp;\r\n\r\n<hr \/>\r\n\r\n<strong>Informaci\u00f3n adiciona<\/strong>l\r\nEntrada gratuita (aforo limitado)\r\nApertura de puertas: 30 minutos antes del inicio\r\nServicio de bar (30 minutos antes del inicio)\r\nLa tumbona solidaria: compra tu participaci\u00f3n en la entrada (10 \u20ac)\r\n\r\nPara m\u00e1s informaci\u00f3n: <strong><a href=\"https:\/\/www.mataroartcontemporani.cat\/\">Matar\u00f3 Web|Art|Contemporary<\/a><\/strong>\r\n\r\n<hr \/>\r\n\r\nMuchas cosas pasan en <strong>La hora del patio<\/strong>. No es solo un momento dedicado al descanso o al desayuno: es un espacio donde ponemos a prueba nuestras habilidades sociales (comunicaci\u00f3n, cooperaci\u00f3n, resoluci\u00f3n de conflictos, intercambio y negociaci\u00f3n) y tambi\u00e9n un espacio accesible para todos, para que no siempre se impongan los mismos, quienes tienen m\u00e1s espacio o m\u00e1s poder.\r\n\r\nEl patio del M|A|C es un lugar acogedor, c\u00f3modo y c\u00e1lido, para p\u00fablicos diversos (incluyendo familias), donde pasar las tardes de julio en compa\u00f1\u00eda, en un patio reconvertido en el cine del centro de arte y espacio de encuentro de verano, con bar y m\u00fasica en directo.","desc_en":"<strong>Monday 28 July <\/strong>\r\n(doors open: 11.30pm)\r\n<strong>00 am <span class=\"TextRun MacChromeBold SCXW205495417 BCX0\" lang=\"EN-US\" xml:lang=\"EN-US\" data-contrast=\"auto\"><span class=\"NormalTextRun SCXW205495417 BCX0\"><span class=\"TextRun SCXW72852867 BCX0\" lang=\"CA-ES\" xml:lang=\"CA-ES\" data-contrast=\"auto\"><span class=\"NormalTextRun SCXW72852867 BCX0\">|\u00a0<b data-olk-copy-source=\"MailCompose\">Neus Masdeu\u00a0<\/b> (performance show)<\/span><\/span><\/span><\/span><\/strong>\r\n<strong>+ charity lounger (draw)<\/strong>\r\n\r\n&nbsp;\r\n\r\n<strong>PERFORMANCE SHOW | 00 am<\/strong>\r\n\r\n<strong><span class=\"TextRun MacChromeBold SCXW205495417 BCX0\" lang=\"EN-US\" xml:lang=\"EN-US\" data-contrast=\"auto\"><span class=\"NormalTextRun SCXW205495417 BCX0\"><span class=\"TextRun SCXW72852867 BCX0\" lang=\"CA-ES\" xml:lang=\"CA-ES\" data-contrast=\"auto\"><span class=\"NormalTextRun SCXW72852867 BCX0\"><b data-olk-copy-source=\"MailCompose\">Neus Masdeu<\/b><\/span><\/span><\/span><\/span> <\/strong>|The Juliana Fest (Ultralocal Gastronomic Show).\r\nA site-specific performance show created by Neus Masdeu for the Prison.\r\nIf there is one thing Neus Masdeu likes, it is gastronomy, parties, popular culture and mysteries. The artist lands at the M|A|C in the heart of Les Santes, and specifically on July 28, the only day of the year that the most precious secret is taken: Juliana.\r\n\r\nSo, with this wonderful context, Neus Masdeu with a performative conference and a small parade will reveal to us the ins and outs and anecdotes of this recipe and its democratization. Let's make a toast!\r\n\r\n<strong>Neus Masdeu<\/strong>\r\nArenys de Mar, Barcelona, \u200b\u200b1995\r\n<a href=\"https:\/\/www.neusmasdeu.info\" target=\"_blank\" rel=\"noreferrer noopener\"><span lang=\"CA-ES\" data-contrast=\"none\"><span data-ccp-charstyle=\"Hyperlink\">www.neusmasdeu.info<\/span><\/span><\/a>\r\n\r\n&nbsp;\r\n\r\n<strong>CHARITY LOUNGER DRAW<\/strong>\r\nRaffle among all the public who have bought numbers that day from one of the 9 charity loungers that 9 artists have altruistically participated in. If it\u2019s your turn, you take it home!\r\nThe participating artists have been: <strong>Josep M. Codina<\/strong>, <strong>Laia Arnau<\/strong>, <strong>Lola Solanilla<\/strong>, <strong>Magda Codina<\/strong>, <strong>Marc Salicr\u00fa<\/strong>, <strong>Neus Masdeu<\/strong>, <strong>Neil Harbisson<\/strong>, <strong>Pol U\u00f1\u00f3 G.<\/strong> and <strong>Regina Gim\u00e9nez<\/strong>.\r\n\r\n&nbsp;\r\n\r\n<hr \/>\r\n\r\n<strong>Additional information<\/strong>\r\nFree admission (limited capacity)\r\nDoors open: 30 minutes before the start\r\nBar service (30 minutes before the start)\r\nThe solidarity lounger: purchase your participation at the entrance (10 \u20ac)\r\n\r\nFor more information: <strong><a href=\"https:\/\/www.mataroartcontemporani.cat\/\">Matar\u00f3 Web|Art|Contemporary<\/a><\/strong>\r\n\r\n<hr \/>\r\n\r\nMany things happen at <strong>patio time<\/strong>. It is not only a moment dedicated to rest or breakfast: it is a space in which we reveal our social skills (communication, cooperation, conflict resolution, exchange and negotiation) and also a space accessible to everyone, so that the same ones do not always impose themselves, those who have more space or have more power.\r\n\r\nThe patio of the M|A|C is a friendly, comfortable and warm place, for diverse audiences (including family audiences), to spend July evenings in company, in a patio converted into the art center\u2019s cinema and a summer meeting space, with a bar and live music.","event_category":481,"event_show_only_own_date":false,"_event_confirmed":true,"_event_public":true,"_event_free":true,"_event_price-min":"","_event_price-max":"","_event_web_ca":"https:\/\/www.mataroartcontemporani.cat\/posts_activitats\/lhora-del-pati-2\/","_event_web_es":"","_event_web_en":"","event_contact_email":"","event_apply_email":"","is_online_event":false,"is_art_nou_event":false,"is_bgw_event":false,"date_text":"","register_deadline":null,"altres_organitzadors":""},"abe_event_venue":"M|A|C Pres\u00f3","abe_event_category":"Festival","start":"2025-07-28 23:30:00","end":"2025-07-29 02:00:00","schedule":"once","schedule_meta":"","frequency":1,"all_day":0,"until":"2025-07-28 23:30:00","include":[],"exclude":[],"_links":{"self":[{"href":"https:\/\/graf.cat\/es\/wp-json\/wp\/v2\/events\/49721","targetHints":{"allow":["GET"]}}],"collection":[{"href":"https:\/\/graf.cat\/es\/wp-json\/wp\/v2\/events"}],"about":[{"href":"https:\/\/graf.cat\/es\/wp-json\/wp\/v2\/types\/event"}],"author":[{"embeddable":true,"href":"https:\/\/graf.cat\/es\/wp-json\/wp\/v2\/users\/159"}],"occurrences":[{"embeddable":true,"href":"https:\/\/graf.cat\/es\/wp-json\/wp\/v2\/events\/49721\/occurrences"}],"acf:term":[{"embeddable":true,"taxonomy":"event-category","href":"https:\/\/graf.cat\/es\/wp-json\/wp\/v2\/event-category\/481"}],"wp:featuredmedia":[{"embeddable":true,"href":"https:\/\/graf.cat\/es\/wp-json\/wp\/v2\/media\/49646"}],"wp:attachment":[{"href":"https:\/\/graf.cat\/es\/wp-json\/wp\/v2\/media?parent=49721"}],"wp:term":[{"taxonomy":"event-venue","embeddable":true,"href":"https:\/\/graf.cat\/es\/wp-json\/wp\/v2\/event-venues?post=49721"},{"taxonomy":"event-tag","embeddable":true,"href":"https:\/\/graf.cat\/es\/wp-json\/wp\/v2\/event-tags?post=49721"}],"curies":[{"name":"wp","href":"https:\/\/api.w.org\/{rel}","templated":true}]}}