{"id":49796,"guid":{"rendered":"https:\/\/graf.cat\/?post_type=event&#038;p=49796"},"modified":"2025-07-10T12:57:37","modified_gmt":"2025-07-10T10:57:37","slug":"agnes-mateus-i-quim-tarrida-rebota-rebota-y-en-tu-cara-explota","status":"publish","type":"event","link":"https:\/\/graf.cat\/es\/events\/event\/agnes-mateus-i-quim-tarrida-rebota-rebota-y-en-tu-cara-explota\/","title":{"rendered":"Agn\u00e9s Mateus i Quim Tarrida &#8211; Rebota rebota y en tu cara explota"},"content":{"rendered":"","protected":false},"excerpt":{"rendered":"","protected":false},"author":86,"featured_media":49792,"template":"","meta":{"_acf_changed":false,"_monsterinsights_skip_tracking":false,"_monsterinsights_sitenote_active":false,"_monsterinsights_sitenote_note":"","_monsterinsights_sitenote_category":0},"event-venues":[36],"event-tags":[],"class_list":["post-49796","event","type-event","status-publish","has-post-thumbnail","hentry","event-venue-antic-teatre","event-category-arts-in-viu"],"acf":{"title_ca":"Agn\u00e9s Mateus i Quim Tarrida - Rebota rebota y en tu cara explota","title_es":"Agn\u00e9s Mateus i Quim Tarrida - Rebota rebota y en tu cara explota","title_en":"Agn\u00e9s Mateus i Quim Tarrida - Rebota rebota y en tu cara explota","desc_ca":"Ens hauria d\u2019explotar la vida a la cara m\u00e9s sovint \u2026\r\nSortim a celebrar el futbol en centenars de milers. Ens venem els pisos i els apartaments a preus impossibles per a nosaltres mateixes i despr\u00e9s ens manifestem contra el turisme. Els nostres amics s\u2019han convertit en pol\u00edtics i ara viuen en un despatx.\r\nAssassinem dones a ra\u00f3 de dues per setmana des de fa 10 anys i nosaltres encara hem de continuar defensant-nos i justificant-nos davant la gent que ens escolta. Aix\u00f2 si, que no falti els minuts de silenci a la porta de l\u2019ajuntament amb cada mort. Les dones no \u201cperdem\u201d la vida, a les dones ens assassinen. Comencem a cridar les coses pel seu nom.\r\n\u2026 ens hauria d\u2019explotar la vida a la cara m\u00e9s sovint.\r\n\r\n<hr \/>\r\n\r\n<strong>Agn\u00e9s Mateus<\/strong>, Barcelona 1967.\r\nPerformer i artista multidisciplinar, treballa amb <strong>Juan Navarro, Roger Bernat, Rodrigo Garc\u00eda i Simona Levi,<\/strong> amb els que continua col\u00b7laborant en diversos projectes. Cursa paral\u00b7lelament la carrera de Periodisme i estudis de Teatre, fins que entra al m\u00f3n de la interpretaci\u00f3 de la m\u00e0 de Txiqui Berraondo i Manuel Lillo a Barcelona. Compagina els estudis de teatre i dansa. Per\u00f2 al 1996 defineix la seva traject\u00f2ria quan neix el <strong>Col\u00b7lectiu General El\u00e8ctrica<\/strong>. Forma part del nucli de creaci\u00f3 de la General El\u00e8ctrica i hi treballa fins la seva dissoluci\u00f3, vuit anys m\u00e9s tard.\r\n\r\n<strong>Quim Tarrida<\/strong>, Barcelona 1967.\r\nArtista multidisciplinari d\u2019est\u00e8tica <em>neopop<\/em> per\u00f2 tamb\u00e9 amb un pes espec\u00edfic del llegat de l\u2019art conceptual. S\u2019inici\u00e0 al camp del dibuix i del c\u00f2mic a la d\u00e8cada dels 80, creant el seu propi univers (<strong>M\u00f3n Subcut\u00e1ni<\/strong>). Al marge de la producci\u00f3 art\u00edstica m\u00e9s vinculada al m\u00f3n de la performance i la m\u00fasica, realitza obra fotogr\u00e0fica, videogr\u00e0fica, pict\u00f2rica i escult\u00f2rica en la qual estableix vincles amb l\u2019univers de la inf\u00e0ncia perduda, fascinat per la joguina, tot all\u00f2 org\u00e0nic, el c\u00f2mic. Als seus darrers temps, part del seu treball ha girat entorn de la m\u00fasica contempor\u00e0nia, l\u2019acci\u00f3 sonora. En aquest sentit destaquen els concerts als quals ha incorporat joguines electr\u00f2niques musicals. Paral\u00b7lelament ha desenvolupat la seva carrera professional com a director creatiu i d\u2019art en ag\u00e8ncies de publicitat, estudis de disseny i comunicaci\u00f3 interactiva. Actualment col\u00b7labora amb l\u2019actriu i directora Agn\u00e9s Mateus en les obres de teatre<em><strong> Hostiando a M <\/strong><\/em>i<em><strong> Rebota rebota y en tu cara explota <\/strong><\/em>com a co-director, creaci\u00f3 i realitzaci\u00f3 dels audiovisuals.\r\n\r\nCreaci\u00f3 i Direcci\u00f3 \u2013 Agn\u00e9s Mateus i Quim Tarrida\r\nInt\u00e8rpret \u2013 Agn\u00e9s Mateus\r\nConvidats \u2013 Pablo Domychovsky\r\nEspai sonor i audiovisual \u2013 Quim Tarrida\r\nT\u00e8cnica de llums \u2013 Laura Morin\r\nFotografia \u2013 Quim Tarrida\r\n\r\nEstrenat al Festival TNT\/ 30 de set 2017.\r\n\r\nPremi del p\u00fablic del 37 Festival d\u2019Almada 2020. Espect\u00e1culo de Honra 2021.\r\nPremi Butaca 2018 a les Noves Aportacions Esc\u00e8niques\r\nPremi FAD Sebasti\u00e0 Gasch Aplaudiment 2018.\r\nPremi de la Cr\u00edtica 2017 com a millor espectacle de Noves Tend\u00e8ncies.\r\n\r\nCoproducci\u00f3 del Festival TNT \u2013 Terrassa Noves Tend\u00e8ncies 2017, l\u2019Antic Teatre i Konvent punt zero (Berga).\r\nAmb el suport de: La Poderosa, Nau Ivanow i el Teatre La Massa (Vilassar de Dalt).\r\n<div class=\"entry-languages\"><strong><span class=\"strong\">Idiomes: <\/span>castell\u00e0<\/strong><\/div>\r\n<div class=\"entry-duration\"><strong><span class=\"strong\">Durada: <\/span>75 minuts<\/strong><\/div>\r\n<div class=\"recommended-age entry-duration\"><strong><span class=\"strong\">Edat recomanada: <\/span>+14 anys<\/strong><\/div>\r\n<div class=\"warning entry-duration\"><strong><span class=\"strong\">Atenci\u00f3: <\/span>a l'espectacle es fa \u00fas d'una m\u00e0quina de fum i de llums estrobosc\u00f2piques.<\/strong><\/div>","desc_es":"Nos deber\u00eda explotar la vida en la cara m\u00e1s a menudo\u2026\r\nSalimos a celebrar el futbol en cientos de miles. Nos vendemos los pisos y los apartamentos a precios imposibles para nosotras mismas y luego nos manifestamos contra el turismo. Nuestros amigos se han convertido en pol\u00edticos y ahora viven en un despacho.\r\nAsesinamos mujeres a raz\u00f3n de dos por semana desde hace 10 a\u00f1os y nosotras todav\u00eda tenemos que continuar defendi\u00e9ndonos y justific\u00e1ndonos ante la gente que nos escucha. Eso si, que no falte el minutos de silencio en la puerta del ayuntamiento con cada muerte. Las mujeres no \u201cperdemos\u201d la vida, a las mujeres nos asesinan. Vamos a empezar a llamar a las cosas por su nombre.\r\n\u2026 nos deber\u00eda explotar la vida en la cara m\u00e1s a menudo.\r\n\r\n<hr \/>\r\n\r\n<strong>Agn\u00e9s Mateus<\/strong>, Barcelona 1967.\r\nPerformer y artista multidisciplinar, trabaja con Juan Navarro, Roger Bernat, Rodrigo Garc\u00eda y Simona Levi, con los que contin\u00faa colaborando en varios proyectos en la actualidad. Trabaja \u00faltimamente con el artista Quim Tarrida, con el que han creado tres espect\u00e1culos <em>Hostiando a M<\/em> y <em>Rebota rebota y en t\u00fa cara explota<\/em> (estrenado al Festival TNT. Premio de la Cr\u00edtica 2017 como mejor espect\u00e1culo de Nuevas Tendencias. Una creaci\u00f3n sobre la violencia de g\u00e9nero actualmente encara de gira) y <em>Patatas Fritas Falsas<\/em>, estrenado el TNC-Teatro Nacional de Catalu\u00f1a en 2022. Cursa paralelamente la carrera de Periodismo y estudios de Teatro, hasta que entra al mundo de la interpretaci\u00f3n de la mano de Txiqui Berraondo y Manuel Lillo en Barcelona. Compagina los estudios de teatro y danza. Pero en 1996 define su trayectoria cuando nace el Colectivo General El\u00e9ctrica. Forma parte del n\u00facleo de creaci\u00f3n de la General El\u00e9ctrica y trabaja hasta su disoluci\u00f3n, ocho a\u00f1os m\u00e1s tarde.\r\n<strong>Quim Tarrida<\/strong>, Barcelona 1967.\r\nArtista multidisciplinario de est\u00e9tica neopop pero tambi\u00e9n con un peso espec\u00edfico del legado del arte conceptual. Se inici\u00f3 en el campo del dibujo y del c\u00f3mico en la d\u00e9cada de los 80, creando su propio universo (Mundo Subcutaneo). Al margen de la producci\u00f3n art\u00edstica m\u00e1s vinculada en el mundo de la performance y la m\u00fasica, realiza obra fotogr\u00e1fica, videogr\u00e1fica, pict\u00f3rica y escult\u00f3rica en la cual establece v\u00ednculos con el universo de la infancia perdida, fascinado por el juguete, todo aquello org\u00e1nico, lo c\u00f3mico.\r\nEn sus \u00faltimos tiempos, parte de su trabajo ha girado en torno a la m\u00fasica contempor\u00e1nea, la acci\u00f3n sonora. En este sentido destacan los conciertos a los cuales ha incorporado juguetes electr\u00f3nicos musicales. Paralelamente ha desarrollado su carrera profesional como director creativo y de arte en agencias de publicidad, estudios de dise\u00f1o y comunicaci\u00f3n interactiva. Actualmente trabaja con la actriz y directora Agn\u00e9s Mateus en las obras de teatro <em>Hostiando a M,<\/em> <em>Rebota rebota y en t\u00fa cara explota<\/em> y <em>Patatas Fritas Falsas<\/em> como co-director y en la creaci\u00f3n y realizaci\u00f3n de los audiovisuales.\r\n\r\nCreaci\u00f3n y Direcci\u00f3n-Agn\u00e9s Mateus y Quim Tarrida\r\nInt\u00e9rprete-Agn\u00e9s Mateus\r\nColaborador-Pablo Domichovsky\r\nEspacio sonoro y audiovisual-Quim Tarrida\r\nEspacio de luces-Laura Morin\r\nCordinadora T\u00e9cnica-Laura Morin\r\nFotograf\u00eda-Quim Tarrida\r\n\r\nEstrenado en el Festival TNT el 30 septiembre 2017.\r\n\r\nPremio del p\u00fablico Festival de Almada 2020 Espect\u00e1culo de Honra\r\nPremio de la Cr\u00edtica 2017 al mejor espect\u00e1culo de Nuevas Tendencias.\r\nPremio FAD Sebasti\u00e0 Gasch Aplauso 2018.\r\nPremio Butaca 2018 a las Nuevas Aportaciones Esc\u00e9nicas.\r\n\r\nCoproducci\u00f3n del Festival TNT \u2013 Terrassa Noves Tend\u00e8ncies 2017, Antic Teatre y Konvent (Berga).\r\nSoporte de: La Poderosa, Nau Ivanow y el Teatre La Massa (Vilassar de Dalt).\r\n<div class=\"entry-languages\"><strong><span class=\"strong\">Idiomas: <\/span>castellano<\/strong><\/div>\r\n<div class=\"entry-duration\"><strong><span class=\"strong\">Duraci\u00f3n: <\/span>75 minutos<\/strong><\/div>\r\n<div class=\"recommended-age entry-duration\"><strong><span class=\"strong\">Edad recomendada: <\/span>+14 a\u00f1os<\/strong><\/div>\r\n<div class=\"warning entry-duration\"><strong><span class=\"strong\">Atenci\u00f3n: <\/span>en el espect\u00e1culo se utilizan luces estrobosc\u00f3picas y una m\u00e1quina de humo.<\/strong><\/div>","desc_en":"Life should blow up in our faces more often\u2026\r\nWe go out and celebrate football in our hundreds of thousands. We sell each other our flats and apartments at prices we couldn\u2019t afford ourselves and then we campaign against tourism. Our friends have become politicians and now live in ofices. Women have been murdered at the rate of two a week for the past 10 years and as women we still have to defend and justify ourselves to the people who listen to us. But let\u2019s not forget to hold a minute of silence outside the town hall for every death. We women don\u2019t \u201close\u201d our lives, we are murdered. Let\u2019s start calling things by their names.\r\n\u2026 life should blow up in our faces more often.\r\n\r\n<hr \/>\r\n\r\n<strong>Agn\u00e9s Mateus<\/strong>, Barcelona 1967.\r\nAgn\u00e9s Mateus is a performer and multidisciplinary artist who has worked with Colectivo General El\u00e9ctrica, Roger Bernat, Rodrigo Garc\u00eda and Juan Navarro. This is her second work as creator. In the first one <em>Hostiando a M<\/em>, she started collaborated for the first time with the artist Quim Tarrida. She studied Journalism and theatre simultaneously, until she entered the world of performance under the aegis of Txiqui Barraondo and Manuel Lillo in Barcelona. She then combined drama and dance studies. Her career gained definition in 2006, when the Colectivo General El\u00e9ctrica (Barcelona) was created. Agn\u00e9s was a core member of this group and worked with them until its dissolution eight years later.\r\n<strong>Quim Tarrida<\/strong>, Barcelona 1967.\r\nVisual artist primarily, but also a multidisciplinary artist with neopop aesthetic influenced by conceptual art. He began drawing comics in the mid 80s, creating his own universe (Mundo Subcut\u00e1neo- \u201cSubcutaneous World\u201d). Aside from artistic work linked to music and performance, he also produces photographs, videos, and other two- and three-dimensional art in which he establishes links with the universe of lost childhood, with a fascination for toys, for what is organic, for comics. Tarrida works in the grey area between the playful element of ersatz children\u2019s toys and weaponry, highlighting the thin line that separates each reality from the other. Lately, part of his work has had more to do with sound art, contemporary music and sound actions, notably concerts in which he uses electronic musical toys. At the same time, he has developed his professional career as creative and art director in advertising agencies, design studios and interactive communication. At present he collaborates with actress and director Agn\u00e9s Mateus in her performance works <em>Hostiando a M<\/em> and <em>Rebota rebota y en tu cara explota <\/em>as co-director, and creator and director of audiovisuals.\r\n\r\nCreated and directed \u2013 Agn\u00e9s Mateus&amp;Quim Tarrida\r\nPerformer \u2013 Agn\u00e9s Mateus\r\nGuest \u2013 Pablo Domichovsky and one extra\r\nSoundscape and audiovisuals \u2013 Quim Tarrida\r\nLightscape \u2013 Laura Morin\r\nPhotography \u2013 Quim Tarrida\r\n\r\nRebota rebota y en tu cara explota premiered at Festival TNT on setember 30, 2017.\r\n\r\nAudience Award 2020 as Honor Show Almada Festival 2021\r\nFAD Sebasti\u00e0 Gasch Applause Award 2018\r\nButaca 2018 Award for New Scenic Contributions.\r\nCritics Award in 2017 for best show of New Trends\r\n\r\nIt is a joint production between Festival TNT \u2013 Terrassa Noves Tend\u00e8ncies 2017, l\u2019Antic Teatre (Barcelona) and Konvent Punt Zero (Berga).\r\nWith the support from: La Poderosa, Nau Ivanow and Teatre La Massa (Vilassar de Dalt).\r\n<div class=\"entry-languages\"><strong><span class=\"strong\">Languages: <\/span>Spanish<\/strong><\/div>\r\n<div class=\"entry-duration\"><strong><span class=\"strong\">Duration: <\/span>75 minutes<\/strong><\/div>\r\n<div class=\"recommended-age entry-duration\"><strong><span class=\"strong\">Recommended age: <\/span>+14 years old<\/strong><\/div>\r\n<div class=\"warning entry-duration\"><strong><span class=\"strong\">Warning: <\/span>strobe lights and a smoke machine are used in the show<\/strong><\/div>","event_category":440,"event_show_only_own_date":false,"_event_confirmed":true,"_event_public":true,"_event_free":false,"_event_price-min":15,"_event_price-max":2.5,"_event_web_ca":"https:\/\/www.anticteatre.com\/events\/event\/rebota_rebota-y-en-tu-cara-explota_agnes-mateus-i-quim-tarrida_2025\/","_event_web_es":"https:\/\/www.anticteatre.com\/events\/event\/rebota_rebota-y-en-tu-cara-explota_agnes-mateus-i-quim-tarrida_2025\/","_event_web_en":"https:\/\/www.anticteatre.com\/events\/event\/rebota_rebota-y-en-tu-cara-explota_agnes-mateus-i-quim-tarrida_2025\/","event_contact_email":"","event_apply_email":"","is_online_event":false,"is_art_nou_event":false,"is_bgw_event":false,"date_text":"15 i 16 no hi ha funci\u00f3","register_deadline":null,"altres_organitzadors":""},"abe_event_venue":"Antic Teatre","abe_event_category":"Arts en Viu","start":"2025-09-10 13:00:00","end":"2025-09-21 14:00:00","schedule":"once","schedule_meta":"","frequency":1,"all_day":0,"until":"2025-09-10 13:00:00","include":[],"exclude":[],"_links":{"self":[{"href":"https:\/\/graf.cat\/es\/wp-json\/wp\/v2\/events\/49796","targetHints":{"allow":["GET"]}}],"collection":[{"href":"https:\/\/graf.cat\/es\/wp-json\/wp\/v2\/events"}],"about":[{"href":"https:\/\/graf.cat\/es\/wp-json\/wp\/v2\/types\/event"}],"author":[{"embeddable":true,"href":"https:\/\/graf.cat\/es\/wp-json\/wp\/v2\/users\/86"}],"occurrences":[{"embeddable":true,"href":"https:\/\/graf.cat\/es\/wp-json\/wp\/v2\/events\/49796\/occurrences"}],"acf:term":[{"embeddable":true,"taxonomy":"event-category","href":"https:\/\/graf.cat\/es\/wp-json\/wp\/v2\/event-category\/440"}],"wp:featuredmedia":[{"embeddable":true,"href":"https:\/\/graf.cat\/es\/wp-json\/wp\/v2\/media\/49792"}],"wp:attachment":[{"href":"https:\/\/graf.cat\/es\/wp-json\/wp\/v2\/media?parent=49796"}],"wp:term":[{"taxonomy":"event-venue","embeddable":true,"href":"https:\/\/graf.cat\/es\/wp-json\/wp\/v2\/event-venues?post=49796"},{"taxonomy":"event-tag","embeddable":true,"href":"https:\/\/graf.cat\/es\/wp-json\/wp\/v2\/event-tags?post=49796"}],"curies":[{"name":"wp","href":"https:\/\/api.w.org\/{rel}","templated":true}]}}