{"id":50153,"guid":{"rendered":"https:\/\/graf.cat\/?post_type=event&#038;p=50153"},"modified":"2025-08-06T10:24:32","modified_gmt":"2025-08-06T08:24:32","slug":"flash-hablar-en-potencial-itziar-okariz","status":"publish","type":"event","link":"https:\/\/graf.cat\/es\/events\/event\/flash-hablar-en-potencial-itziar-okariz\/","title":{"rendered":"BGW. FLASH: Hablar en potencial. Itziar Okariz"},"content":{"rendered":"","protected":false},"excerpt":{"rendered":"","protected":false},"author":21,"featured_media":50154,"template":"","meta":{"_acf_changed":false,"_monsterinsights_skip_tracking":false,"_monsterinsights_sitenote_active":false,"_monsterinsights_sitenote_note":"","_monsterinsights_sitenote_category":0},"event-venues":[102],"event-tags":[],"class_list":["post-50153","event","type-event","status-publish","has-post-thumbnail","hentry","event-venue-ethall-2","event-category-exposicio"],"acf":{"title_ca":"BGW. FLASH: Hablar en potencial. Itziar Okariz","title_es":"BGW. FLASH: Hablar en potencial. Itziar Okariz","title_en":"BGW. FLASH: Hablar en potencial. Itziar Okariz","desc_ca":"<div class=\"content-dropdown\">\r\n<div class=\"item text-small\">\r\n\r\n<b>\u26a1FLASH\u26a1: nom\u00e9s del 18 al 21 de setembre<\/b>\r\n<b>\r\nDijous 18 set:\u00a0<\/b>12 \u2013 20h\r\nA partir de les 12h: inauguraci\u00f3 PRO\r\nA partir de les 18h:\u00a0inauguraci\u00f3 per a tots els p\u00fablics\r\n<b>Divendres 19 i dissabte 20 set:\u00a0<\/b>12 \u2013 20h\r\n<b>Diumenge 21 set:\u00a0<\/b>11 \u2013 15h\r\n\r\n<\/div>\r\n<div class=\"item\">\r\n\r\nUn nombre de persones porten escrites en la pell paraules d'un text, ocult sota la roba, l'encarnen \ufb01ns que la paraula s'esborra del cos, de la mem\u00f2ria. Nom\u00e9s coneixen la paraula que porten, desconeixen la totalitat del text del qual formen part. No sabem qui s\u00f3n, fan i desfan un text que es reconstrueix d'in\ufb01nites maneres.\r\nEn la imatge del v\u00eddeo es pot veure un primer pla d'un fragment d'un cos, gaireb\u00e9 abstracte, amb un signe escrit a bol\u00edgraf o retolador. La persona tracta de romandre imm\u00f2bil enfront de la c\u00e0mera, i aix\u00ed el temps corre en la imatge-v\u00eddeo, simulant una imatge \ufb01xa.\r\n\r\n<\/div>\r\n<\/div>","desc_es":"<div class=\"item text-small\">\r\n\r\n<b>\u26a1FLASH\u26a1: solo del 18 al 21 de septiembre<\/b>\r\n<b>\r\nJueves 18 sep:\u00a0<\/b>12 \u2013 20h\r\nA partir de las 12h: inauguraci\u00f3n PRO\r\nA partir de las 18h: inauguraci\u00f3n para todos los p\u00fablicos\r\n<b>Viernes 19 y s\u00e1bado 20 sep:\u00a0<\/b>12 \u2013 20h\r\n<b>Domingo 21 sep<\/b>:\u00a011 \u2013 15h\r\n\r\n<\/div>\r\n<div class=\"item\">\r\n\r\nUn n\u00famero de personas llevan escritas en la piel palabras de un texto, oculto bajo la ropa, lo encarnan hasta que la palabra se borra del cuerpo, de la memoria. Solo conocen la palabra que llevan, desconocen la totalidad del texto del que forman parte. No sabemos qui\u00e9nes son, hacen y deshacen un texto que se reconstruye de infinitas maneras.\r\nEn la imagen del v\u00eddeo se puede ver un primer plano de un fragmento de un cuerpo, casi abstracto, con un signo escrito a bol\u00edgrafo o rotulador. La persona trata de permanecer inm\u00f3vil frente a la c\u00e1mara, y as\u00ed el tiempo corre en la imagen-v\u00eddeo, simulando una imagen fija.\r\n\r\n<\/div>","desc_en":"<div class=\"item text-small\">\r\n\r\n<b>\u26a1FLASH\u26a1: only from September 18th to 21st\u00a0<\/b>\r\n<b>\r\nThursday sept 18th:<\/b>\u00a012 \u2013 8pm\r\nFrom 12pm: PRO opening\r\nFrom 6pm: opening for all publics\r\n<b>Fiday sept 19th and Saturday 20th:<\/b>\u00a012 \u2013 8pm\r\n<b>Sunday sept 21st<\/b>:\u00a011am \u2013 3pm\r\n\r\n<\/div>\r\n<div class=\"item\">\r\n\r\nA number of people have words of a text written on their skin, hidden under their clothes. They embody it until the word is erased from their body, from their memory. They only know the word they carry, they do not know the totality of the text of which they are part. We don't know who they are, they make and unmake a text that is reconstructed in an in\ufb01nite number of ways.\r\nIn the video we can see a close-up of a fragment of a body, almost abstract, with a sign written in pen or felt-tip. The person tries to remain motionless in front of the camera, and so time runs in the video-image, simulating a still image.\r\n\r\n<\/div>","event_category":103,"event_show_only_own_date":true,"_event_confirmed":true,"_event_public":true,"_event_free":true,"_event_price-min":"","_event_price-max":"","_event_web_ca":"https:\/\/www.barcelonagalleryweekend.com\/expo.php?lang=cat&id=135","_event_web_es":"https:\/\/barcelonagalleryweekend.com\/expo.php?lang=esp&id=135","_event_web_en":"https:\/\/www.barcelonagalleryweekend.com\/expo.php?lang=eng&id=135","event_contact_email":"","event_apply_email":"","is_online_event":false,"is_art_nou_event":false,"is_bgw_event":true,"date_text":"","register_deadline":null,"altres_organitzadors":""},"abe_event_venue":"ethall","abe_event_category":"Exposici\u00f3","start":"2025-09-18 00:00:00","end":"2025-09-21 23:59:00","schedule":"once","schedule_meta":"","frequency":1,"all_day":1,"until":"2025-09-18 00:00:00","include":[],"exclude":[],"_links":{"self":[{"href":"https:\/\/graf.cat\/es\/wp-json\/wp\/v2\/events\/50153","targetHints":{"allow":["GET"]}}],"collection":[{"href":"https:\/\/graf.cat\/es\/wp-json\/wp\/v2\/events"}],"about":[{"href":"https:\/\/graf.cat\/es\/wp-json\/wp\/v2\/types\/event"}],"author":[{"embeddable":true,"href":"https:\/\/graf.cat\/es\/wp-json\/wp\/v2\/users\/21"}],"occurrences":[{"embeddable":true,"href":"https:\/\/graf.cat\/es\/wp-json\/wp\/v2\/events\/50153\/occurrences"}],"acf:term":[{"embeddable":true,"taxonomy":"event-category","href":"https:\/\/graf.cat\/es\/wp-json\/wp\/v2\/event-category\/103"}],"wp:featuredmedia":[{"embeddable":true,"href":"https:\/\/graf.cat\/es\/wp-json\/wp\/v2\/media\/50154"}],"wp:attachment":[{"href":"https:\/\/graf.cat\/es\/wp-json\/wp\/v2\/media?parent=50153"}],"wp:term":[{"taxonomy":"event-venue","embeddable":true,"href":"https:\/\/graf.cat\/es\/wp-json\/wp\/v2\/event-venues?post=50153"},{"taxonomy":"event-tag","embeddable":true,"href":"https:\/\/graf.cat\/es\/wp-json\/wp\/v2\/event-tags?post=50153"}],"curies":[{"name":"wp","href":"https:\/\/api.w.org\/{rel}","templated":true}]}}