{"id":50288,"guid":{"rendered":"https:\/\/graf.cat\/?post_type=event&#038;p=50288"},"modified":"2025-08-06T10:36:13","modified_gmt":"2025-08-06T08:36:13","slug":"el-vuelto-julia-spinola-2","status":"publish","type":"event","link":"https:\/\/graf.cat\/es\/events\/event\/el-vuelto-julia-spinola-2\/","title":{"rendered":"BGW. El vuelto. Julia Spinola"},"content":{"rendered":"","protected":false},"excerpt":{"rendered":"","protected":false},"author":21,"featured_media":50162,"template":"","meta":{"_acf_changed":false,"_monsterinsights_skip_tracking":false,"_monsterinsights_sitenote_active":false,"_monsterinsights_sitenote_note":"","_monsterinsights_sitenote_category":0},"event-venues":[102],"event-tags":[],"class_list":["post-50288","event","type-event","status-publish","has-post-thumbnail","hentry","event-venue-ethall-2","event-category-visita-guiada"],"acf":{"title_ca":"BGW. Visita amb Julia Sp\u00ednola en di\u00e0leg amb algunes veus d'altres disciplines","title_es":"BGW. Visita con Julia Sp\u00ednola en di\u00e1logo con algunas voces de otras disciplinas","title_en":"BGW. Visit with Julia Sp\u00ednola in dialogue with some voices from other disciplines","desc_ca":"Visita guiada a\u00a0<a href=\"https:\/\/barcelonagalleryweekend.com\/expo.php?lang=cat&amp;id=109\" target=\"_blank\" rel=\"noopener\">\u00abEl vuelto\u00bb<\/a>\u00a0a c\u00e0rrec de l'artista\u00a0<b>Julia Sp\u00ednola\u00a0<\/b>en di\u00e0leg amb algunes veus d'altrs disciplines.\r\nEn castell\u00e0.","desc_es":"<div class=\"info\">\r\n\r\nVisita guiada a\u00a0<a href=\"https:\/\/barcelonagalleryweekend.com\/expo.php?lang=esp&amp;id=109\" target=\"_blank\" rel=\"noopener\">\u00abEl vuelto\u00bb\u00a0<\/a>a cargo de la artista\u00a0<b>Julia Sp\u00ednola\u00a0<\/b>en di\u00e1logo con algunas voces de otras disciplinas.\r\nEn castellano.\r\n\r\n<\/div>\r\n<div class=\"content-btns\">\r\n<div class=\"icons\">\r\n<div class=\"icon-calendar\"><\/div>\r\n<\/div>\r\n<\/div>","desc_en":"Guided visit to<a href=\"https:\/\/barcelonagalleryweekend.com\/expo.php?lang=eng&amp;id=109\" target=\"_blank\" rel=\"noopener\">\u00a0\u00abEl vuelto\u00bb<\/a>\u00a0by the artist<b>\u00a0Julia Sp\u00ednola<\/b>\u00a0in dialogue with some voices from other disciplines.\r\nIn Spanish.","event_category":245,"event_show_only_own_date":true,"_event_confirmed":true,"_event_public":true,"_event_free":true,"_event_price-min":"","_event_price-max":"","_event_web_ca":"https:\/\/www.barcelonagalleryweekend.com\/expo.php?lang=cat&id=109","_event_web_es":"https:\/\/barcelonagalleryweekend.com\/expo.php?lang=esp&id=109","_event_web_en":"https:\/\/www.barcelonagalleryweekend.com\/expo.php?lang=eng&id=109","event_contact_email":"","event_apply_email":"","is_online_event":false,"is_art_nou_event":false,"is_bgw_event":true,"date_text":"","register_deadline":null,"altres_organitzadors":""},"abe_event_venue":"ethall","abe_event_category":"Visita guiada","start":"2025-09-20 18:00:00","end":"2025-09-20 19:30:00","schedule":"once","schedule_meta":"","frequency":1,"all_day":0,"until":"2025-09-20 18:00:00","include":[],"exclude":[],"_links":{"self":[{"href":"https:\/\/graf.cat\/es\/wp-json\/wp\/v2\/events\/50288","targetHints":{"allow":["GET"]}}],"collection":[{"href":"https:\/\/graf.cat\/es\/wp-json\/wp\/v2\/events"}],"about":[{"href":"https:\/\/graf.cat\/es\/wp-json\/wp\/v2\/types\/event"}],"author":[{"embeddable":true,"href":"https:\/\/graf.cat\/es\/wp-json\/wp\/v2\/users\/21"}],"occurrences":[{"embeddable":true,"href":"https:\/\/graf.cat\/es\/wp-json\/wp\/v2\/events\/50288\/occurrences"}],"acf:term":[{"embeddable":true,"taxonomy":"event-category","href":"https:\/\/graf.cat\/es\/wp-json\/wp\/v2\/event-category\/245"}],"wp:featuredmedia":[{"embeddable":true,"href":"https:\/\/graf.cat\/es\/wp-json\/wp\/v2\/media\/50162"}],"wp:attachment":[{"href":"https:\/\/graf.cat\/es\/wp-json\/wp\/v2\/media?parent=50288"}],"wp:term":[{"taxonomy":"event-venue","embeddable":true,"href":"https:\/\/graf.cat\/es\/wp-json\/wp\/v2\/event-venues?post=50288"},{"taxonomy":"event-tag","embeddable":true,"href":"https:\/\/graf.cat\/es\/wp-json\/wp\/v2\/event-tags?post=50288"}],"curies":[{"name":"wp","href":"https:\/\/api.w.org\/{rel}","templated":true}]}}