{"id":50496,"guid":{"rendered":"https:\/\/graf.cat\/?post_type=event&#038;p=50496"},"modified":"2025-09-03T07:48:09","modified_gmt":"2025-09-03T05:48:09","slug":"fe-sense-obres-morta-es-dalbert-serra","status":"publish","type":"event","link":"https:\/\/graf.cat\/es\/events\/event\/fe-sense-obres-morta-es-dalbert-serra\/","title":{"rendered":"fe sense obres morta \u00e9s, d\u2019Albert Serra"},"content":{"rendered":"","protected":false},"excerpt":{"rendered":"","protected":false},"author":8,"featured_media":50497,"template":"","meta":{"_acf_changed":false,"_monsterinsights_skip_tracking":false,"_monsterinsights_sitenote_active":false,"_monsterinsights_sitenote_note":"","_monsterinsights_sitenote_category":0},"event-venues":[734],"event-tags":[],"class_list":["post-50496","event","type-event","status-publish","has-post-thumbnail","hentry","event-venue-museu-tapies","event-category-screening"],"acf":{"title_ca":"fe sense obres morta \u00e9s, d\u2019Albert Serra","title_es":"fe sense obres morta \u00e9s, d\u2019Albert Serra","title_en":"fe sense obres morta \u00e9s, d\u2019Albert Serra","desc_ca":"El Museu T\u00e0pies organitza un cicle de projeccions per presentar a la ciutadania\u00a0<i>fe sense obres morta \u00e9s<\/i>, la nova producci\u00f3 cinematogr\u00e0fica d\u2019Albert Serra, que ret homenatge a la figura i l\u2019obra d\u2019Antoni T\u00e0pies. Aquesta iniciativa neix de la voluntat del museu d\u2019incidir en la difusi\u00f3 del llegat tapi\u00e0 a trav\u00e9s de mirades contempor\u00e0nies i indisciplinades, capaces de generar nous relats a partir de la seva obra. La proposta s\u2019inscriu en una l\u00ednia de programaci\u00f3 que aposta per l\u2019experimentaci\u00f3 i el di\u00e0leg entre llenguatges art\u00edstics diversos.\r\n\r\nEn aquest context, Serra \u2014cineasta, productor i guionista reconegut internacionalment per una traject\u00f2ria marcada per la llibertat formal i la radicalitat conceptual\u2014 ha acceptat el repte de fer una aproximaci\u00f3 personal, lliure i intransferible a l\u2019univers de T\u00e0pies. El resultat \u00e9s un film que no pret\u00e9n explicar ni interpretar, sin\u00f3 suggerir, invocar, emocionar. Una pe\u00e7a oberta i sensorial que aposta per l\u2019evocaci\u00f3 po\u00e8tica m\u00e9s que no pas per la representaci\u00f3 directa.\r\n\r\nAmb\u00a0<i>fe sense obres morta \u00e9s<\/i>, Serra s\u2019endinsa en els territoris m\u00e9s \u00edntims i espirituals de la producci\u00f3 de T\u00e0pies, explorant-ne els l\u00edmits mat\u00e8rics, la c\u00e0rrega simb\u00f2lica i la densitat filos\u00f2fica des d\u2019una mirada pr\u00f2pia, insubornable i sempre provocadora. El film fuig de la narraci\u00f3 convencional per construir una experi\u00e8ncia immersiva que dialoga amb el pensament i l\u2019est\u00e8tica de l\u2019artista, tot subratllant-ne la vig\u00e8ncia, la complexitat i la for\u00e7a transformadora. Aquest projecte audiovisual \u00e9s, doncs, molt m\u00e9s que un retrat o un exercici d\u2019interpretaci\u00f3: es tracta d\u2019una proposta art\u00edstica aut\u00f2noma que, partint de l\u2019univers tapi\u00e0, en desvela dimensions ocultes o inesperades. \u00c9s tamb\u00e9 una invitaci\u00f3 a acostar-se a T\u00e0pies des de noves perspectives, a trav\u00e9s del llenguatge cinematogr\u00e0fic com a espai de reflexi\u00f3 i experimentaci\u00f3.\r\n\r\nAmb aquest cicle de projeccions, el Museu T\u00e0pies referma el seu comprom\u00eds amb la creaci\u00f3 contempor\u00e0nia i amb la revisi\u00f3 cr\u00edtica de l\u2019obra d\u2019Antoni T\u00e0pies, fomentant trobades entre generacions, disciplines i sensibilitats art\u00edstiques diverses.\r\n\r\n&nbsp;\r\n\r\n<strong>Fitxa t\u00e8cnica:\u00a0<\/strong>\r\n\r\n<i>fe sense obres morta \u00e9s<\/i>\r\n\r\nAlbert Serra, Catalunya, 2025. DCP, VC, 52 min.\r\n\r\n&nbsp;\r\n\r\n<b>Albert Serra.<\/b>\u00a0Llicenciat en Filologia Hisp\u00e0nica i Literatura Comparada per la Universitat de Barcelona, \u00e9s considerat un dels directors de cinema contemporanis m\u00e9s destacats a escala internacional. Debuta internacionalment amb\u00a0<i>Honor de cavalleria<\/i>, estrenada a la Quinzena dels Realitzadors del Festival de Canes de 2006 i considerada una de les millors pel\u00b7l\u00edcules de l\u2019any per la prestigiosa revista francesa<i>\u00a0Cahiers du Cin\u00e9ma.<\/i>\u00a0El 2009 torna a Canes amb\u00a0<i>El cant dels ocells<\/i>, seleccionada i guardonada en diversos festivals internacionals. Tamb\u00e9 ha dirigit projectes per a museus:\u00a0<i>Els noms de Crist<\/i>, presentat a l\u2019exposici\u00f3 del MACBA\u00a0<i>Esteu a punt per a la televisi\u00f3?<\/i>\u00a0(2010) i\u00a0<i>El Senyor ha fet en mi meravelles<\/i>, per a l\u2019exposici\u00f3\u00a0<i>Totes les cartes<\/i>\u00a0del CCCB. L\u2019any 2013 escriu i dirigeix la pel\u00b7l\u00edcula\u00a0<i>Hist\u00f2ria de la meva mort<\/i>, guardonada amb el Lleopard d\u2019Or al Festival de Locarno i considerada una de les millors pel\u00b7l\u00edcules de l\u2019any per\u00a0<i>The New Yorker<\/i>, reconeixements que el situen en el panorama cinematogr\u00e0fic mundial. El 2016 presenta<i>\u00a0La mort de Llu\u00eds XIV<\/i>, que rep el Premi Jean Vigo i obt\u00e9 set nominacions als premis Gaud\u00ed. El 2019 torna al festival de Canes amb\u00a0<i>Libert\u00e9<\/i>, una obra sobre els llibertins expulsats de la cort puritana de Llu\u00eds XVI amb la qual guanya el premi especial del jurat. El 2022 dirigeix\u00a0<i>Pacifiction<\/i>, un\u00a0<i>thriller<\/i>\u00a0hipn\u00f2tic rodat a la Polin\u00e8sia Francesa. S\u2019estrena al festival de Canes, on competeix per la Palma d\u2019Or, \u00e9s triada millor pel\u00b7l\u00edcula de 2022 segons\u00a0<i>Cahiers du Cin\u00e9ma<\/i>, guanya el Premi Louis Delluc i obt\u00e9 nou nominacions als premis C\u00e9sar.","desc_es":"El Museu T\u00e0pies organiza un ciclo de proyecciones para presentar a la ciudadan\u00eda\u00a0<i>fe sense obres morta \u00e9s\u00a0<\/i>(fe sin obres muerta est\u00e1), la nueva producci\u00f3n cinematogr\u00e1fica de Albert Serra, que rinde homenaje a la figura y obra de Antoni T\u00e0pies. La iniciativa surge de la voluntad del museo de incidir en la difusi\u00f3n del legado tapiano a trav\u00e9s de miradas contempor\u00e1neas e indisciplinadas, capaces de generar nuevos relatos a partir de su obra. Esta propuesta se inscribe en una l\u00ednea de programaci\u00f3n que apuesta por la experimentaci\u00f3n y el di\u00e1logo entre distintos lenguajes art\u00edsticos.\r\n\r\nEn este contexto, Serra \u2014cineasta, productor y guionista reconocido internacionalmente, con una trayectoria marcada por la libertad formal y la radicalidad conceptual\u2014 ha aceptado el reto de llevar a cabo una aproximaci\u00f3n personal, libre e intransferible al universo de T\u00e0pies. El resultado es un film que no pretende explicar ni interpretar, sino sugerir, invocar, emocionar. Una pieza abierta y sensorial que apuesta por la evocaci\u00f3n po\u00e9tica m\u00e1s que por la representaci\u00f3n directa.\r\n\r\nCon\u00a0<i>fe sense obres morta \u00e9s<\/i>, Serra se adentra en los territorios m\u00e1s \u00edntimos y espirituales de la producci\u00f3n de T\u00e0pies, explorando sus l\u00edmites mat\u00e9ricos, la carga simb\u00f3lica y la densidad filos\u00f3fica desde una mirada propia, insobornable y siempre provocadora. El filme reh\u00faye la narraci\u00f3n convencional para construir una experiencia inmersiva que dialoga con el pensamiento y la est\u00e9tica del artista, y subraya su vigencia, complejidad y fuerza transformadora. As\u00ed pues, este proyecto audiovisual es mucho m\u00e1s que un retrato o un ejercicio de interpretaci\u00f3n: se trata de una propuesta art\u00edstica aut\u00f3noma que, partiendo del universo tapiano, desvela las dimensiones ocultas o inesperadas del mismo. Es tambi\u00e9n una invitaci\u00f3n a acercarse a T\u00e0pies desde nuevas perspectivas, a trav\u00e9s del lenguaje cinematogr\u00e1fico como espacio de reflexi\u00f3n y experimentaci\u00f3n.\r\n\r\nCon este ciclo de proyecciones, el Museu T\u00e0pies reafirma su compromiso con la creaci\u00f3n contempor\u00e1nea y con la revisi\u00f3n cr\u00edtica de la obra de Antoni T\u00e0pies, fomentando encuentros entre generaciones, disciplinas y sensibilidades art\u00edsticas diversas.\r\n\r\n&nbsp;\r\n\r\n<strong>Ficha t\u00e9cnica:<\/strong>\r\n\r\n<i>fe sense obres morta \u00e9s<\/i>\r\n\r\nAlbert Serra, Catalunya, 2025. CP, VC, 52 min.\r\n\r\n&nbsp;\r\n\r\n<b>Albert Serra.<\/b>\u00a0Licenciado en Filolog\u00eda Hisp\u00e1nica y Literatura Comparada por la Universidad de Barcelona, se le considera uno de los directores de cine contempor\u00e1neos m\u00e1s destacados a escala internacional. Debuta internacionalmente con\u00a0<i>Honor de cavalleria<\/i>, estrenada en la Quincena de los Realizadores del Festival de Cannes de 2006 y considerada una de las mejores pel\u00edculas del a\u00f1o por la prestigiosa revista francesa<i>\u00a0Cahiers du Cin\u00e9ma.<\/i>\u00a0En 2009 regresa a Cannes con\u00a0<i>El cant dels ocells<\/i>, seleccionada y premiada en varios festivales internacionales. Tambi\u00e9n ha dirigido proyectos para museos:\u00a0<i>Els noms de Crist<\/i>, presentado en la exposici\u00f3n del MACBA\u00a0<i>Esteu a punt per a la televisi\u00f3?<\/i>\u00a0(2010) y\u00a0<i>El Senyor ha fet en mi meravelles<\/i>, para la exposici\u00f3n\u00a0<i>Totes les cartes<\/i>\u00a0del CCCB. En 2013 escribe y dirige la pel\u00edcula\u00a0<i>Hist\u00f2ria de la meva mort<\/i>, galardonada con el Leopardo de Oro en el Festival de Locarno y considerada una de las mejores pel\u00edculas del a\u00f1o por\u00a0<i>The New Yorker<\/i>, reconocimientos que lo sit\u00faan en el panorama cinematogr\u00e1fico mundial. En 2016 presenta<i>\u00a0La mort de Llu\u00eds XIV<\/i>, que recibe el Premio Jean Vigo y obtiene siete nominaciones a los premis Gaud\u00ed. En 2019 regresa al festival de Cannes con\u00a0<i>Libert\u00e9<\/i>, una obra sobre los libertinos expulsados de la corte puritana de Luis XVI con la que gana el premio especial del jurado. En 2022 dirige\u00a0<i>Pacifiction<\/i>, un\u00a0<i>thriller<\/i>\u00a0hipn\u00f3tico rodado en la Polinesia Francesa. Se estrena en el festival de Cannes, donde compite por la Palma de Oro, es elegida mejor pel\u00edcula de 2022 seg\u00fan\u00a0<i>Cahiers du Cin\u00e9ma<\/i>, gana el Premio Louis Delluc y obtiene nueve nominaciones a los premios C\u00e9sar.","desc_en":"The Museu T\u00e0pies has organised a series of screenings for the public presentation of\u00a0<i>fe sense obres morta \u00e9s<\/i>\u00a0[faith without works is dead], the new film production by Albert Serra, which renders homage to the person and work of Antoni T\u00e0pies. The initiative arose from the museum\u2019s intent to expand understanding of the T\u00e0pies\u2019 legacy through \u201cindisciplined\u201d contemporary gazes, able to forge new narratives from his work. The proposal pertains to a line of programming that emphasises experimentation and dialogue between diverse artistic expressions.\r\n\r\nIn this context, Serra\u2014an internationally recognised filmmaker, producer and screenwriter whose career is distinguished by formal freedom and conceptual radicality\u2014has accepted the challenge of creating a personal, unrestrained and nontransferable approximation to the universe of T\u00e0pies. The result is a film that does not seek to explain nor interpret, but rather to suggest, invoke and emotionally move us. It is a piece that is open and sensorial, opting for poetic evocation over direct representation.\r\n\r\nIn\u00a0<i>fe sense obres morta \u00e9s<\/i>, Serra delves into the most intimate and spiritual terrains of the production of T\u00e0pies, exploring the material limits, symbolic charge and philosophical density of a unique gaze that is incorruptible and always provocative. The film sidesteps conventional narrative in constructing an immersive experience that dialogues with the artist\u2019s thought and aesthetics, accentuating their present-day relevance, complexity and transformative verve. It is an audiovisual project that is much more than a portrait or exercise in interpretation: it is an autonomous artistic proposal that, with the world of T\u00e0pies as its starting point, reveals hidden and unexpected aspects of it. It is also an invitation to approach T\u00e0pies from new perspectives, through the language of film as a realm of reflection and interpretation.\r\n\r\nWith this screening series, the Museu T\u00e0pies solidifies its commitment to contemporary creation and to the critical revision of Antoni T\u00e0pies\u2019 work, encouraging encounters between a diverse set of generations, disciplines and artistic sensibilities.\r\n\r\n&nbsp;\r\n\r\n<strong>Fact sheet:\u00a0<\/strong>\r\n\r\n<i>fe sense obres morta \u00e9s<\/i>\r\n\r\nAlbert Serra, Catalonia, 2025. DCP, Catalan, 52 min.\r\n\r\n&nbsp;\r\n\r\n<b>Albert Serra\u00a0<\/b>has a degree in Spanish Philology and Comparative Literature from the University of Barcelona. As a film director, he is considered one of the leading contemporary filmmakers internationally. His international debut was with\u00a0<i>Honor de cavalleria<\/i>, which premiered at the Directors\u2019 Fortnight of the 2006 Cannes Film Festival; it was considered one of the best films of the year by the prestigious French journal\u00a0<i>Cahiers du Cin\u00e9ma.<\/i>\u00a0In 2009 he returned to Cannes with\u00a0<i>El cant dels ocells<\/i>, which was chosen for and won awards at various international festivals. He has also directed projects for museums:\u00a0<i>Els noms de Crist<\/i>, presented at the MACBA exhibition\u00a0<i>Are You Ready for TV?<\/i>\u00a0(2010); and\u00a0<i>El Senyor ha fet en mi meravelles<\/i>, for the exhibition\u00a0<i>The Complete Letters<\/i>\u00a0at the CCCB. In 2013 he wrote and directed the film\u00a0<i>Hist\u00f2ria de la meva mort<\/i>, winner of the Golden Leopard at the Locarno Film Festival, and considered one of the best films of the year by\u00a0<i>The New Yorker<\/i>. These recognitions situated him on the stage of world cinema. In 2016 he premiered\u00a0<i>La mort de Llu\u00eds XIV<\/i>, which won the Prix Jean Vigo and received seven nominations for the Gaud\u00ed Awards. In 2019 he returned to Cannes with\u00a0<i>Libert\u00e9<\/i>, a film about the libertines expelled from the puritan court of Louis XVI, wining the Special Jury Prize. In 2022 he directed\u00a0<i>Pacifiction<\/i>, a hypnotic thriller shot in French Polynesia. The film premiered at the Cannes Film Festival, competing for the Palme d\u2019Or, and was chosen best film of 2022 by\u00a0<i>Cahiers du Cin\u00e9ma<\/i>; it also won the Louis Delluc Prize and received nine nominations for the C\u00e9sar Awards.","event_category":219,"event_show_only_own_date":true,"_event_confirmed":true,"_event_public":true,"_event_free":false,"_event_price-min":4,"_event_price-max":"","_event_web_ca":"https:\/\/museutapies.org\/event\/fe-sense-obres-morta-es-dalbert-serra\/","_event_web_es":"https:\/\/museutapies.org\/es\/event\/fe-sin-obras-muerta-es-de-albert-serra\/","_event_web_en":"","event_contact_email":"","event_apply_email":"","is_online_event":false,"is_art_nou_event":false,"is_bgw_event":false,"date_text":"","register_deadline":null,"altres_organitzadors":""},"abe_event_venue":"Museu T\u00e0pies","abe_event_category":"Screening","start":"2025-09-09 18:00:00","end":"2025-09-09 19:00:00","schedule":"once","schedule_meta":"","frequency":1,"all_day":0,"until":"2025-09-09 18:00:00","include":[],"exclude":[],"_links":{"self":[{"href":"https:\/\/graf.cat\/es\/wp-json\/wp\/v2\/events\/50496","targetHints":{"allow":["GET"]}}],"collection":[{"href":"https:\/\/graf.cat\/es\/wp-json\/wp\/v2\/events"}],"about":[{"href":"https:\/\/graf.cat\/es\/wp-json\/wp\/v2\/types\/event"}],"author":[{"embeddable":true,"href":"https:\/\/graf.cat\/es\/wp-json\/wp\/v2\/users\/8"}],"occurrences":[{"embeddable":true,"href":"https:\/\/graf.cat\/es\/wp-json\/wp\/v2\/events\/50496\/occurrences"}],"acf:term":[{"embeddable":true,"taxonomy":"event-category","href":"https:\/\/graf.cat\/es\/wp-json\/wp\/v2\/event-category\/219"}],"wp:featuredmedia":[{"embeddable":true,"href":"https:\/\/graf.cat\/es\/wp-json\/wp\/v2\/media\/50497"}],"wp:attachment":[{"href":"https:\/\/graf.cat\/es\/wp-json\/wp\/v2\/media?parent=50496"}],"wp:term":[{"taxonomy":"event-venue","embeddable":true,"href":"https:\/\/graf.cat\/es\/wp-json\/wp\/v2\/event-venues?post=50496"},{"taxonomy":"event-tag","embeddable":true,"href":"https:\/\/graf.cat\/es\/wp-json\/wp\/v2\/event-tags?post=50496"}],"curies":[{"name":"wp","href":"https:\/\/api.w.org\/{rel}","templated":true}]}}