{"id":50797,"guid":{"rendered":"https:\/\/graf.cat\/?post_type=event&#038;p=50797"},"modified":"2026-02-25T14:44:43","modified_gmt":"2026-02-25T12:44:43","slug":"grup-daprenentatge-25-26","status":"publish","type":"event","link":"https:\/\/graf.cat\/es\/events\/event\/grup-daprenentatge-25-26\/","title":{"rendered":"Grup d&#8217;Aprenentatge 25\/26"},"content":{"rendered":"","protected":false},"excerpt":{"rendered":"","protected":false},"author":119,"featured_media":50798,"template":"","meta":{"_acf_changed":false,"_monsterinsights_skip_tracking":false,"_monsterinsights_sitenote_active":false,"_monsterinsights_sitenote_note":"","_monsterinsights_sitenote_category":0},"event-venues":[106],"event-tags":[],"class_list":["post-50797","event","type-event","status-publish","has-post-thumbnail","hentry","event-venue-eart","event-category-altres"],"acf":{"title_ca":"Grup d'Aprenentatge 25\/26","title_es":"Grupo de Aprendizaje 25\/26","title_en":"Learning Group 25\/26","desc_ca":"<strong><a href=\"https:\/\/experimentem.org\/wp-content\/uploads\/2025\/09\/CASTDOSSIER-GRUP-DAPRENENTATGE-25-26.pdf\">Grup d'Aprenentatge 25\/26<\/a><\/strong>\r\n\r\n\u00c9s un <strong>programa d\u2019EART<\/strong> que t\u00e9 com a objectiu crear un grup d\u2019estudi format per artistes, comissaris, docents i agents culturals per repensar plegades la pr\u00e0ctica de la mediaci\u00f3 des de l\u2019art i l\u2019educaci\u00f3. Aquest grup, amb <strong>car\u00e0cter formatiu<\/strong>, aborda anualment un tema concret i est\u00e0 dissenyat a partir de diferents unitats did\u00e0ctiques liderades per un mentor\/a de traject\u00f2ria professional on s\u2019estudien 3 casos d\u2019estudi.\r\n\r\n&nbsp;\r\n\r\n<strong><u>En aquesta edici\u00f3 s\u2019aborada el seg\u00fcent tema: <\/u><\/strong>\r\n\r\n<strong><u>\u00a0<\/u><\/strong>\r\n\r\n<strong><u>Pol\u00edtiques Culturals<\/u><\/strong>\r\n\r\nEn aquest curs treballarem les pol\u00edtiques culturals des de diferents perspectives i a diferents escales. Les pensarem com una responsabilitat de l\u2019estat, i tamb\u00e9 revisarem les pol\u00edtiques que articulen la cultura des d\u2019espais menys institucionals. La proposta central s\u2019organitza al voltant de la pregunta sobre la just\u00edcia, per indagar si \u00e9s possible pensar els futurs i presents de les pol\u00edtiques culturals orientades per una \u201cbr\u00faixola \u00e8tica\u201d que ens acompanyi en una transformaci\u00f3 personal, col\u00b7lectiva i social. Buscarem que el nostre treball reflexiu pugui elevar propostes, crear eines, o especular formes per a la reducci\u00f3 dels danys.\r\n\r\n&nbsp;\r\n\r\n<strong>[Mentora]<\/strong><strong>\r\n<\/strong><a href=\"https:\/\/luciaegana.net\/\"><strong>Luc\u00eda Ega\u00f1a<\/strong><\/a>\r\n\r\nArtista, comissaria, escriptora, investigadora i pedagoga, el seu treball aborda la relaci\u00f3 entre alta i baixa cultura, entre high-tech i low-fi, les relacions nord i sud, les sexualitats dissidents i les metodologies. Va realitzar estudis d\u2019arts visuals, documental i un doctorat en Comunicaci\u00f3 Audiovisual. Ha publicat i coordinat diversos llibres (els m\u00e9s recents s\u00f3n \u201cUna bolsa de semillas. Ciencia ficci\u00f3n feminista en Abya Yala\u201d, 2025; \u201cLa dimensi\u00f3n material de las nubes\u201d, 2024; y \u201cLa cultura no es una autopista, los museos podr\u00edan ser jardines\u201d, 2023). En els darrers anys ha comissariat les exposicions \u201cEl robo del dolor\u201d (2023) al Museo de Bellas Artes de Santiago, \u201cLos reversos del saqueo\u201d (2024) al CCE de Santiago i \u201cLas resistencias que reparan\u201d (2025) CCQuintero.\r\n\r\n<strong>\u00a0<\/strong>\r\n\r\n<strong>[Casos d\u2019estudi]<\/strong>\r\n<ul>\r\n \t<li><strong>1r Cas d\u2019estudi amb <\/strong><a href=\"https:\/\/www.instagram.com\/diego_salazare\/\"><strong>Diego Salazar<\/strong><\/a><strong>\r\n<\/strong>Coneixerem el Plan de Derechos Culturales del Ministerio de Cultura, generat el 2024-2025 i amb la finalitat ser un activador de possibilitat per la cultura.<\/li>\r\n<\/ul>\r\n&nbsp;\r\n<ul>\r\n \t<li><strong>2n Cas d\u2019estudi amb\u00a0<\/strong><a href=\"https:\/\/www.instagram.com\/manuelborjavillel\/\"><strong>Manuel Borja-Villel<\/strong><\/a>\r\nConeixerem la iniciativa Museu Habitat, que busca generar un espai d\u2019investigaci\u00f3, experimentaci\u00f3 i reflexi\u00f3 entorn del que podria ser la instituci\u00f3 museu al segle XXI.<\/li>\r\n<\/ul>\r\n&nbsp;\r\n<ul>\r\n \t<li><strong>3r Cas d\u2019estudi amb\u00a0<\/strong><a href=\"https:\/\/www.instagram.com\/femartmostra\/\"><strong>FemArt<\/strong><\/a>\r\nConeixerem el projecte FemArt de Ca la Dona, una iniciativa col\u00b7lectiva que promou la creaci\u00f3 art\u00edstica des d\u2019una perspectiva feminista i comunit\u00e0ria.<\/li>\r\n<\/ul>\r\n&nbsp;\r\n\r\n<strong><u>INFORMACI\u00d3 PR\u00c0CTICA<\/u><\/strong>\r\n\r\n<strong><u>\u00a0<\/u><\/strong>\r\n\r\n<strong>[A qui va dirigit]<\/strong>\r\nArtistes, comissaris, investigadors culturals, docents, professionals del sector cultural, estudiants vinculats a l\u2019\u00e0mbit art\u00edstic i altres persones del sector.\r\n\r\n&nbsp;\r\n\r\n<strong>[Preu]<\/strong><strong>\r\nPagament \u00fanic:<\/strong>\u00a0410 euros\r\n<strong>Pagament fraccionat:<\/strong>\r\n_Octubre \\ 210 euros\r\n_Gener \\ 200 euros\r\n\r\n&nbsp;\r\n\r\n<strong>[Preu redu\u00eft]<\/strong><strong>\r\n<\/strong>Per estudiants, menors de 25 anys, artistes residents i col\u00b7laboradorxs actuals en projectes d\u2019EART\r\n<strong>Pagament \u00fanic:<\/strong>\u00a0370 euros\r\n<strong>Pagament fraccionat:<\/strong>\r\n_Octubre \\ 190 euros\r\n_Gener \\ 180 euros\r\n\r\n&nbsp;\r\n\r\n<strong>[Inscripcions obertes]<\/strong>\r\n<a href=\"https:\/\/experimentem.org\/grup-d-aprenentatge-2\/\"><strong>[+INFO]<\/strong><\/a>\r\n\r\n&nbsp;","desc_es":"<strong><a href=\"https:\/\/experimentem.org\/wp-content\/uploads\/2025\/09\/CASTDOSSIER-GRUP-DAPRENENTATGE-25-26.pdf\">Grupo de Aprendizaje 25\/26<\/a><\/strong>\r\n\r\nEs un <strong>programa de EART<\/strong> que tiene como objetivo crear un grupo de estudio formado por artistas, comisarios, docentes y agentes culturales para repensar conjuntamente la pr\u00e1ctica de la mediaci\u00f3n desde el arte y la educaci\u00f3n. Este grupo, con <strong>car\u00e1cter formativo,<\/strong> aborda anualmente un tema concreto y est\u00e1 dise\u00f1ado a partir de diferentes unidades did\u00e1cticas lideradas por un\/a mentor\/a de trayectoria profesional, en las que se estudian 3 casos de estudio.\r\n\r\n<strong>\u00a0<\/strong><strong>Curso 25\/26:<\/strong>\r\n\r\n<strong>[POL\u00cdTICAS CULTURALES]<\/strong>\r\n\r\nEn este curso trabajaremos las pol\u00edticas culturales desde distintas perspectivas y a diferentes escalas. Las pensaremos como una responsabilidad del estado, y tambi\u00e9n revisaremos las pol\u00edticas que articulan la cultura desde espacios menos institucionales. La propuesta central se organiza en torno a la pregunta sobre la justicia, para indagar si es posible pensar los futuros y presentes de las pol\u00edticas culturales orientadas por una \u201cbr\u00fajula \u00e9tica\u201d que nos acompa\u00f1e en una transformaci\u00f3n personal, colectiva y social. Buscaremos que nuestro trabajo reflexivo pueda elevar propuestas, crear herramientas, o especular formas para la reducci\u00f3n de los da\u00f1os.\r\n\r\n<strong>[Mentor\u00eda]\r\n<\/strong><a href=\"https:\/\/luciaegana.net\/\"><strong>Luc\u00eda Ega\u00f1a<\/strong><\/a>\r\n\r\nArtista, curadora, escritora, investigadora y pedagoga, su trabajo aborda la relaci\u00f3n entre alta y baja cultura, entre high-tech y low-fi, las relaciones norte y sur, las sexualidades disidentes y las metodolog\u00edas. Realiz\u00f3 estudios de artes visuales, documental y un doctorado en Comunicaci\u00f3n Audiovisual. Ha publicado y coordinado diversos libros (los m\u00e1s recientes son \u201cUna bolsa de semillas. Ciencia ficci\u00f3n feminista en Abya Yala\u201d, 2025;\u00a0\u201cLa dimensi\u00f3n material de las nubes\u201d, 2024;\u00a0y\u00a0\u201cLa cultura no es una autopista, los museos podr\u00edan ser jardines\u201d, 2023). En los \u00faltimos a\u00f1os ha curado las exposiciones \u201cEl robo del dolor\u201d (2023) en el Museo de Bellas Artes de Santiago, \u201cLos reversos del saqueo\u201d (2024) en el CCE de Santiago y \u201cLas resistencias que reparan\u201d (2025) CCQuintero.\r\n\r\n&nbsp;\r\n\r\n<strong>[Casos de estudio]<\/strong>\r\n<ul>\r\n \t<li><strong>Caso de estudio 1 con\u00a0<a href=\"https:\/\/www.instagram.com\/diego_salazare\/\">Diego Salazar<\/a>\r\n<\/strong>Conoceremos el Plan de Derechos Culturales del Ministerio de Cultura, generado el 2024-2025 y con la finalidad ser un activador de posibilidad para la cultura.<\/li>\r\n \t<li><strong>Caso de estudio 2 con\u00a0<a href=\"https:\/\/www.instagram.com\/manuelborjavillel\/\">Manuel Borja-Villel<\/a>\r\n<\/strong>Conoceremos la iniciativa Museu Habitat, que busca generar un espacio de investigaci\u00f3n, experimentaci\u00f3n y reflexi\u00f3n en torno a lo que podr\u00eda ser la instituci\u00f3n museo en el siglo XXI.<\/li>\r\n \t<li><strong>Caso de estudio 3 con\u00a0<a href=\"https:\/\/www.instagram.com\/femartmostra\/\">FemArt<\/a>\r\n<\/strong>Conoceremos el proyecto FemArt de Ca la Dona, una iniciativa colectiva que promueve la creaci\u00f3n art\u00edstica desde una perspectiva feminista y comunitaria.<\/li>\r\n<\/ul>\r\n<strong><u>INFORMACI\u00d3N PR\u00c1CTICA<\/u><\/strong>\r\n\r\n<strong>[A qui\u00e9n va dirigido]<\/strong>\r\nArtistas, comissarixs, investigadorxs culturales, docentes, professionales del sector cultural, estudiantes vinculados con el \u00e1mbito art\u00edstico y otras personas del sector.\r\n\r\n<strong>[Precio]<\/strong>\r\n<strong>Pago \u00fanico:\u00a0<\/strong>410 euros\r\n<strong>Pago fraccionado:<\/strong>\r\n_Octubre \\ 210 euros\r\n_Enero \\ 200 euros\r\n\r\n<strong>[Precio reducido]<\/strong>\r\nPara estudiantes, menores de 25 a\u00f1os, artistas residentes y colaboradorxs actuales de EART\r\n<strong>Pago \u00fanico:<\/strong>\u00a0370 euros\r\n<strong>Pago fraccionado:<\/strong>\r\n_Octubre \\ 190 euros\r\n_Enero \\ 180 euros\r\n\r\n<strong>[Inscripciones abiertas]<\/strong>\r\n\r\n<a href=\"https:\/\/experimentem.org\/grup-d-aprenentatge-2\/\"><strong>[+INFO]<\/strong><\/a>","desc_en":"<a href=\"https:\/\/experimentem.org\/wp-content\/uploads\/2025\/09\/CASTDOSSIER-GRUP-DAPRENENTATGE-25-26.pdf\"><strong>Learning Group 25\/26<\/strong><\/a>\r\n\r\nThis is an <strong>EART programme<\/strong> that aims to create a study group made up of artists, curators, teachers and cultural agents to jointly rethink the practice of mediation through art and education. This group, <strong>which is educational<\/strong> in nature, addresses a specific topic each year and is designed around different teaching units led by a mentor with professional experience, in which three case studies are examined.\r\n\r\n<strong>Course 25\/26:<\/strong>\r\n\r\n<strong>[CULTURAL POLICIES]<\/strong>\r\n\r\nIn this course, we will examine cultural policies from different perspectives and at different levels. We will consider them as a responsibility of the state, and we will also review the policies that articulate culture from less institutional spaces. The central proposal is organised around the question of justice, to investigate whether it is possible to think about the future and present of cultural policies guided by an \u2018ethical compass\u2019 that accompanies us in a personal, collective and social transformation. We will seek to ensure that our reflective work can raise proposals, create tools, or speculate on ways to reduce harm.\r\n\r\n<strong>[Mentoring]<\/strong>\r\n<a href=\"https:\/\/luciaegana.net\/\"><strong>Luc\u00eda Ega\u00f1a<\/strong><\/a>\r\n\r\nArtist, curator, writer, researcher, and educator, her work addresses the relationship between high and low culture, high-tech and low-fi, North-South relations, dissident sexualities, and methodologies. She studied visual arts and documentary filmmaking and holds a PhD in Audiovisual Communication. She has published and coordinated several books (the most recent being Una bolsa de semillas. Ciencia ficci\u00f3n feminista en Abya Yala [A Bag of Seeds: Feminist Science Fiction in Abya Yala], 2025; La dimensi\u00f3n material de las nubes [The Material Dimension of Clouds], 2024; and La cultura no es una autopista, los museos podr\u00edan ser jardines [Culture is not a motorway, museums could be gardens], 2023). In recent years, she has curated the exhibitions El robo del dolor (The Theft of Pain) (2023) at the Museo de Bellas Artes in Santiago, Los reversos del saqueo (The Reverse Side of Looting) (2024) at the CCE in Santiago, and Las resistencias que reparan (Resistances that Repair) (2025) at CCQuintero.\r\n\r\n&nbsp;\r\n\r\n<strong>[Case studies]<\/strong>\r\n\r\n<strong>Case study 1 with <a href=\"https:\/\/www.instagram.com\/diego_salazare\/\">Diego Salazar<\/a><\/strong>\r\nWe will learn about the Ministry of Culture's Cultural Rights Plan, created in 2024-2025 with the aim of activating possibilities for culture.\r\n\r\n<strong>Case study 2 with <a href=\"https:\/\/www.instagram.com\/manuelborjavillel\/\">Manuel Borja-Villel<\/a><\/strong>\r\nWe will learn about the Museu Habitat initiative, which seeks to create a space for research, experimentation and reflection on what the museum institution could be in the 21st century.\r\n\r\n<strong>Case study 3 with \u00a0<a href=\"https:\/\/www.instagram.com\/femartmostra\/\">FemArt<\/a><\/strong>\r\nWe will learn about the FemArt project by Ca la Dona, a collective initiative that promotes artistic creation from a feminist and community perspective.\r\n\r\n&nbsp;\r\n\r\n<strong>PRACTICAL INFORMATION<\/strong>\r\n\r\n<strong>[Who it is aimed at]<\/strong>\r\n\r\nArtists, curators, cultural researchers, teachers, professionals in the cultural sector, students linked to the arts and other people in the sector.\r\n\r\n<strong>[Price]<\/strong>\r\n\r\nSingle payment: \u20ac410\r\n\r\nPayment in instalments:\r\n\r\n_October \\ \u20ac210\r\n\r\n_January \\ \u20ac200\r\n\r\n&nbsp;\r\n\r\n<strong>[Reduced price]<\/strong>\r\n\r\nFor students, people under 25, resident artists and current EART collaborators\r\n\r\nSingle payment: \u20ac370\r\n\r\nPayment in instalments:\r\n\r\n_October \\ \u20ac190\r\n\r\n_January \\ \u20ac180\r\n\r\n&nbsp;\r\n\r\n<strong>[Registration open]<\/strong>\r\n\r\n<a href=\"https:\/\/experimentem.org\/grup-d-aprenentatge-2\/\"><strong>[+INFO]<\/strong><\/a>","event_category":191,"event_show_only_own_date":true,"_event_confirmed":false,"_event_public":false,"_event_free":false,"_event_price-min":370,"_event_price-max":410,"_event_web_ca":"https:\/\/experimentem.org\/grup-d-aprenentatge-2\/","_event_web_es":"https:\/\/experimentem.org\/grup-d-aprenentatge-2\/","_event_web_en":"https:\/\/experimentem.org\/grup-d-aprenentatge-2\/","event_contact_email":"entra@experimentem.org","event_apply_email":"https:\/\/docs.google.com\/forms\/d\/19xx776HuXFKSZswI6CzrC2hz0ugw4JJniV8044sUOw4\/edit","is_online_event":false,"is_art_nou_event":false,"is_bgw_event":false,"date_text":"","register_deadline":"20251003","altres_organitzadors":""},"abe_event_venue":"E:\\\\ART","abe_event_category":"Altres","start":"2025-10-03 00:00:00","end":"2026-04-10 23:59:00","schedule":"once","schedule_meta":"","frequency":1,"all_day":0,"until":"2025-10-03 00:00:00","include":[],"exclude":[],"_links":{"self":[{"href":"https:\/\/graf.cat\/es\/wp-json\/wp\/v2\/events\/50797","targetHints":{"allow":["GET"]}}],"collection":[{"href":"https:\/\/graf.cat\/es\/wp-json\/wp\/v2\/events"}],"about":[{"href":"https:\/\/graf.cat\/es\/wp-json\/wp\/v2\/types\/event"}],"author":[{"embeddable":true,"href":"https:\/\/graf.cat\/es\/wp-json\/wp\/v2\/users\/119"}],"occurrences":[{"embeddable":true,"href":"https:\/\/graf.cat\/es\/wp-json\/wp\/v2\/events\/50797\/occurrences"}],"acf:term":[{"embeddable":true,"taxonomy":"event-category","href":"https:\/\/graf.cat\/es\/wp-json\/wp\/v2\/event-category\/191"}],"wp:featuredmedia":[{"embeddable":true,"href":"https:\/\/graf.cat\/es\/wp-json\/wp\/v2\/media\/50798"}],"wp:attachment":[{"href":"https:\/\/graf.cat\/es\/wp-json\/wp\/v2\/media?parent=50797"}],"wp:term":[{"taxonomy":"event-venue","embeddable":true,"href":"https:\/\/graf.cat\/es\/wp-json\/wp\/v2\/event-venues?post=50797"},{"taxonomy":"event-tag","embeddable":true,"href":"https:\/\/graf.cat\/es\/wp-json\/wp\/v2\/event-tags?post=50797"}],"curies":[{"name":"wp","href":"https:\/\/api.w.org\/{rel}","templated":true}]}}