{"id":50822,"guid":{"rendered":"https:\/\/graf.cat\/?post_type=event&#038;p=50822"},"modified":"2025-09-18T10:15:48","modified_gmt":"2025-09-18T08:15:48","slug":"50822","status":"publish","type":"event","link":"https:\/\/graf.cat\/es\/events\/event\/50822\/","title":{"rendered":"ENTRE L\u2019AMOR I L\u2019ODI"},"content":{"rendered":"","protected":false},"excerpt":{"rendered":"","protected":false},"author":172,"featured_media":50823,"template":"","meta":{"_acf_changed":false,"_monsterinsights_skip_tracking":false,"_monsterinsights_sitenote_active":false,"_monsterinsights_sitenote_note":"","_monsterinsights_sitenote_category":0},"event-venues":[750],"event-tags":[],"class_list":["post-50822","event","type-event","status-publish","has-post-thumbnail","hentry","event-venue-acvic","event-category-xerrada"],"acf":{"title_ca":"ENTRE L\u2019AMOR I L\u2019ODI ","title_es":"ENTRE EL AMOR Y EL ODIO ","title_en":"BETWEEN LOVE AND HATE","desc_ca":"<strong>Sobretaules a la pla\u00e7a<\/strong>\r\n\r\nEn el marc de l\u2019exposici\u00f3 PARAULES D\u2019AMOR de N\u00faria G\u00fcell.\r\n\r\n<strong>Dissabte 20 de setembre de 2025<\/strong>\r\n<strong>D'11.00 a 13.00 h.<\/strong>\r\nA ACVIC Centre d\u2019Arts Contempor\u00e0nies (Sant Francesc, 1. Vic)\r\n\r\nActivitat en col\u00b7laboraci\u00f3 amb l\u2019<strong>Ortiga Feminista de Vic<\/strong>\u00a0i<strong>\u00a0Ir\u00eddia, Centre per la Defensa dels Drets Humans.<\/strong>\r\n\r\n&gt; Activitat gratu\u00efta. No cal inscripci\u00f3 pr\u00e8via\r\n\r\nA l\u2019obra<strong><em> Paraules d\u2019amor. Un assaig sobre les passions<\/em><\/strong>, N\u00faria G\u00fcell es q\u00fcestiona les representacions institu\u00efdes i els mandats culturals apresos entorn de l\u2019amor passional i les seves conseq\u00fc\u00e8ncies.\r\n\r\nTot i que l\u2019amor sovint es presenta com el sentiment pur, al m\u00f3n real el veiem barrejat amb viol\u00e8ncia, sacrifici i contradiccions: hi ha qui mata o mor per amor a D\u00e9u, o a la p\u00e0tria o m\u00e0tria, per una idea de revoluci\u00f3 o fins i tot per una relaci\u00f3 sentimental, de parella o familiar. Aix\u00f2 ens porta a preguntar-nos fins a quin punt la cultura alimenta aquests relats previs de l\u2019amor i quins desitjos, pors o fantasmes s\u2019hi amaguen al darrere. Potser el problema no \u00e9s l\u2019odi, sin\u00f3 un exc\u00e9s d\u2019amor cec.\r\n\r\nPer\u00f2, tots aquests fets reben les mateixes conseq\u00fc\u00e8ncies? Hi ha assassinats m\u00e9s leg\u00edtims que d\u2019altres? Qui decideix quins cossos tenen dret a viure sota qualsevol condici\u00f3, i quins poden ser eliminats en nom del \u201cb\u00e9 com\u00fa\u201d? El sistema penitenciari \u00e9s realment eficient, o \u00e9s un pou de reproducci\u00f3 de desigualtats? Existeixen alternatives al c\u00e0stig estatal?\r\n\r\nAquestes i altres preguntes i una lectura col\u00b7lectiva de textos vinculats a l\u2019exposici\u00f3 articularan la trobada d\u2019aquest dissabte.\r\n\r\n<em><strong>Entre l\u2019amor i l\u2019odi<\/strong><\/em>, \u00e9s una activitat emmarcada en el projecte d\u2019ACVIC <em><strong>Sobretaules a la pla\u00e7a<\/strong><\/em>, que t\u00e9 per objectiu obrir el centre d\u2019art al barri i la comunitat i teixir relacions amb les seves entitats i associacions.\r\n\r\n<strong>DIRIGIT A:<\/strong>\r\nActivitat oberta a tota la ciutadania. Persones a partir de 14 anys.","desc_es":"<strong>Sobremesas en la plaza<\/strong>\r\n\r\nEn el marco de la exposici\u00f3n PARAULES D\u2019AMOR de N\u00faria G\u00fcell.\r\n\r\n<strong>S\u00e1bado 20 de septiembre\u00a0de 2025<\/strong>\r\n<strong>De 11.00 a 13.00 h<\/strong>\r\nEn ACVIC Centre d\u2019Arts Contempor\u00e0nies (Sant Francesc, 1. Vic)\r\n\r\nEsta actividad se organiza en colaboraci\u00f3n con <strong>Ortiga Feminista de Vic<\/strong>.\r\n\r\n&gt; Actividad gratuita. No es necesario inscripci\u00f3n previa\r\n\r\nEn <strong><em>Paraules d\u2019amor. Un assaig sobre les passions<\/em><\/strong>, N\u00faria G\u00fcell se cuestiona las representaciones instituidas y los mandatos culturales aprendidos entorno al amor pasional y sus consecuencias.\r\n\r\nCon todo y que el amor a menudo se presenta como un sentimiento puro, en el mundo real lo vemos mezclado con violencia, sacrificio y contradicciones: hay quien mata o muere por amor a Dios, o a la patria o matria, por una idea de revoluci\u00f3n o hasta por una relaci\u00f3n sentimental, de pareja o familiar. Lo cual nos lleva a preguntarnos hasta qu\u00e9 punto la cultura alimenta estos relatos previos al amor y qu\u00e9 deseos, miedos o fantasmas se esconden tras ellos. Quiz\u00e1s el problema no es el odio, sin\u00f3 un exceso de amor ciego.\r\n\r\nPero, todos estos hechos reciben las mismas consecuencias? Existen asesinatos m\u00e1s leg\u00edtimos que otros? Qui\u00e9n decide qu\u00e9 cuerpos tienen derecho a vivir bajo cualquier condici\u00f3n, i cuales pueden eliminarse en nombre del \u201cbien com\u00fan\u201d? El sistema penitenciario es realmente eficiente, o es un pozo de reproducci\u00f3n de desigualdades? Existen alternativas al castigo estatal?\r\n\r\nEstas y otras preguntas, junto a una lectura colectiva de textos vinculados a la exposici\u00f3n, articular\u00e1n el encuentro del s\u00e1bado.\r\n\r\n<strong><em>Entre el amor y el odio<\/em> <\/strong>es una actividad enmarcada en el proyecto de ACVIC <em><strong>Sobremesas en la plaza<\/strong><\/em>, que tiene per objetivo abrir el centre de arte al barrio, a la comunidad, y tejer relaciones con sus entidades y asociaciones.\r\n\r\n<strong>DIRIGIDO A:<\/strong>\r\nActividad abierta a toda la ciudadan\u00eda. Personas a partir de 14 a\u00f1os.","desc_en":"","event_category":305,"event_show_only_own_date":true,"_event_confirmed":true,"_event_public":true,"_event_free":true,"_event_price-min":"","_event_price-max":"","_event_web_ca":"https:\/\/www.acvic.org\/ca\/programacio-de-cursos\/4324-entre-l%E2%80%99amor-i-l%E2%80%99od","_event_web_es":"","_event_web_en":"","event_contact_email":"info@acvic.org","event_apply_email":"","is_online_event":false,"is_art_nou_event":false,"is_bgw_event":false,"date_text":"","register_deadline":null,"altres_organitzadors":""},"abe_event_venue":"ACVIC","abe_event_category":"Xerrada","start":"2025-09-20 11:00:00","end":"2025-09-20 13:00:00","schedule":"daily","schedule_meta":"","frequency":1,"all_day":0,"until":"2025-09-20 11:00:00","include":[],"exclude":[],"_links":{"self":[{"href":"https:\/\/graf.cat\/es\/wp-json\/wp\/v2\/events\/50822","targetHints":{"allow":["GET"]}}],"collection":[{"href":"https:\/\/graf.cat\/es\/wp-json\/wp\/v2\/events"}],"about":[{"href":"https:\/\/graf.cat\/es\/wp-json\/wp\/v2\/types\/event"}],"author":[{"embeddable":true,"href":"https:\/\/graf.cat\/es\/wp-json\/wp\/v2\/users\/172"}],"occurrences":[{"embeddable":true,"href":"https:\/\/graf.cat\/es\/wp-json\/wp\/v2\/events\/50822\/occurrences"}],"acf:term":[{"embeddable":true,"taxonomy":"event-category","href":"https:\/\/graf.cat\/es\/wp-json\/wp\/v2\/event-category\/305"}],"wp:featuredmedia":[{"embeddable":true,"href":"https:\/\/graf.cat\/es\/wp-json\/wp\/v2\/media\/50823"}],"wp:attachment":[{"href":"https:\/\/graf.cat\/es\/wp-json\/wp\/v2\/media?parent=50822"}],"wp:term":[{"taxonomy":"event-venue","embeddable":true,"href":"https:\/\/graf.cat\/es\/wp-json\/wp\/v2\/event-venues?post=50822"},{"taxonomy":"event-tag","embeddable":true,"href":"https:\/\/graf.cat\/es\/wp-json\/wp\/v2\/event-tags?post=50822"}],"curies":[{"name":"wp","href":"https:\/\/api.w.org\/{rel}","templated":true}]}}