{"id":51099,"guid":{"rendered":"https:\/\/graf.cat\/?post_type=event&#038;p=51099"},"modified":"2025-09-29T12:05:00","modified_gmt":"2025-09-29T10:05:00","slug":"dimarts-de-video-ball-despectres","status":"publish","type":"event","link":"https:\/\/graf.cat\/es\/events\/event\/dimarts-de-video-ball-despectres\/","title":{"rendered":"Dimarts de v\u00eddeo &#8211; BALL D&#8217;ESPECTRES"},"content":{"rendered":"","protected":false},"excerpt":{"rendered":"","protected":false},"author":19,"featured_media":51107,"template":"","meta":{"_acf_changed":false,"_monsterinsights_skip_tracking":false,"_monsterinsights_sitenote_active":false,"_monsterinsights_sitenote_note":"","_monsterinsights_sitenote_category":0},"event-venues":[],"event-tags":[],"class_list":["post-51099","event","type-event","status-publish","has-post-thumbnail","hentry","event-category-arts-in-viu"],"acf":{"title_ca":"Dimarts de v\u00eddeo - BALL D'ESPECTRES","title_es":"Martes de v\u00eddeo - Baile de espectros","title_en":"Tuesdays of v\u00eddeo - Spectral dance","desc_ca":"DIMARTS DE V\u00cdDEO - SALA BAR\r\nAmb estudiants del CFGS d'Arts aplicades al Mur de l'Escola Massana\r\n\r\nProjecci\u00f3 de diversos treballs audiovisuals de marcat car\u00e0cter experimental realitzats pels estudiants del CFGS d'Arts aplicades al Mur de l'Escola Massana al llarg dels \u00faltims dos anys. La selecci\u00f3 compon un calidoscopi de t\u00e8cniques i suports diversos que van des de l'animaci\u00f3 experimental fins a l'\u00fas del material d'arxiu per formar i ressignificar relats de tota mena amb la intenci\u00f3 de fomentar l'exploraci\u00f3 de recursos expressius propis i diferenciats del cada cop m\u00e9s omnipresent i homogene\u00eftzat tractament digital de la imatge.\r\n\r\nEl joc, la meravella, les associacions imprevistes, les met\u00e0fores i els accidents s\u00f3n part essencial del proc\u00e9s de creaci\u00f3 i esdevenen tan importants com les tisores, el llapis i la cola d'enganxar.","desc_es":"https:\/\/www.santamonica.cat\/es\/exposicions-i-activitats\/dimarts-de-video\/2025\/ball-despectres","desc_en":"https:\/\/www.santamonica.cat\/en\/exposicions-i-activitats\/dimarts-de-video\/2025\/ball-despectres","event_category":440,"event_show_only_own_date":false,"_event_confirmed":true,"_event_public":true,"_event_free":true,"_event_price-min":"","_event_price-max":"","_event_web_ca":"https:\/\/www.santamonica.cat\/ca\/exposicions-i-activitats\/dimarts-de-video\/2025\/ball-despectres","_event_web_es":"","_event_web_en":"","event_contact_email":"","event_apply_email":"","is_online_event":false,"is_art_nou_event":false,"is_bgw_event":false,"date_text":"","register_deadline":null,"altres_organitzadors":""},"abe_event_venue":null,"abe_event_category":"Arts en Viu","start":"2025-10-07 19:00:00","end":"2025-10-07 20:00:00","schedule":"once","schedule_meta":"","frequency":1,"all_day":0,"until":"2025-10-07 19:00:00","include":[],"exclude":[],"_links":{"self":[{"href":"https:\/\/graf.cat\/es\/wp-json\/wp\/v2\/events\/51099","targetHints":{"allow":["GET"]}}],"collection":[{"href":"https:\/\/graf.cat\/es\/wp-json\/wp\/v2\/events"}],"about":[{"href":"https:\/\/graf.cat\/es\/wp-json\/wp\/v2\/types\/event"}],"author":[{"embeddable":true,"href":"https:\/\/graf.cat\/es\/wp-json\/wp\/v2\/users\/19"}],"occurrences":[{"embeddable":true,"href":"https:\/\/graf.cat\/es\/wp-json\/wp\/v2\/events\/51099\/occurrences"}],"acf:term":[{"embeddable":true,"taxonomy":"event-category","href":"https:\/\/graf.cat\/es\/wp-json\/wp\/v2\/event-category\/440"}],"wp:featuredmedia":[{"embeddable":true,"href":"https:\/\/graf.cat\/es\/wp-json\/wp\/v2\/media\/51107"}],"wp:attachment":[{"href":"https:\/\/graf.cat\/es\/wp-json\/wp\/v2\/media?parent=51099"}],"wp:term":[{"taxonomy":"event-venue","embeddable":true,"href":"https:\/\/graf.cat\/es\/wp-json\/wp\/v2\/event-venues?post=51099"},{"taxonomy":"event-tag","embeddable":true,"href":"https:\/\/graf.cat\/es\/wp-json\/wp\/v2\/event-tags?post=51099"}],"curies":[{"name":"wp","href":"https:\/\/api.w.org\/{rel}","templated":true}]}}