{"id":51103,"guid":{"rendered":"https:\/\/graf.cat\/?post_type=event&#038;p=51103"},"modified":"2025-09-29T12:06:40","modified_gmt":"2025-09-29T10:06:40","slug":"dimarts-de-video-la-cerca-del-foc","status":"publish","type":"event","link":"https:\/\/graf.cat\/es\/events\/event\/dimarts-de-video-la-cerca-del-foc\/","title":{"rendered":"Dimarts de v\u00eddeo &#8211; LA CERCA DEL FOC"},"content":{"rendered":"","protected":false},"excerpt":{"rendered":"","protected":false},"author":19,"featured_media":51104,"template":"","meta":{"_acf_changed":false,"_monsterinsights_skip_tracking":false,"_monsterinsights_sitenote_active":false,"_monsterinsights_sitenote_note":"","_monsterinsights_sitenote_category":0},"event-venues":[],"event-tags":[],"class_list":["post-51103","event","type-event","status-publish","has-post-thumbnail","hentry","event-category-arts-in-viu"],"acf":{"title_ca":"Dimarts de v\u00eddeo - LA CERCA DEL FOC","title_es":"Martes de v\u00eddeo - La b\u00fasqueda del fuego","title_en":"Tuesdays of v\u00eddeo - In search of fire","desc_ca":"DIMARTS DE V\u00cdDEO - SALA BAR\r\nCicle Temps Futurs\r\n<div class=\"title-and-text\">\r\n<div class=\"cmp-textbox\">\r\n<div class=\"title-and-text__text\">\r\n<div id=\"text-ab7ad0bb80\" class=\"cmp-text\" data-cmp-data-layer=\"{&quot;text-ab7ad0bb80&quot;:{&quot;@type&quot;:&quot;aem-gencat-library\/components\/core\/text&quot;,&quot;repo:modifyDate&quot;:&quot;2025-07-24T21:14:40Z&quot;,&quot;xdm:text&quot;:&quot;&lt;h6&gt;Cicle Temps Futurs&lt;\/h6&gt;\\r\\n&quot;}}\">\r\n\r\nConsideracions sobre la dist\u00e0ncia que separa l\u2019observaci\u00f3 del contemplatiu a partir del visionament i l\u2019audici\u00f3 de tres peces videogr\u00e0fiques que comprenen tres intencions, ambients i contextos en aparen\u00e7a diferenciats i llunyans entre si. En tres actes es corregeix un ambient de fons com\u00fa que fluctua entre aspectes adequats, entre la percepci\u00f3 i la dissoluci\u00f3, en una totalitat invisible als sentits i al pensament.\r\n\r\n<b>Countless Name, CommonHeavens, 13 min, 2014.<\/b>\r\n\r\nUn nom no registrat, absent de cap diccionari, i el temps que passa a un ritme no mesurable per mitjans convencionals. Un lloc situat entre enormes setmils alberga una pres\u00e8ncia que se sost\u00e9 en el buit. Res en aquest passatge d\u2019imatges en moviment no \u00e9s m\u00e9s revelador que el que existeix entre la pantalla i qui contempla el pas del temps.\r\n\r\n<b>Los Sures, Abu Ali, 17 min, 2008.<\/b>\r\n\r\nLos Sures \u00e9s el nom d\u2019un barri porto-riqueny de Brooklyn, Nova York. Gravat el 1991 i editat el 2008, aquest v\u00eddeo no \u00e9s un retrat d\u2019aquest barri o una mem\u00f2ria d\u2019aquest, sin\u00f3 un viatge inici\u00e0tic a trav\u00e9s de diferents paisatges interiors que tenen el seu reflex en els erms urbans, en l\u2019evocaci\u00f3 de la mort i la solitud, per\u00f2 tamb\u00e9 en la contemplaci\u00f3 i la celebraci\u00f3 de la vida.\r\n\r\n<b>The Changing of the Guard, Alessandro Quaranta, 7 min, 2013.<\/b>\r\n\r\nDespr\u00e9s d\u2019un proc\u00e9s de sensibilitzaci\u00f3, vaig demanar als estudiants d\u2019un institut dels Alps del sud de Fran\u00e7a que prenguessin el lloc dels sentinelles que custodiaven la frontera entre Fran\u00e7a i It\u00e0lia durant la Segona Guerra Mundial.\r\n\r\nQu\u00e8 transmeten els llocs tan plens de mem\u00f2ria? Qu\u00e8 diuen als adolescents que jur\u00eddicament i geogr\u00e0ficament els s\u00f3n aliens? Els encomano la tasca de documentar cada senyal que prov\u00e9 del fons de la vall, amb gravadores i c\u00e0meres de v\u00eddeo, mentre, sense que ho s\u00e0piguen, altres persones implicades filmen en secret les seves reaccions als est\u00edmuls del paisatge i a una misteriosa aparici\u00f3 que he anunciat.\r\n\r\nEsperant, observant, escoltant, mirant, estant oberts a l\u2019inesperat; com els soldats, els alumnes estaven oberts als signes que provenien del m\u00f3n exterior, aix\u00ed com als del seu propi m\u00f3n interior.\r\n\r\n<\/div>\r\n<\/div>\r\n<\/div>\r\n<\/div>","desc_es":"https:\/\/www.santamonica.cat\/es\/exposicions-i-activitats\/dimarts-de-video\/2025\/la-cerca-del-foc","desc_en":"https:\/\/www.santamonica.cat\/en\/exposicions-i-activitats\/dimarts-de-video\/2025\/la-cerca-del-foc","event_category":440,"event_show_only_own_date":false,"_event_confirmed":true,"_event_public":true,"_event_free":true,"_event_price-min":"","_event_price-max":"","_event_web_ca":"https:\/\/www.santamonica.cat\/ca\/exposicions-i-activitats\/dimarts-de-video\/2025\/la-cerca-del-foc","_event_web_es":"","_event_web_en":"","event_contact_email":"","event_apply_email":"","is_online_event":false,"is_art_nou_event":false,"is_bgw_event":false,"date_text":"","register_deadline":null,"altres_organitzadors":""},"abe_event_venue":null,"abe_event_category":"Arts en Viu","start":"2025-10-14 19:00:00","end":"2025-10-14 20:00:00","schedule":"once","schedule_meta":"","frequency":1,"all_day":0,"until":"2025-10-14 19:00:00","include":[],"exclude":[],"_links":{"self":[{"href":"https:\/\/graf.cat\/es\/wp-json\/wp\/v2\/events\/51103","targetHints":{"allow":["GET"]}}],"collection":[{"href":"https:\/\/graf.cat\/es\/wp-json\/wp\/v2\/events"}],"about":[{"href":"https:\/\/graf.cat\/es\/wp-json\/wp\/v2\/types\/event"}],"author":[{"embeddable":true,"href":"https:\/\/graf.cat\/es\/wp-json\/wp\/v2\/users\/19"}],"occurrences":[{"embeddable":true,"href":"https:\/\/graf.cat\/es\/wp-json\/wp\/v2\/events\/51103\/occurrences"}],"acf:term":[{"embeddable":true,"taxonomy":"event-category","href":"https:\/\/graf.cat\/es\/wp-json\/wp\/v2\/event-category\/440"}],"wp:featuredmedia":[{"embeddable":true,"href":"https:\/\/graf.cat\/es\/wp-json\/wp\/v2\/media\/51104"}],"wp:attachment":[{"href":"https:\/\/graf.cat\/es\/wp-json\/wp\/v2\/media?parent=51103"}],"wp:term":[{"taxonomy":"event-venue","embeddable":true,"href":"https:\/\/graf.cat\/es\/wp-json\/wp\/v2\/event-venues?post=51103"},{"taxonomy":"event-tag","embeddable":true,"href":"https:\/\/graf.cat\/es\/wp-json\/wp\/v2\/event-tags?post=51103"}],"curies":[{"name":"wp","href":"https:\/\/api.w.org\/{rel}","templated":true}]}}