{"id":51496,"guid":{"rendered":"https:\/\/graf.cat\/?post_type=event&#038;p=51496"},"modified":"2025-10-16T10:44:48","modified_gmt":"2025-10-16T08:44:48","slug":"preludi-duna-iii-escuela-de-vallecas-benjamin-palencia-jose-luis-serzo-2","status":"publish","type":"event","link":"https:\/\/graf.cat\/es\/events\/event\/preludi-duna-iii-escuela-de-vallecas-benjamin-palencia-jose-luis-serzo-2\/","title":{"rendered":"Preludi d&#8217;una III Escuela de Vallecas. Benjam\u00edn Palencia, Jos\u00e9 Luis Serzo"},"content":{"rendered":"","protected":false},"excerpt":{"rendered":"","protected":false},"author":132,"featured_media":50659,"template":"","meta":{"_acf_changed":false,"_monsterinsights_skip_tracking":false,"_monsterinsights_sitenote_active":false,"_monsterinsights_sitenote_note":"","_monsterinsights_sitenote_category":0},"event-venues":[595],"event-tags":[],"class_list":["post-51496","event","type-event","status-publish","has-post-thumbnail","hentry","event-venue-galeria-marc-domenech","event-category-visita-guiada"],"acf":{"title_ca":"Preludi d'una III Escuela de Vallecas. Benjam\u00edn Palencia, Jos\u00e9 Luis Serz","title_es":"Preludio de una III Escuela de Vallecas. Benjam\u00edn Palencia, Jos\u00e9 Luis Serzo","title_en":"Preludio de una III Escuela de Vallecas. Benjam\u00edn Palencia, Jos\u00e9 Luis Serzo","desc_ca":"<div><strong>12.00 h.\u00a0Presentaci\u00f3 del llibre a c\u00e0rrec de:<\/strong>\r\n\r\n<strong>\u00c0lex Mitrani, Conservador d'Art Contemporani, MNAC \/ Santiago Caba\u00f1ero, Diputaci\u00f3n de Albacete \/\u00a0Miguel Palencia, Arxiu Benjam\u00edn Palencia \/ Jos\u00e9 Luis Serzo, Artista\u00a0<\/strong>\r\n\r\n<strong>12.30 h.\u00a0Visita guiada de l'exposici\u00f3 a c\u00e0rrec de:<\/strong>\r\n\r\n<strong>\u00c0lex Mitrani \/\u00a0Jos\u00e9 Luis Serzo<\/strong><\/div>\r\n<div>\r\n* Tamb\u00e9 ens acompanyaran\u00a0Miguel Zamora (Diputaci\u00f3 d'Albacete) i Josefina Navarrete (Vicepresidenta de les Corts de Castella-la Manxa i Alcaldessa de Barrax).<\/div>\r\nLa mostra, concebuda a mode de conversa directa entre l\u2019obra, els paisatges i les obsessions dels artistes Benjam\u00edn Palencia (Barrax, Albacete, 1894 \u2013 Madrid, 1980) i Jos\u00e9 Luis Serzo (Albacete, 1977), suposa un retorn conscient a la influ\u00e8ncia silenciosa per\u00f2 persistent que Serzo ha rebut del seu pais\u00e0 manxec al llarg de bona part de la seva traject\u00f2ria i per a qui \u201cla idea de refundar l\u2019Escola de Vallecas m\u2019acompanya des de fa temps. Amb aquestes obres, especulo i intueixo accions multidisciplin\u00e0ries inspirades en Palencia i l\u2019aventura vallecano.\u201d\r\n\r\nLluny d\u2019un homenatge nost\u00e0lgic, \u201cPreludi per a una III Escola de Vallecas\u201d es presenta com una acci\u00f3 art\u00edstica, especulativa i dial\u00f2gica que pret\u00e9n reactivar l\u2019impuls de Benjam\u00edn Palencia i Alberto S\u00e1nchez, fundadors d\u2019una expressi\u00f3 pl\u00e0stica aut\u00f2noma i profundament arrelada a la perif\u00e8ria madrilenya. Durant les seves primeres etapes, l\u2019Escola de Vallecas (terme proposat per Alberto S\u00e1nchez el 1960) va reunir una constel\u00b7laci\u00f3 d\u2019artistes, escultors i poetes que van trencar amb els llenguatges oficials. Entre ells destaquen noms com Maruja Mallo, Juan Manuel D\u00edaz Caneja, Luis Castellanos, Pancho Lasso, Antonio Rodr\u00edguez Luna, aix\u00ed com els poetes Rafael Alberti, Jos\u00e9 Bergam\u00edn, Luis Felipe Vivanco i Federico Garc\u00eda Lorca, que van acompanyar i enriquir l\u2019experi\u00e8ncia amb la seva mirada l\u00edrica i revolucion\u00e0ria.\r\n\r\nPrenent l\u2019obra de Benjam\u00edn Palencia com a punt de partida, Jos\u00e9 Luis Serzo vol que els di\u00e0legs pl\u00e0stics resultants d\u2019aquesta juxtaposici\u00f3 conversin tamb\u00e9 amb aquell llegat plural, heterodox i radicalment modern, actualitzant-ne l\u2019impuls inicial i projectant el resultat cap a la instauraci\u00f3 d\u2019una possible III Escola de Vallecas, oberta a nous llenguatges, suports i pr\u00e0ctiques col\u00b7lectives. Amb una paleta tel\u00b7l\u00farica, deliberadament fosca i una est\u00e8tica neo-barroca, Serzo desvetlla l\u2019esperit original d\u2019aquella iniciativa vallecano des d\u2019una mirada cr\u00edtica i vision\u00e0ria.\r\n\r\nLa mostra, formada per dibuixos, pintures, escultures, algunes fotografies i un v\u00eddeo, tamb\u00e9 ens convida a realitzar un recorregut multidisciplinari per les connexions i tensions entre el passat i el present. Lluny de qualsevol costumisme o nost\u00e0lgia paisatg\u00edstica, Serzo proposa una resignificaci\u00f3 de l\u2019arrel com a via cap a l\u2019universal, obrint noves preguntes sobre el lloc de l\u2019art, la perif\u00e8ria i la identitat en aquests temps d\u2019hiperconnexi\u00f3 i dissoluci\u00f3 cultural. En un context marcat per l\u2019acceleraci\u00f3 digital i la desconnexi\u00f3 amb el territori, aquesta exposici\u00f3 reivindica el cos, la caminada, la mat\u00e8ria i la mem\u00f2ria com a fonaments d\u2019una est\u00e8tica renovada. L\u2019obra es presenta com una proposta generadora, que no nom\u00e9s recull l\u2019her\u00e8ncia de Vallecas, sin\u00f3 que la projecta cap a un futur possible, plural, contemporani i comprom\u00e8s. I \u00e9s que, per a Serzo, \u201cla refundaci\u00f3 de l\u2019Escola de Vallecas pret\u00e9n enfortir la identitat local per assolir l\u2019universal, revitalitzant l\u2019escena art\u00edstica espanyola i generant un nou moviment que actualitzi la filosofia de la seva predecessora.\u201d\r\n\r\nAquesta exposici\u00f3, amb un profund car\u00e0cter conceptual, sorgeix com a prolongaci\u00f3 del projecte encara in\u00e8dit titulat \u201cMuchachos al campo\u201d, desenvolupat conjuntament amb l\u2019historiador i comissari Juan Manuel Bonet, qui ha identificat certs paral\u00b7lelismes espontanis entre les obres dels artistes Serzo i Palencia. La present mostra compta amb la col\u00b7laboraci\u00f3 de l\u2019Arxiu Oficial de Benjam\u00edn Palencia, dirigit per Ram\u00f3n Palencia Burgo, i la Diputaci\u00f3 Provincial d\u2019Albacete.\r\n\r\nAquesta mostra s\u2019emmarca dins del Programa General del Barcelona Gallery Weekend 2025 i anir\u00e0 acompanyada de l\u2019exposici\u00f3 \u00abAl voltant de l\u2019Escola de Vallecas\u00bb, que forma part del Programa FLASH del Gallery Weekend i que nom\u00e9s es podr\u00e0 visitar del 18 al 21 de setembre. Aquest projecte presentar\u00e0 obres representatives dels artistes Jos\u00e9 Guti\u00e9rrez Solana, Francisco Bores, Julio Gonz\u00e1lez, Joaqu\u00edn Torres-Garc\u00eda i Alberto S\u00e1nchez, entre d\u2019altres. Tamb\u00e9 s\u2019hi exhibir\u00e0 material de l\u2019\u00e8poca, com revistes i documents, per contextualitzar l\u2019entorn art\u00edstic en qu\u00e8 es va desenvolupar la coneguda com a Escola de Vallecas.","desc_es":"<table border=\"0\" width=\"100%\" cellspacing=\"0\" cellpadding=\"0\">\r\n<tbody>\r\n<tr>\r\n<td valign=\"top\">\r\n<table class=\"m_-2777439522522147300mcnTextContentContainer\" border=\"0\" width=\"100%\" cellspacing=\"0\" cellpadding=\"0\" align=\"left\">\r\n<tbody>\r\n<tr>\r\n<td class=\"m_-2777439522522147300mcnTextContent\" valign=\"top\">\r\n<div><strong>Presentaci\u00f3n del libro y visita guiada<\/strong><\/div><\/td>\r\n<\/tr>\r\n<\/tbody>\r\n<\/table>\r\n<\/td>\r\n<\/tr>\r\n<\/tbody>\r\n<\/table>\r\n<table border=\"0\" width=\"100%\" cellspacing=\"0\" cellpadding=\"0\">\r\n<tbody>\r\n<tr>\r\n<td valign=\"top\">\r\n<table class=\"m_-2777439522522147300mcnTextContentContainer\" border=\"0\" width=\"100%\" cellspacing=\"0\" cellpadding=\"0\" align=\"left\">\r\n<tbody>\r\n<tr>\r\n<td class=\"m_-2777439522522147300mcnTextContent\" valign=\"top\">\r\n<div><strong>12.00 h.\u00a0Presentaci\u00f3n del libro a cargo de:<\/strong>\r\n\r\n<strong>\u00c0lex Mitrani, Conservador de Arte Contempor\u00e1neo, MNAC \/ Santiago Caba\u00f1ero, Diputaci\u00f3n de Albacete \/ Miguel Palencia, Archivo de Benjam\u00edn Palencia \/\u00a0Jos\u00e9 Luis Serzo, Artista\u00a0<\/strong>\r\n\r\n<strong>12.30 h.\u00a0Visita guiada de la exposici\u00f3n a cargo de:<\/strong>\r\n\r\n<strong>\u00c0lex Mitrani \/\u00a0Jos\u00e9 Luis Serzo<\/strong>\r\n<\/div>\r\n<div>* Tambi\u00e9n nos acompa\u00f1ar\u00e1n en el acto Miguel Zamora (Diputaci\u00f3n de Albacete) y Josefina Navarrete (Vicepresidenta de las Cortes de Castilla-La Mancha y Alcaldesa de Barrax)<\/div><\/td>\r\n<\/tr>\r\n<\/tbody>\r\n<\/table>\r\n<\/td>\r\n<\/tr>\r\n<\/tbody>\r\n<\/table>\r\nLa muestra, concebida a modo de conversaci\u00f3n directa entre la obra, los paisajes y las obsesiones de los artistas\u00a0Benjam\u00edn Palencia\u00a0(Barrax, Albacete, 1894 \u2013 Madrid, 1980) y\u00a0Jos\u00e9 Luis Serzo\u00a0(Albacete, 1977), supone un retorno consciente a la influencia silenciosa pero persistente que Serzo ha recibido de su paisano manchego a lo largo de buena parte de su trayectoria y para quien \u201cla idea de refundar la Escuela de Vallecas me acompa\u00f1a desde hace tiempo. Con estas obras, especulo e intuyo acciones multidisciplinares inspiradas en Palencia y la aventura vallecana.\u201d\r\n\r\nLejos de un homenaje nost\u00e1lgico,\u00a0\u201cPreludio para una III Escuela de Vallecas\u201d\u00a0se presenta como una acci\u00f3n art\u00edstica, especulativa y dial\u00f3gica que pretende reactivar el impulso de Benjam\u00edn Palencia y Alberto S\u00e1nchez, fundadores de una expresi\u00f3n pl\u00e1stica aut\u00f3noma y profundamente arraigada a la periferia madrile\u00f1a. Durante sus primeras etapas, la Escuela de Vallecas (t\u00e9rmino propuesto por Alberto S\u00e1nchez en 1960) reuni\u00f3 una constelaci\u00f3n de artistas, escultores y poetas que rompieron con los lenguajes oficiales. Entre ellos destacan nombres como\u00a0Maruja Mallo, Juan Manuel D\u00edaz Caneja, Luis Castellanos, Pancho Lasso, Antonio Rodr\u00edguez Luna, as\u00ed como los poetas\u00a0Rafael Alberti, Jos\u00e9 Bergam\u00edn, Luis Felipe Vivanco y Federico Garc\u00eda Lorca, que acompa\u00f1aron y enriquecieron la experiencia con su mirada l\u00edrica y revolucionaria.\r\n\r\nTomando la obra de Benjam\u00edn Palencia como punto de partida, Jos\u00e9 Lu\u00eds Serzo quiere que los di\u00e1logos pl\u00e1sticos resultantes de esta yuxtaposici\u00f3n conversen tambi\u00e9n con aquel legado plural, heterodoxo y radicalmente moderno, actualizando su impulso inicial y proyectando el resultado hacia la instauraci\u00f3n de una posible\u00a0<strong>III Escuela de Vallecas<\/strong>, abierta a nuevos lenguajes, soportes y pr\u00e1cticas colectivas. Con una paleta tel\u00farica, deliberadamente oscura y una est\u00e9tica neo-barroca, Serzo desvela el esp\u00edritu original de aquella iniciativa vallecana desde una mirada cr\u00edtica y visionaria.\r\n\r\nLa muestra, formada por dibujos, pinturas, esculturas, algunas fotograf\u00edas y un v\u00eddeo, tambi\u00e9n nos invita a realizar un recorrido multidisciplinar por las conexiones y tensiones entre el pasado y el presente. Lejos de cualquier costumbrismo o nostalgia paisaj\u00edstica, Serzo propone una resignificaci\u00f3n de la ra\u00edz como v\u00eda hacia lo universal, abriendo nuevas preguntas sobre el lugar del arte, la periferia y la identidad en estos tiempos de hiper-conexi\u00f3n y disoluci\u00f3n cultural. En un contexto marcado por la aceleraci\u00f3n digital y la desconexi\u00f3n con el territorio, esta exposici\u00f3n reivindica el cuerpo, la caminata, la materia y la memoria como fundamentos de una est\u00e9tica renovada. La obra se presenta como una propuesta generadora, que no solo recoge la herencia de Vallecas, sino que la proyecta hacia un futuro posible, plural, contempor\u00e1neo y comprometido. Y es que, para Serzo, \u201cla refundaci\u00f3n de la Escuela de Vallecas pretende fortalecer la identidad local para alcanzar lo universal, revitalizando la escena art\u00edstica espa\u00f1ola y generando un nuevo movimiento que actualice la filosof\u00eda de su predecesora.\u201d\r\n\r\nEsta exposici\u00f3n, con un profundo car\u00e1cter conceptual, surge como prolongaci\u00f3n del proyecto todav\u00eda in\u00e9dito titulado\u00a0\u201cMuchachos al campo\u201d, desarrollado conjuntamente con el historiador y comisario\u00a0Juan Manuel Bonet, quien ha identificado ciertos paralelismos espont\u00e1neos entre las obras de los artistas Serzo y Palencia. La presente muestra cuenta con la colaboraci\u00f3n del\u00a0Archivo Oficial de Benjam\u00edn Palencia, dirigido por Ram\u00f3n Palencia Burgo, y la\u00a0Diputaci\u00f3n Provincial de Albacete.\r\n\r\nEsta muestra se enmarca en el Programa General del Barcelona Gallery Weekend 2025 e ir\u00e1 acompa\u00f1ada de la exposici\u00f3n \u00abAlrededor de la Escuela de Vallecas\u00bb, que forma parte del Programa FLASH del Gallery Weekend y que s\u00f3lo se podr\u00e1 visitar del 18 al 21 de septiembre. Este proyecto presentar\u00e1 obras representativas de los artistas Jos\u00e9 Guti\u00e9rrez Solana, Francisco Bores, Julio Gonz\u00e1lez, Joaqu\u00edn Torres-Garc\u00eda y Alberto S\u00e1nchez, entre otros. Tambi\u00e9n se exhibir\u00e1 material de la \u00e9poca, como revistas y documentos, para contextualizar el entorno art\u00edstico en el que se desarroll\u00f3 la conocida como Escuela de Vallecas.","desc_en":"On the 18<sup>th<\/sup>\u00a0of September, Galeria Marc Dom\u00e8nech will open the exhibition entitled\u00a0<em>Palencia vs Serzo: Prelude to a III Escuela de Vallecas<\/em>, a proposal that presents both a symbolic refounding and, at the same time, an intergenerational dialogue with one of the most singular movements in twentieth-century Spanish art: La Escuela de Vallecas (the School of Vallecas).\r\n\r\nThe exhibition, conceived as a direct conversation between the work, landscapes and obsessions of artists Benjam\u00edn Palencia (Barrax, Albacete, 1894 \u2013 Madrid, 1980) and Jos\u00e9 Luis Serzo (Albacete, 1977), represents a conscious return to the silent yet persistent influence that Serzo has long received from his fellow Manchegan. For Serzo, \u201cthe idea of refounding the Vallecas School has been with me for some time. With these works, I speculate and intuit multidisciplinary actions inspired by Palencia and the Vallecas adventure.\u201d\r\n\r\nFar from being a nostalgic homage,\u00a0<em>Prelude to a III Escuela de Vallecas<\/em>\u00a0is presented as an artistic, speculative and dialogic action that seeks to reactivate the drive of Benjam\u00edn Palencia and Alberto S\u00e1nchez, founders of an autonomous visual expression deeply rooted in Madrid\u2019s periphery. In its early stages, the Escuela de Vallecas (a term proposed by Alberto S\u00e1nchez in 1960) brought together a constellation of artists, sculptors and poets who broke with official languages. Among them were Maruja Mallo, Juan Manuel D\u00edaz Caneja, Luis Castellanos, Pancho Lasso, Antonio Rodr\u00edguez Luna, as well as poets Rafael Alberti, Jos\u00e9 Bergam\u00edn, Luis Felipe Vivanco and Federico Garc\u00eda Lorca, who accompanied and enriched the experience with their lyrical and revolutionary vision.\r\n\r\nTaking Benjam\u00edn Palencia\u2019s work as its starting point, Jos\u00e9 Luis Serzo wants the resulting artistic dialogues of this juxtaposition to also converse with that plural, heterodox and radically modern legacy, updating its initial impulse and projecting it towards the establishment of a possible Third Escuela de Vallecas \u2013 open to new languages, media and collective practices. With an earthy, deliberately dark palette and a neo-baroque aesthetic, Serzo reveals the original spirit of that Vallecas initiative through a critical and visionary lens.\r\n\r\nThe exhibition, comprising drawings, paintings, sculptures, some photographs and a video, also invites us on a multidisciplinary journey through the connections and tensions between past and present. Far from any folkloric nostalgia for the landscape, Serzo proposes a re-signification of the root as a path towards the universal, opening new questions about the place of art, the periphery and identity in these times of hyper-connection and cultural dissolution. In a context marked by digital acceleration and disconnection from the land, this exhibition asserts the body, the walk, matter and memory as the foundations of a renewed aesthetic. The work is presented as a generative proposal, which not only embraces the heritage of Vallecas but also projects it towards a possible, plural, contemporary and committed future. For Serzo, \u201cthe refounding of the Vallecas School aims to strengthen local identity in order to reach the universal, revitalising the Spanish art scene and generating a new movement that updates the philosophy of its predecessor.\u201d\r\n\r\nThis project, with a deeply conceptual character, emerges as an extension of the still unpublished project\u00a0<em>Muchachos al campo<\/em>\u00a0(<em>Boys to the Countryside<\/em>), developed in collaboration with historian and curator Juan Manuel Bonet, who identified certain spontaneous parallels between the works of Serzo and Palencia. The current exhibition is organised with the collaboration of the Official Archive of Benjam\u00edn Palencia, directed by Ram\u00f3n Palencia Burgo, and the Provincial Council of Albacete.\r\n\r\nThe exhibition forms part of the General Programme of Barcelona Gallery Weekend 2025 and will be accompanied by the exhibition\u00a0<em>Around the Escuela de Vallecas<\/em>, included in the FLASH Programme of the Gallery Weekend and on view only from 18 to 21 September. This project will present representative works by artists such as Jos\u00e9 Guti\u00e9rrez Solana, Francisco Bores, Julio Gonz\u00e1lez, Joaqu\u00edn Torres-Garc\u00eda and Alberto S\u00e1nchez, among others. It will also display period materials, such as magazines and documents, to contextualise the artistic environment in which the so-called Escuela de Vallecas developed.\r\n\r\nThe exhibition forms part of the General Programme of Barcelona Gallery Weekend 2025 and will be accompanied by the exhibition\u00a0<em>Around the Escuela de Vallecas<\/em>, included in the FLASH Programme of the Gallery Weekend and on view only from 18 to 21 September. This project will present representative works by artists such as Jos\u00e9 Guti\u00e9rrez Solana, Francisco Bores, Julio Gonz\u00e1lez, Joaqu\u00edn Torres-Garc\u00eda and Alberto S\u00e1nchez, among others. It will also display period materials, such as magazines and documents, to contextualise the artistic environment in which the so-called Escuela de Vallecas developed.","event_category":245,"event_show_only_own_date":true,"_event_confirmed":true,"_event_public":true,"_event_free":true,"_event_price-min":"","_event_price-max":"","_event_web_ca":"https:\/\/galeriamarcdomenech.com\/ca\/?post_type=exhibitions&p=11372","_event_web_es":"https:\/\/galeriamarcdomenech.com\/es\/exhibitions\/preludio-de-una-iii-escuela-de-vallecas\/","_event_web_en":"https:\/\/galeriamarcdomenech.com\/exhibitions\/preludio-de-una-iii-escuela-de-vallecas\/","event_contact_email":"","event_apply_email":"","is_online_event":false,"is_art_nou_event":false,"is_bgw_event":false,"date_text":"","register_deadline":null,"altres_organitzadors":""},"abe_event_venue":"Galeria Marc Dom\u00e8nech","abe_event_category":"Visita guiada","start":"2025-10-18 12:00:00","end":"2025-10-18 14:00:00","schedule":"once","schedule_meta":"","frequency":1,"all_day":0,"until":"2025-10-18 12:00:00","include":[],"exclude":[],"_links":{"self":[{"href":"https:\/\/graf.cat\/es\/wp-json\/wp\/v2\/events\/51496","targetHints":{"allow":["GET"]}}],"collection":[{"href":"https:\/\/graf.cat\/es\/wp-json\/wp\/v2\/events"}],"about":[{"href":"https:\/\/graf.cat\/es\/wp-json\/wp\/v2\/types\/event"}],"author":[{"embeddable":true,"href":"https:\/\/graf.cat\/es\/wp-json\/wp\/v2\/users\/132"}],"occurrences":[{"embeddable":true,"href":"https:\/\/graf.cat\/es\/wp-json\/wp\/v2\/events\/51496\/occurrences"}],"acf:term":[{"embeddable":true,"taxonomy":"event-category","href":"https:\/\/graf.cat\/es\/wp-json\/wp\/v2\/event-category\/245"}],"wp:featuredmedia":[{"embeddable":true,"href":"https:\/\/graf.cat\/es\/wp-json\/wp\/v2\/media\/50659"}],"wp:attachment":[{"href":"https:\/\/graf.cat\/es\/wp-json\/wp\/v2\/media?parent=51496"}],"wp:term":[{"taxonomy":"event-venue","embeddable":true,"href":"https:\/\/graf.cat\/es\/wp-json\/wp\/v2\/event-venues?post=51496"},{"taxonomy":"event-tag","embeddable":true,"href":"https:\/\/graf.cat\/es\/wp-json\/wp\/v2\/event-tags?post=51496"}],"curies":[{"name":"wp","href":"https:\/\/api.w.org\/{rel}","templated":true}]}}