{"id":55912,"guid":{"rendered":"https:\/\/graf.cat\/?post_type=event&#038;p=55912"},"modified":"2026-04-07T12:31:54","modified_gmt":"2026-04-07T10:31:54","slug":"codi-font-audiovisual-els-minions","status":"publish","type":"event","link":"https:\/\/graf.cat\/es\/events\/event\/codi-font-audiovisual-els-minions\/","title":{"rendered":"Codi font audiovisual: Els M\u00ednions"},"content":{"rendered":"","protected":false},"excerpt":{"rendered":"","protected":false},"author":19,"featured_media":0,"template":"","meta":{"_acf_changed":false,"_monsterinsights_skip_tracking":false,"_monsterinsights_sitenote_active":false,"_monsterinsights_sitenote_note":"","_monsterinsights_sitenote_category":0},"event-venues":[],"event-tags":[],"class_list":["post-55912","event","type-event","status-publish","hentry","event-category-arts-in-viu"],"acf":{"title_ca":"Codi font audiovisual: Els M\u00ednions","title_es":"C\u00f3digo fuente audiovisual: Los Minions","title_en":"Audiovisual Source Code: Minions","desc_ca":"DIMARTS DE V\u00cdDEO\r\n\r\nProjecci\u00f3 fragmentada d\u2019Els M\u00ednions amb Daniel P\u00e9rez Pamies\r\n\r\nCodi font audiovisual (1), projecci\u00f3 fragmentada i comentada d\u2019Els M\u00ednions, amb Daniel P\u00e9rez Pamies.\r\n\r\nEl grup d\u2019obres d\u2019Els M\u00ednions s\u2019inicia amb la pel\u00b7l\u00edcula\u00a0<i>Gru, el meu dolent preferit\u00a0<\/i>el 2010 i cont\u00e9 set llargmetratges i diversos continguts audiovisuals derivats. Els m\u00ednions s\u00f3n uns personatges grocs que serveixen els malvats, amb un llenguatge propi i inintel\u00b7ligible, caracteritzats per l\u2019humor i la seva poca tra\u00e7a.\r\n\r\nEn aquesta sessi\u00f3, amb un format a mig cam\u00ed entre la projecci\u00f3 i la confer\u00e8ncia i que crea un fil argumental a trav\u00e9s de l\u2019organitzaci\u00f3 de contingut audiovisual, parlarem de l\u2019impacte d\u2019Els M\u00ednions en la cultura popular: els mems, el seu origen i els vincles amb la com\u00e8dia\u00a0<i>slapstick<\/i>, entre altres.\r\n\r\n&nbsp;\r\n\r\n(1) El codi font audiovisual (CFA) \u00e9s un format de sessi\u00f3 que van idear el col\u00b7lectiu Zemos98 i que no \u00e9s una projecci\u00f3, per\u00f2 tampoc una confer\u00e8ncia; \u00e9s un format h\u00edbrid i tamb\u00e9 un joc per compartir el significat cultural d\u2019una obra. El CFA manlleva l\u2019expressi\u00f3\u00a0<a href=\"https:\/\/zemos98.org\/2019\/06\/23\/como-hacer-un-codigo-fuente-audiovisual\/\" target=\"_blank\" rel=\"noopener noreferrer\">codi font<\/a>, que ve de la programaci\u00f3 en codi obert.","desc_es":"MARTES DE V\u00cdDEO\r\n\r\nProyecci\u00f3n fragmentada de Los Minions con Daniel P\u00e9rez Pamies\r\n\r\nC\u00f3digo fuente audiovisual (1), proyecci\u00f3n fragmentada y comentada de Los Minions, con Daniel P\u00e9rez Pamies.\r\n\r\nEl grupo de obras de Los Minions se inicia con la pel\u00edcula\u00a0<i>Gru, mi villano favorito<\/i>\u00a0en 2010 y contiene siete largometrajes y varios contenidos audiovisuales derivados. Los minions son unos personajes amarillos que sirven a los malvados, con un lenguaje propio e ininteligible, caracterizados por el humor y su poca ma\u00f1a.\r\n\r\nEn esta sesi\u00f3n, con un formato a medio camino entre la proyecci\u00f3n y la conferencia y que crea un hilo argumental a trav\u00e9s de la organizaci\u00f3n de contenido audiovisual, hablaremos del impacto de Los Minions en la cultura popular: los memes, su origen y los v\u00ednculos con la comedia\u00a0<i>slapstick<\/i>, entre otros.\r\n\r\n&nbsp;\r\n\r\n(1) El c\u00f3digo fuente audiovisual (CFA) es un formato de sesi\u00f3n que idearon el colectivo Zemos98 y que no es una proyecci\u00f3n, pero tampoco una conferencia; es un formato h\u00edbrido y tambi\u00e9n un juego para compartir el significado cultural de una obra. El CFA toma prestada la expresi\u00f3n\u00a0<a href=\"https:\/\/zemos98.org\/2019\/06\/23\/como-hacer-un-codigo-fuente-audiovisual\/\" target=\"_blank\" rel=\"noopener noreferrer\">c\u00f3digo fuente<\/a>, que viene de la programaci\u00f3n en c\u00f3digo abierto.","desc_en":"TUESDAYS OF VIDEO\r\n\r\nFragmented screening of <i>Minions<\/i>\u00a0with Daniel P\u00e9rez Pamies\r\n\r\nAudiovisual Source Code (1), fragmented and commented screening of\u00a0<i>Minions<\/i>, with Daniel P\u00e9rez Pamies.\r\n\r\nThe Minions franchise began with the film\u00a0<i>Despicable Me<\/i>\u00a0in 2010 and includes seven feature films and various derived audiovisual works. The Minions are yellow characters who serve the wicked, with their own unintelligible language, characterised by their humour and incompetence.\r\n\r\nIn this session, with a format halfway between a screening and a lecture that creates an argumentative thread through the organisation of audiovisual content, we will talk about the Minions' impact on popular culture: memes, their origins and links to comedy slapstick, among others.\r\n\r\n&nbsp;\r\n\r\n(1) Audiovisual Source Code is a session format devised by the Zemos98 collective that is not a screening, but neither is it a lecture: it is a hybrid format and also a game to share the cultural meaning of a work. It borrows from the term\u00a0<a href=\"https:\/\/zemos98.org\/2019\/06\/23\/como-hacer-un-codigo-fuente-audiovisual\/\" target=\"_blank\" rel=\"noopener noreferrer\"><i>source code<\/i><\/a>, which comes from open source programming.","event_category":440,"event_show_only_own_date":false,"_event_confirmed":true,"_event_public":true,"_event_free":true,"_event_price-min":"","_event_price-max":"","_event_web_ca":"https:\/\/www.santamonica.cat\/ca\/exposicions-i-activitats\/dimarts-de-video\/2026\/codi-font-audiovisual-els-minions","_event_web_es":"https:\/\/www.santamonica.cat\/es\/exposicions-i-activitats\/dimarts-de-video\/2026\/codi-font-audiovisual-els-minions","_event_web_en":"https:\/\/www.santamonica.cat\/en\/exposicions-i-activitats\/dimarts-de-video\/2026\/codi-font-audiovisual-els-minions","event_contact_email":"","event_apply_email":"","is_online_event":false,"is_art_nou_event":false,"is_bgw_event":false,"date_text":"","register_deadline":null,"altres_organitzadors":""},"abe_event_venue":null,"abe_event_category":"Arts en Viu","start":"2026-04-07 19:00:00","end":"2026-04-07 20:15:00","schedule":"once","schedule_meta":"","frequency":1,"all_day":0,"until":"2026-04-07 19:00:00","include":[],"exclude":[],"_links":{"self":[{"href":"https:\/\/graf.cat\/es\/wp-json\/wp\/v2\/events\/55912","targetHints":{"allow":["GET"]}}],"collection":[{"href":"https:\/\/graf.cat\/es\/wp-json\/wp\/v2\/events"}],"about":[{"href":"https:\/\/graf.cat\/es\/wp-json\/wp\/v2\/types\/event"}],"author":[{"embeddable":true,"href":"https:\/\/graf.cat\/es\/wp-json\/wp\/v2\/users\/19"}],"occurrences":[{"embeddable":true,"href":"https:\/\/graf.cat\/es\/wp-json\/wp\/v2\/events\/55912\/occurrences"}],"acf:term":[{"embeddable":true,"taxonomy":"event-category","href":"https:\/\/graf.cat\/es\/wp-json\/wp\/v2\/event-category\/440"}],"wp:attachment":[{"href":"https:\/\/graf.cat\/es\/wp-json\/wp\/v2\/media?parent=55912"}],"wp:term":[{"taxonomy":"event-venue","embeddable":true,"href":"https:\/\/graf.cat\/es\/wp-json\/wp\/v2\/event-venues?post=55912"},{"taxonomy":"event-tag","embeddable":true,"href":"https:\/\/graf.cat\/es\/wp-json\/wp\/v2\/event-tags?post=55912"}],"curies":[{"name":"wp","href":"https:\/\/api.w.org\/{rel}","templated":true}]}}