{"id":56193,"guid":{"rendered":"https:\/\/graf.cat\/?post_type=event&#038;p=56193"},"modified":"2026-04-08T13:07:41","modified_gmt":"2026-04-08T11:07:41","slug":"instruccions-i-possibilitats-per-espantar-una-muntanya","status":"publish","type":"event","link":"https:\/\/graf.cat\/es\/events\/event\/instruccions-i-possibilitats-per-espantar-una-muntanya\/","title":{"rendered":"Instruccions i possibilitats per espantar una muntanya"},"content":{"rendered":"","protected":false},"excerpt":{"rendered":"","protected":false},"author":13,"featured_media":55877,"template":"","meta":{"_acf_changed":false,"_monsterinsights_skip_tracking":false,"_monsterinsights_sitenote_active":false,"_monsterinsights_sitenote_note":"","_monsterinsights_sitenote_category":0},"event-venues":[117],"event-tags":[],"class_list":["post-56193","event","type-event","status-publish","has-post-thumbnail","hentry","event-venue-fundacio-joan-miro","event-category-xerrada"],"acf":{"title_ca":"Instruccions i possibilitats per espantar una muntanya","title_es":"Instrucciones y posibilidades para asustar a una monta\u00f1a","title_en":"Instructions and Possibilities to Scare a Mountain","desc_ca":"River Claure i Mafe Moscoso van comen\u00e7ar una conversa que tenia com a punt de partida una muntanya i un volc\u00e0.\r\n\r\nLa sessi\u00f3 prendr\u00e0 la forma d'un B2B (back-to-back), un di\u00e0leg que enlla\u00e7ar\u00e0 els poemes de Mafe Moscoso amb les imatges de River Claure despr\u00e9s d'una breu introducci\u00f3.","desc_es":"River Claure y Mafe Moscoso iniciaron una conversaci\u00f3n que ten\u00eda como punto de partida una monta\u00f1a y un volc\u00e1n.\r\n\r\nLa sesi\u00f3n tomar\u00e1 la forma de un B2B (back\u2011to\u2011back), un di\u00e1logo que enlazar\u00e1 los poemas de Mafe Moscoso con las im\u00e1genes de River Claure despu\u00e9s de una breve introducci\u00f3n.","desc_en":"River Claure and Mafe Moscoso initiated a conversation whose starting point was a mountain and a volcano. \r\n\r\nThe session will be B2B (back\u2011to\u2011back), a dialogue weaving together Mafe Moscoso's poems with River Claure's images after a brief introduction.","event_category":305,"event_show_only_own_date":false,"_event_confirmed":true,"_event_public":true,"_event_free":false,"_event_price-min":"","_event_price-max":3,"_event_web_ca":"https:\/\/www.fmirobcn.org\/ca\/activitats\/sol-pols-espant-ritme\/4\/instruccions-i-possibilitats-per-espantar-una-muntanya","_event_web_es":"https:\/\/www.fmirobcn.org\/es\/actividades\/suelo-polvo-espanto-ritmo\/4\/instrucciones-y-posibilidades-para-asustar-a-una-montana","_event_web_en":"https:\/\/www.fmirobcn.org\/en\/activities\/soil-dust-fear-rhythm\/4\/instructions-and-possibilities-to-scare-a-mountain","event_contact_email":"","event_apply_email":"https:\/\/reserves.fmirobcn.org\/muslinkIV\/index.jsp?nom_cache=MIRO&amp;property=MIRO&amp;codiActiv=804&amp;lang=3&amp;_gl=1*nymvhu*_gcl_aw*R0NMLjE3NjgzMDQyNzAuQ2p3S0NBaUE5NWZMQmhCUEVpd0FUWFVzeFBIQ3BhR192R0RRQjZnR25iUTlaaFJEN2hGaXpENzFzZ3R1REVtSWp0eDBwblpMeGRmdzRob0N1M01RQXZEX0J3RQ..*_gcl_au*MTU0NTM4NjY1Ny4xNzY3ODcxMjY4*_ga*ODMyOTI2MDI5LjE3NzI2MjYyMDY.*_ga_28935BRSPV*czE3NzU2NDQzMDgkbzUxJGcxJHQxNzc1NjQ2MjY5JGo3JGwwJGg2MTUxODIzNDQ.","is_online_event":false,"is_art_nou_event":false,"is_bgw_event":false,"date_text":"","register_deadline":null,"altres_organitzadors":""},"abe_event_venue":"Fundaci\u00f3 Joan Mir\u00f3","abe_event_category":"Xerrada","start":"2026-04-11 11:00:00","end":"2026-04-11 14:00:00","schedule":"once","schedule_meta":"","frequency":1,"all_day":0,"until":"2026-04-11 11:00:00","include":[],"exclude":[],"_links":{"self":[{"href":"https:\/\/graf.cat\/es\/wp-json\/wp\/v2\/events\/56193","targetHints":{"allow":["GET"]}}],"collection":[{"href":"https:\/\/graf.cat\/es\/wp-json\/wp\/v2\/events"}],"about":[{"href":"https:\/\/graf.cat\/es\/wp-json\/wp\/v2\/types\/event"}],"author":[{"embeddable":true,"href":"https:\/\/graf.cat\/es\/wp-json\/wp\/v2\/users\/13"}],"occurrences":[{"embeddable":true,"href":"https:\/\/graf.cat\/es\/wp-json\/wp\/v2\/events\/56193\/occurrences"}],"acf:term":[{"embeddable":true,"taxonomy":"event-category","href":"https:\/\/graf.cat\/es\/wp-json\/wp\/v2\/event-category\/305"}],"wp:featuredmedia":[{"embeddable":true,"href":"https:\/\/graf.cat\/es\/wp-json\/wp\/v2\/media\/55877"}],"wp:attachment":[{"href":"https:\/\/graf.cat\/es\/wp-json\/wp\/v2\/media?parent=56193"}],"wp:term":[{"taxonomy":"event-venue","embeddable":true,"href":"https:\/\/graf.cat\/es\/wp-json\/wp\/v2\/event-venues?post=56193"},{"taxonomy":"event-tag","embeddable":true,"href":"https:\/\/graf.cat\/es\/wp-json\/wp\/v2\/event-tags?post=56193"}],"curies":[{"name":"wp","href":"https:\/\/api.w.org\/{rel}","templated":true}]}}