{"id":56761,"guid":{"rendered":"https:\/\/graf.cat\/?post_type=event&#038;p=56761"},"modified":"2026-04-28T14:59:13","modified_gmt":"2026-04-28T12:59:13","slug":"cineclub-10","status":"publish","type":"event","link":"https:\/\/graf.cat\/es\/events\/event\/cineclub-10\/","title":{"rendered":"cineclub"},"content":{"rendered":"","protected":false},"excerpt":{"rendered":"","protected":false},"author":65,"featured_media":56762,"template":"","meta":{"_acf_changed":false,"_monsterinsights_skip_tracking":false,"_monsterinsights_sitenote_active":false,"_monsterinsights_sitenote_note":"","_monsterinsights_sitenote_category":0},"event-venues":[304],"event-tags":[],"class_list":["post-56761","event","type-event","status-publish","has-post-thumbnail","hentry","event-venue-la-escocesa","event-category-screening"],"acf":{"title_ca":"cineclub","title_es":"cineclub","title_en":"cineclub","desc_ca":"<div>\r\n<div>El cineclub \u00e9s una trobada on mensualment presentarem una cuidada selecci\u00f3 de pel\u00b7l\u00edcules. Cada sessi\u00f3 inclour\u00e0 la projecci\u00f3 i un pica-pica vegetari\u00e0 preparat per uni artista invitadi, inspirada en l'obra projectada.\r\n\r\nEn aquesta\u00a0sessi\u00f3\u00a0veurem el film <em>Heaven is a closed nightclub<\/em> de Koba G\u00f3mez.<\/div>\r\n<div><\/div>\r\n<div><\/div>\r\n<div>\r\n<h5><strong>Dimecres 20\u00a0de maig<\/strong><\/h5>\r\n<strong>20h<\/strong>\r\n\r\n<strong><em>Heaven is a closed nightclub<\/em><\/strong>\u00a0de Koba G\u00f3mez | 73\u00a0minuts | 2024\r\n\r\nBenidorm, comunisme i lluita mediambiental. Koba obre, a trav\u00e9s de l'arxiu fotogr\u00e0fic de la seva fam\u00edlia, un imaginari de resist\u00e8ncia\u00a0pol\u00edtica en una de les ciutats m\u00e9s tur\u00edstiques d'Espanya. Arran d'unes fotografies de l'incendi de Terra M\u00edtica, es desencadena una cerca de mem\u00f2ria que tra\u00e7a un di\u00e0leg entre el territori i les petjades de l'especulaci\u00f3.\r\n\r\n&nbsp;\r\n\r\n<strong>21:30h<\/strong>\r\n\r\nPica-pica a c\u00e0rrec de\u00a0Elena Maravillas.\r\n\r\n&nbsp;\r\n<h4><strong>bios<\/strong><\/h4>\r\n<strong>Koba G\u00f3mez <\/strong>(ell, elli) nascudi\u00a0a Benidorm al\u00a01998. Despr\u00e9s de graduar-se en Art a\u00a0la EHU de Bilbao, estudia el m\u00e0ster d'Estudis de Cinema i Cultures Visuals en la Escac. Investiga, a trav\u00e9s d'una pr\u00e0ctica audiovisual intr\u00ednsecament queer, q\u00fcestions com la mem\u00f2ria, les formes de pres\u00e8ncia del cos que subjecta una cambra i la dissociaci\u00f3 entre el so-imatge. Forma part de l'arxiu d'Hamaca amb el seu primer curtmetratge <em>Lesboterrorismo<\/em> (2022), projectant al Museu Artium, a\u00a0la Cineteca de Madrid i al Festival Mostra Invertida. El seu primer llargmetratge, <em>Heaven is a closed nightclub<\/em> (2024), ha estat estrenat al festival de Saragossa Ecozine i al FIC Gibara a nivell internacional.\r\n\r\n<strong><a href=\"https:\/\/laescocesa.org\/es\/view\/elenamaravillas\/3807\" target=\"_blank\" rel=\"noopener\">Elena Maravillas<\/a><\/strong>\u00a0\u00e9s una artista multidisciplinari. Li interessa investigar com ens relacionem i habitem el m\u00f3n, l'ecologia, les cures i la comunicaci\u00f3 interespecie. Els seus modes d'abordar aquestes q\u00fcestions inclouen el cinema, la performance, la cr\u00edtica liter\u00e0ria, l'art t\u00e8xtil o l'acompanyament de processos comunitaris.\r\n\r\n&nbsp;\r\n\r\n<hr \/>\r\n\r\nActividad coordinada per <a href=\"https:\/\/laescocesa.org\/ca\/view\/catarinabotelho\/3141\">Catarina Botelho<\/a>, <a href=\"https:\/\/laescocesa.org\/ca\/view\/CarlosVasquezMendez\/3132\">Carlos V\u00e1squez<\/a>, <a href=\"https:\/\/laescocesa.org\/ca\/view\/MarlaJacarilla\/3154\">Marla Jacarilla<\/a>,\u00a0<a href=\"https:\/\/laescocesa.org\/ca\/view\/ValentinaAlvaradoMatos\/3140\">Valentina Alvarado Matos<\/a>\u00a0y\u00a0<a href=\"https:\/\/laescocesa.org\/ca\/view\/elenamaravillas\/3807\" target=\"_blank\" rel=\"noopener\">Elena Maravillas<\/a>.\r\n\r\n&nbsp;\r\n\r\n<hr \/>\r\n\r\nSi tens alguna necessitat o pregunta en relaci\u00f3 a l'accessibilitat d'aquesta activitat, visita la nostra p\u00e0gina d\"acc\u00e9s a La Escocesa\" <a href=\"https:\/\/laescocesa.org\/ca\/La%20Escocesa\/accessibilitat\">fent clic aqui<\/a>\r\n\r\n<\/div>\r\n<\/div>","desc_es":"El cineclub es un encuentro donde mensualmente presentaremos una cuidada selecci\u00f3n de pel\u00edculas. Cada sesi\u00f3n incluir\u00e1 la proyecci\u00f3n\u00a0y un\u00a0pica-pica vegetariano preparado\u00a0por una artista invitade, inspirada en la obra proyectada.\r\n\r\nEn la sesi\u00f3n de veremos el film\u00a0<em>Heaven is a closed nightclub<\/em>\u00a0de Koba G\u00f3mez.\r\n\r\n&nbsp;\r\n<h5><strong>Mi\u00e9rcoles 20\u00a0de mayo<\/strong><\/h5>\r\n<strong>20h<\/strong>\r\n\r\n<strong><em>Heaven is a closed nightclub<\/em><\/strong>\u00a0de Koba G\u00f3mez | 73\u00a0minutos | 2024\r\n\r\nBenidorm, comunismo y lucha medioambiental. Koba abre, a trav\u00e9s del archivo fotogr\u00e1fico de su familia, un imaginario de resistencia\u00a0pol\u00edtica en una de las ciudades m\u00e1s tur\u00edsticas de Espa\u00f1a. A ra\u00edz de unas fotograf\u00edas del incendio de Terra M\u00edtica, se desencadena una b\u00fasqueda de memoria que traza un di\u00e1logo entre el territorio y las huellas de la especulaci\u00f3n.\r\n\r\n&nbsp;\r\n\r\n<strong>21:30h<\/strong>\r\n\r\nPica-pica a cargo de\u00a0Elena Maravillas.\r\n\r\n&nbsp;\r\n<h4><strong>bios<\/strong><\/h4>\r\n<strong>Koba G\u00f3mez<\/strong> (\u00e9l, elle) nace en Benidorm en 1998. Tras graduarse en Arte en la EHU de Bilbao, estudia el m\u00e1ster de Estudios de Cine y Culturas Visuales en la Escac. Investiga, a trav\u00e9s de una pr\u00e1ctica audiovisual intr\u00ednsecamente queer, cuestiones como la memoria, las formas de presencia del cuerpo que sujeta una c\u00e1mara y la disociaci\u00f3n entre el sonido-imagen. Forma parte del archivo de Hamaca con su primer cortometraje <em>Lesboterrorismo<\/em> (2022), proyectando en el Museo Artium, en la Cineteca de Madrid y en el Festival Mostra Invertida. Su primer largometraje, <em>Heaven is a closed nightclub<\/em> (2024), ha sido estrenado en el festival de Zaragoza Ecozine y en FIC Gibara a nivel internacional.\r\n\r\n<strong><a href=\"https:\/\/laescocesa.org\/es\/view\/elenamaravillas\/3807\" target=\"_blank\" rel=\"noopener\">Elena Maravillas<\/a><\/strong>\u00a0es artista multidisciplinar. Le interesa investigar c\u00f3mo nos relacionamos y habitamos el mundo, la ecolog\u00eda, los cuidados y la comunicaci\u00f3n interespecie. Sus modos de abordar estas cuestiones incluyen el cine, la performance, la cr\u00edtica literaria, el arte textil o el acompa\u00f1amiento de procesos comunitarios.\r\n\r\n&nbsp;\r\n\r\n<hr \/>\r\n\r\nActividad coordinada por <a href=\"https:\/\/laescocesa.org\/es\/view\/catarinabotelho\/3141\">Catarina Botelho<\/a>, <a href=\"https:\/\/laescocesa.org\/es\/view\/CarlosVasquezMendez\/3132\">Carlos V\u00e1squez<\/a>, <a href=\"https:\/\/laescocesa.org\/es\/view\/MarlaJacarilla\/3154\">Marla Jacarilla<\/a>,\u00a0<a href=\"https:\/\/laescocesa.org\/es\/view\/ValentinaAlvaradoMatos\/3140\">Valentina Alvarado Matos<\/a>\u00a0y\u00a0<a href=\"https:\/\/laescocesa.org\/ca\/view\/elenamaravillas\/3807\" target=\"_blank\" rel=\"noopener\">Elena Maravillas<\/a>.\r\n\r\n&nbsp;\r\n\r\n<hr \/>\r\n\r\nSi tienes alguna necesidad o pregunta en relaci\u00f3n a la accesibilidad de esta actividad, visita nuestra p\u00e1gina d\"acceso a La Escocesa\" haciendo clic <a href=\"https:\/\/laescocesa.org\/es\/La%20Escocesa\/accesibilidad\">aqui<\/a>","desc_en":"The film club is a monthly gathering where we will present a carefully curated selection of films. Each session will include a screening and vegetarian snacks prepared by a guest artist, inspired by the film being shown.\r\n\r\nIn this session, we will watch the film <em>Heaven is a Closed Nightclub<\/em>\u00a0by Koba G\u00f3mez.\r\n\r\n&nbsp;\r\n<h5><strong>Wednesday, May 20<\/strong><\/h5>\r\n<strong>20h<\/strong>\r\n\r\n<strong><em>Heaven is a closed nightclub<\/em><\/strong>\u00a0by\u00a0Koba G\u00f3mez | 73\u00a0min\u00a0| 2024\r\n\r\nBenidorm, communism, and the environmental struggle. Through his family\u2019s photographic archive, Koba unveils a vision of political resistance in one of Spain\u2019s most popular tourist destinations. Inspired by photographs of the Terra M\u00edtica fire, a quest for memory unfolds, forging a dialogue between the landscape and the traces of real estate speculation.\r\n\r\n&nbsp;\r\n\r\n<strong>21:30h<\/strong>\r\n\r\nSnacks &amp; drinks by Elena Maravillas.\r\n\r\n&nbsp;\r\n<h4><strong>bios<\/strong><\/h4>\r\n<strong>Koba G\u00f3mez <\/strong>(he\/she) was born in Benidorm in 1998. After earning a degree in Art from the University of the Basque Country (EHU) in Bilbao, they pursued a master\u2019s degree in Film and Visual Culture Studies at ESCAC. Through an intrinsically queer audiovisual practice, they explore issues such as memory, the ways in which the body holding a camera is present, and the dissociation between sound and image. They are part of the Hamaca archive with their first short film, <em>Lesboterrorismo<\/em>\u00a0(2022), which has screened at the Artium Museum, the Cineteca de Madrid, and the Mostra Invertida Festival. Their first feature film, <em>Heaven is a closed nightclub\u00a0<\/em>(2024), premiered at the Ecozine Festival in Zaragoza and internationally at FIC Gibara.\r\n\r\n<strong><a href=\"https:\/\/laescocesa.org\/es\/view\/elenamaravillas\/3807\" target=\"_blank\" rel=\"noopener\">Elena Maravillas<\/a><\/strong>\u00a0is a multidisciplinary artist. She is interested in how we relate to and inhabit the world, in ecology, care and interspecies communication.\r\n\r\n&nbsp;\r\n\r\n<hr \/>\r\n\r\nActivity coordinated by <a href=\"https:\/\/laescocesa.org\/en\/view\/catarinabotelho\/3141\">Catarina Botelho<\/a>, <a href=\"https:\/\/laescocesa.org\/en\/view\/CarlosVasquezMendez\/3132\">Carlos V\u00e1squez<\/a>, <a href=\"https:\/\/laescocesa.org\/en\/view\/MarlaJacarilla\/3154\">Marla Jacarilla<\/a>,\u00a0<a href=\"https:\/\/laescocesa.org\/en\/view\/ValentinaAlvaradoMatos\/3140\">Valentina Alvarado Matos<\/a> and <a href=\"https:\/\/laescocesa.org\/ca\/view\/elenamaravillas\/3807\" target=\"_blank\" rel=\"noopener\">Elena Maravillas<\/a>.\r\n\r\n&nbsp;\r\n\r\n<hr \/>\r\n\r\nIf you have any needs or questions regarding the accessibility of this activity, please visit our page on \"access to La Escocesa\" by clicking <a href=\"https:\/\/laescocesa.org\/en\/La%20Escocesa\/accessibility\">here<\/a>.","event_category":219,"event_show_only_own_date":true,"_event_confirmed":true,"_event_public":true,"_event_free":true,"_event_price-min":"","_event_price-max":"","_event_web_ca":"https:\/\/laescocesa.org\/ca\/view\/cineclub\/3990","_event_web_es":"https:\/\/laescocesa.org\/es\/view\/cineclub\/3990","_event_web_en":"https:\/\/laescocesa.org\/en\/view\/cineclub\/3990","event_contact_email":"embresu@gmail.com","event_apply_email":"embresu@gmail.com","is_online_event":false,"is_art_nou_event":false,"is_bgw_event":false,"date_text":"","register_deadline":null,"altres_organitzadors":""},"abe_event_venue":"La Escocesa","abe_event_category":"Screening","start":"2026-05-20 19:30:00","end":"2026-05-20 23:00:00","schedule":"once","schedule_meta":"","frequency":1,"all_day":0,"until":"2026-05-20 19:30:00","include":[],"exclude":[],"_links":{"self":[{"href":"https:\/\/graf.cat\/es\/wp-json\/wp\/v2\/events\/56761","targetHints":{"allow":["GET"]}}],"collection":[{"href":"https:\/\/graf.cat\/es\/wp-json\/wp\/v2\/events"}],"about":[{"href":"https:\/\/graf.cat\/es\/wp-json\/wp\/v2\/types\/event"}],"author":[{"embeddable":true,"href":"https:\/\/graf.cat\/es\/wp-json\/wp\/v2\/users\/65"}],"occurrences":[{"embeddable":true,"href":"https:\/\/graf.cat\/es\/wp-json\/wp\/v2\/events\/56761\/occurrences"}],"acf:term":[{"embeddable":true,"taxonomy":"event-category","href":"https:\/\/graf.cat\/es\/wp-json\/wp\/v2\/event-category\/219"}],"wp:featuredmedia":[{"embeddable":true,"href":"https:\/\/graf.cat\/es\/wp-json\/wp\/v2\/media\/56762"}],"wp:attachment":[{"href":"https:\/\/graf.cat\/es\/wp-json\/wp\/v2\/media?parent=56761"}],"wp:term":[{"taxonomy":"event-venue","embeddable":true,"href":"https:\/\/graf.cat\/es\/wp-json\/wp\/v2\/event-venues?post=56761"},{"taxonomy":"event-tag","embeddable":true,"href":"https:\/\/graf.cat\/es\/wp-json\/wp\/v2\/event-tags?post=56761"}],"curies":[{"name":"wp","href":"https:\/\/api.w.org\/{rel}","templated":true}]}}