{"id":59596,"guid":{"rendered":"https:\/\/graf.cat\/?post_type=event&#038;p=59596"},"modified":"2026-09-01T09:01:02","modified_gmt":"2026-09-01T07:01:02","slug":"desacuerdos-sobre-arte-politicas-y-esfera-publica-en-el-estado-espanol-entrevista-de-jesus-carrillo-a-manel-clot","status":"publish","type":"event","link":"https:\/\/graf.cat\/es\/events\/event\/desacuerdos-sobre-arte-politicas-y-esfera-publica-en-el-estado-espanol-entrevista-de-jesus-carrillo-a-manel-clot\/","title":{"rendered":"Desacuerdos: Sobre arte, pol\u00edticas y esfera p\u00fablica en el Estado espa\u00f1ol. Entrevista de Jes\u00fas Carrillo a Manel Clot"},"content":{"rendered":"","protected":false},"excerpt":{"rendered":"","protected":false},"author":102,"featured_media":59597,"template":"","meta":{"_acf_changed":false,"_monsterinsights_skip_tracking":false},"event-venues":[939],"event-tags":[],"class_list":["post-59596","event","type-event","status-publish","has-post-thumbnail","hentry","event-venue-biblioteca-carles-rahola","event-category-screening"],"acf":{"title_ca":"Desacuerdos: Sobre arte, pol\u00edticas y esfera p\u00fablica en el Estado espa\u00f1ol. Entrevista de Jes\u00fas Carrillo a Manel Clot","title_es":"Desacuerdos: Sobre arte, pol\u00edticas y esfera p\u00fablica en el Estado espa\u00f1ol. Entrevista de Jes\u00fas Carrillo a Manel Clot","title_en":"Desacuerdos: On Art, Politics and the Public Sphere in the Spanish State. Interview by Jes\u00fas Carrillo with Manel Clot. MACBA Collection. Study and Documentation Centre","desc_ca":"Col\u00b7lecci\u00f3 MACBA. Centre d'Estudis i Documentaci\u00f3\r\n\r\nBiblioteca Carles Rahola - Del 16 d\u2019octubre al 30 de novembre de 2026\r\nCarrer Emili Grahit 4C, Girona\r\nDe dilluns a divendres de 10 a 20 h\r\nDissabte de 10 a 14 h\r\nDiumenge, tancat\r\n\r\nL\u2019any 2003 es va articular un projecte d\u2019investigaci\u00f3 col\u00b7lectiva impulsat per diverses institucions culturals espanyoles. Amb el nom de Desacuerdos. Sobre arte, pol\u00edticas y esfera p\u00fablica en el Estado espa\u00f1ol, va donar lloc a exposicions, publicacions, debats p\u00fablics i trobades. Impulsat pel MACBA de Barcelona, Arteleku de Donostia i la Universidad Internacional de Andaluc\u00eda, es proposava rastrejar les pr\u00e0ctiques, models i contramodels culturals que s\u2019havien produ\u00eft durant els anys de la Transici\u00f3 espanyola i que no responien a les estructures i din\u00e0miques dominants. En aquest context, el 12 de mar\u00e7 de 2004 un dels impulsors i coordinadors del projecte, Jes\u00fas Carrillo, va entrevistar el cr\u00edtic i te\u00f2ric de l\u2019art Manel Clot, excel\u00b7lent coneixedor de l\u2019escena art\u00edstica espanyola des dels anys vuitanta. Realitzada a Barcelona, l\u2019entrevista forma part del material de recerca documental del projecte.\r\n\r\n'Un museu fora del museu' proposa treure obres de la Col\u00b7lecci\u00f3 i de l'Arxiu del MACBA fora del museu per tal de presentar-les en llocs d'interacci\u00f3 social i buscar relacions diferents i de proximitat, en col\u00b7laboraci\u00f3 amb la xarxa SPEAV (Sistema P\u00fablic d'Equipaments d'Arts Visuals de Catalunya) com a part de la celebraci\u00f3 dels 30 anys del museu.\r\n\r\n'Un museu fora del museu' planteja la idea d'un museu m\u00faltiple que es dibuixa entorn d'una comunitat de veus. \"El\" museu passa a ser \"un\" museu que vol potenciar el di\u00e0leg i la interacci\u00f3 amb l'objectiu de suscitar mirades m\u00e9s enll\u00e0 de les habituals. Es tracta d' oferir dist\u00e0ncies curtes per a l'art i contextos singulars per a les obres, en un \u00e0mbit d'actuaci\u00f3 que compr\u00e8n tot el territori.\r\n\r\nUn projecte comissariat per Mart\u00ed Manen.","desc_es":"Biblioteca Carles Rahola \u2013 Del 16 de octubre al 30 de noviembre de 2026\r\nCarrer Emili Grahit 4C, Girona\r\nDe lunes a viernes de 10 a 20 h\r\nS\u00e1bado de 10 a 14 h\r\nDomingo, cerrado\r\n\r\nEn 2003 se articul\u00f3 un proyecto de investigaci\u00f3n colectiva impulsado por diversas instituciones culturales espa\u00f1olas. Con el nombre de Desacuerdos. Sobre arte, pol\u00edticas y esfera p\u00fablica en el Estado espa\u00f1ol, dio lugar a exposiciones, publicaciones, debates p\u00fablicos y encuentros. Impulsado por el MACBA de Barcelona, Arteleku de Donostia y la Universidad Internacional de Andaluc\u00eda, se propon\u00eda rastrear las pr\u00e1cticas, modelos y contramodelos culturales que se hab\u00edan producido durante los a\u00f1os de la Transici\u00f3n espa\u00f1ola y que no respond\u00edan a las estructuras y din\u00e1micas dominantes. En este contexto, el 12 de marzo de 2004, uno de los impulsores y coordinadores del proyecto, Jes\u00fas Carrillo, entrevist\u00f3 al cr\u00edtico y te\u00f3rico del arte Manel Clot, excelente conocedor de la escena art\u00edstica espa\u00f1ola desde los a\u00f1os ochenta. Realizada en Barcelona, la entrevista forma parte del material de investigaci\u00f3n documental del proyecto.\r\n\r\nUn museu fora del museu propone sacar obras de la Colecci\u00f3n y del Archivo del MACBA fuera del museo para presentarlas en lugares de interacci\u00f3n social y buscar relaciones diferentes y de proximidad, en colaboraci\u00f3n con la red SPEAV (Sistema P\u00fablic d'Equipaments d'Arts Visuals de Catalunya), como parte de la celebraci\u00f3n de los 30 a\u00f1os del museo.\r\n\r\nUn museu fora del museu plantea la idea de un museo m\u00faltiple que se dibuja en torno a una comunidad de voces. \u00abEl\u00bb museo pasa a ser \u00abun\u00bb museo que quiere potenciar el di\u00e1logo y la interacci\u00f3n con el objetivo de suscitar miradas m\u00e1s all\u00e1 de las habituales. Se trata de ofrecer distancias cortas para el arte y contextos singulares para las obras, en un \u00e1mbito de actuaci\u00f3n que comprende todo el territorio.\r\n\r\nUn proyecto comisariado por Mart\u00ed Manen.","desc_en":"Biblioteca Carles Rahola \u2013 From 16 October to 30 November 2026\r\nCarrer Emili Grahit 4C, Girona\r\nMonday to Friday, 10 am to 8 pm\r\nSaturday, 10 am to 2 pm\r\nSunday, closed\r\n\r\nIn 2003, a collective research project was developed with the support of several Spanish cultural institutions. Entitled Desacuerdos. On Art, Politics and the Public Sphere in the Spanish State, it gave rise to exhibitions, publications, public debates and meetings. Initiated by MACBA in Barcelona, Arteleku in Donostia and the International University of Andalusia, the project sought to trace the cultural practices, models and counter-models that had emerged during the years of the Spanish Transition and that did not conform to dominant structures and dynamics. In this context, on 12 March 2004, Jes\u00fas Carrillo, one of the project's initiators and coordinators, interviewed art critic and theorist Manel Clot, a leading authority on the Spanish art scene since the 1980s. Conducted in Barcelona, the interview forms part of the project's documentary research materials.\r\n\r\nUn museu fora del museu proposes taking works from the MACBA Collection and Archive outside the museum in order to present them in places of social interaction and seek different, closer forms of engagement, in collaboration with the SPEAV network (Public System of Visual Arts Facilities of Catalonia), as part of the celebration of the museum's 30th anniversary.\r\n\r\nUn museu fora del museu puts forward the idea of a multiple museum shaped around a community of voices. \u201cThe\u201d museum becomes \u201ca\u201d museum that seeks to foster dialogue and interaction, with the aim of encouraging perspectives beyond the usual ones. The project offers close encounters with art and distinctive contexts for the works, within a field of action that encompasses the entire territory.\r\n\r\nA project curated by Mart\u00ed Manen.","event_category":219,"event_show_only_own_date":true,"_event_confirmed":true,"_event_public":true,"_event_free":true,"_event_price-min":"","_event_price-max":"","_event_web_ca":"https:\/\/web.girona.cat\/bolit","_event_web_es":"","_event_web_en":"","event_contact_email":"bolit@ajgirona.cat","event_apply_email":"bolit@ajgirona.cat","is_online_event":false,"is_art_nou_event":false,"is_bgw_event":false,"date_text":"","register_deadline":null,"altres_organitzadors":""},"abe_event_venue":"Biblioteca Carles Rahola","abe_event_category":"Screening","start":"2026-10-16 10:00:00","end":"2026-11-30 20:00:00","schedule":"once","schedule_meta":"","frequency":1,"all_day":0,"until":"2026-10-16 10:00:00","include":[],"exclude":[],"_links":{"self":[{"href":"https:\/\/graf.cat\/es\/wp-json\/wp\/v2\/events\/59596","targetHints":{"allow":["GET"]}}],"collection":[{"href":"https:\/\/graf.cat\/es\/wp-json\/wp\/v2\/events"}],"about":[{"href":"https:\/\/graf.cat\/es\/wp-json\/wp\/v2\/types\/event"}],"author":[{"embeddable":true,"href":"https:\/\/graf.cat\/es\/wp-json\/wp\/v2\/users\/102"}],"occurrences":[{"embeddable":true,"href":"https:\/\/graf.cat\/es\/wp-json\/wp\/v2\/events\/59596\/occurrences"}],"acf:term":[{"embeddable":true,"taxonomy":"event-category","href":"https:\/\/graf.cat\/es\/wp-json\/wp\/v2\/event-category\/219"}],"wp:featuredmedia":[{"embeddable":true,"href":"https:\/\/graf.cat\/es\/wp-json\/wp\/v2\/media\/59597"}],"wp:attachment":[{"href":"https:\/\/graf.cat\/es\/wp-json\/wp\/v2\/media?parent=59596"}],"wp:term":[{"taxonomy":"event-venue","embeddable":true,"href":"https:\/\/graf.cat\/es\/wp-json\/wp\/v2\/event-venues?post=59596"},{"taxonomy":"event-tag","embeddable":true,"href":"https:\/\/graf.cat\/es\/wp-json\/wp\/v2\/event-tags?post=59596"}],"curies":[{"name":"wp","href":"https:\/\/api.w.org\/{rel}","templated":true}]}}